{"id":41009,"date":"2017-08-10T14:13:19","date_gmt":"2017-08-10T14:13:19","guid":{"rendered":"http:\/\/themes.evollethemes.com\/evonews-default\/?page_id=409"},"modified":"2025-04-06T02:12:19","modified_gmt":"2025-04-06T05:12:19","slug":"home","status":"publish","type":"page","link":"https:\/\/diarioregionaldigital.com.br\/","title":{"rendered":"Di\u00e1rio regional, seu portal de not\u00edcias"},"content":{"rendered":"<p>[vc_row content_placement=&#8221;middle&#8221; css=&#8221;.vc_custom_1515532432508{margin-top: 35px !important;}&#8221;][vc_column][vc_raw_html]JTNDZGl2JTIwY2xhc3MlM0QlMjJhZC1iYW5uZXIlMjIlMjBzdHlsZSUzRCUyMnRleHQtYWxpZ24lM0FjZW50ZXIlM0JkaXNwbGF5JTNBYmxvY2slMjIlM0UlMEElNUJhZHJvdGF0ZSUyMGdyb3VwJTNEJTIyMSUyMiU1RCUwQSUzQyUyRmRpdiUzRQ==[\/vc_raw_html][\/vc_column][\/vc_row][vc_row full_width=&#8221;stretch_row_content_no_spaces&#8221; css=&#8221;.vc_custom_1502980011749{margin-top: 20px !important;}&#8221;][vc_column]\n\t\t<div class=\"evo-module evo-module-brnews evo-brnews-a evo-light-brnews\">\n\t\t\t<div class=\"container\">\n\t\t\t<div class=\"evo-module-inner\">\n\t\t\t\t\t\t<div class=\"evo-br-news-title\">\u00daLTIMA HORA:<\/div>\n\t\t\t\t\t\n\t\t\t\t<div class=\"evo-br-news-slider\">\n\t\t\t\t\t<ul class=\"evo-slider\" \n\t\t\t\t\tdata-item=\"1\" \n\t\t\t\t\tdata-slidetoitem=\"1\" \n\t\t\t\t\tdata-speed=\"1000\" \n\t\t\t\t\tdata-autoplay=\"true\" \n\t\t\t\t\tdata-autospeed=\"2000\" \n\t\t\t\t\tdata-arrows=\"true\" \n\t\t\t\t\tdata-dots=\"false\" \n\t\t\t\t\tdata-vertical=\"false\" \n\t\t\t\t\tdata-rtl=\"false\"\n\t\t\t\t\tdata-evofade=\"true\">\n\t\t\t\t\t\t<li class=\"evo-post\">\n\t\t\t\t\t\t\t<div class=\"evo-post-body\">\n\t\t\t\t\t<h3 class=\"evo-entry-title\">\n\t\t\t\t\t\t<a href=\"https:\/\/diarioregionaldigital.com.br\/?p=232954\" title=\"Fiscaliza\u00e7\u00e3o realiza doa\u00e7\u00e3o de 1.151 pares de \u00f3culos para Associa\u00e7\u00e3o dos Cegos de Juiz de Fora\">Fiscaliza\u00e7\u00e3o realiza doa\u00e7\u00e3o de 1.151 pares de \u00f3culos para Associa\u00e7\u00e3o dos Cegos de Juiz de Fora<\/a>\n\t\t\t\t\t<\/h3>\n\t\t\t\t\n\t\t\t\t\t\t\t\t<div class=\"evo-post-meta\">\n\t\t\t\t\t\t\t\t<\/div><!-- evo-post-meta -->\n\t\t\t\t\t\t\t<\/div><!-- evo-post-body -->\n\t\t\t\t\t\t<\/li>\n\t\t\t\t\t\t<li class=\"evo-post\">\n\t\t\t\t\t\t\t<div class=\"evo-post-body\">\n\t\t\t\t\t<h3 class=\"evo-entry-title\">\n\t\t\t\t\t\t<a href=\"https:\/\/diarioregionaldigital.com.br\/?p=232951\" title=\"Benefici\u00e1rios do Bolsa Fam\u00edlia em Juiz de Fora receber\u00e3o pagamento antecipado nesta quinta-feira, 16\">Benefici\u00e1rios do Bolsa Fam\u00edlia em Juiz de Fora receber\u00e3o pagamento antecipado nesta quinta-feira, 16<\/a>\n\t\t\t\t\t<\/h3>\n\t\t\t\t\n\t\t\t\t\t\t\t\t<div class=\"evo-post-meta\">\n\t\t\t\t\t\t\t\t<\/div><!-- evo-post-meta -->\n\t\t\t\t\t\t\t<\/div><!-- evo-post-body -->\n\t\t\t\t\t\t<\/li>\n\t\t\t\t\t\t<li class=\"evo-post\">\n\t\t\t\t\t\t\t<div class=\"evo-post-body\">\n\t\t\t\t\t<h3 class=\"evo-entry-title\">\n\t\t\t\t\t\t<a href=\"https:\/\/diarioregionaldigital.com.br\/?p=232948\" title=\"Governo de Minas entrega t\u00edtulos de regulariza\u00e7\u00e3o de propriedade rural a 140 fam\u00edlias em Serra Azul de Minas\">Governo de Minas entrega t\u00edtulos de regulariza\u00e7\u00e3o de propriedade rural a 140 fam\u00edlias em Serra Azul de Minas<\/a>\n\t\t\t\t\t<\/h3>\n\t\t\t\t\n\t\t\t\t\t\t\t\t<div class=\"evo-post-meta\">\n\t\t\t\t\t\t\t\t<\/div><!-- evo-post-meta -->\n\t\t\t\t\t\t\t<\/div><!-- evo-post-body -->\n\t\t\t\t\t\t<\/li>\n\t\t\t\t\t\t<li class=\"evo-post\">\n\t\t\t\t\t\t\t<div class=\"evo-post-body\">\n\t\t\t\t\t<h3 class=\"evo-entry-title\">\n\t\t\t\t\t\t<a href=\"https:\/\/diarioregionaldigital.com.br\/?p=232945\" title=\"Governo de Minas paga R$ 103 milh\u00f5es do Propag \u00e0 Uni\u00e3o\">Governo de Minas paga R$ 103 milh\u00f5es do Propag \u00e0 Uni\u00e3o<\/a>\n\t\t\t\t\t<\/h3>\n\t\t\t\t\n\t\t\t\t\t\t\t\t<div class=\"evo-post-meta\">\n\t\t\t\t\t\t\t\t<\/div><!-- evo-post-meta -->\n\t\t\t\t\t\t\t<\/div><!-- evo-post-body -->\n\t\t\t\t\t\t<\/li>\n\t\t\t\t\t\t<li class=\"evo-post\">\n\t\t\t\t\t\t\t<div class=\"evo-post-body\">\n\t\t\t\t\t<h3 class=\"evo-entry-title\">\n\t\t\t\t\t\t<a href=\"https:\/\/diarioregionaldigital.com.br\/?p=232942\" title=\"\u201cAgora Tem Especialistas\u201d: 1.788 procedimentos realizados e fim da fila por tomografia em Juiz de Fora\">\u201cAgora Tem Especialistas\u201d: 1.788 procedimentos realizados e fim da fila por tomografia em Juiz de Fora<\/a>\n\t\t\t\t\t<\/h3>\n\t\t\t\t\n\t\t\t\t\t\t\t\t<div class=\"evo-post-meta\">\n\t\t\t\t\t\t\t\t<\/div><!-- evo-post-meta -->\n\t\t\t\t\t\t\t<\/div><!-- evo-post-body -->\n\t\t\t\t\t\t<\/li>\n\t\t\t\t\t\t<li class=\"evo-post\">\n\t\t\t\t\t\t\t<div class=\"evo-post-body\">\n\t\t\t\t\t<h3 class=\"evo-entry-title\">\n\t\t\t\t\t\t<a href=\"https:\/\/diarioregionaldigital.com.br\/?p=232939\" title=\"Prefeitura retoma itiner\u00e1rio completo da linha 300 \u2013 Campo Alegre \/ Via Granjas Primavera ap\u00f3s novas vistorias\">Prefeitura retoma itiner\u00e1rio completo da linha 300 \u2013 Campo Alegre \/ Via Granjas Primavera ap\u00f3s novas vistorias<\/a>\n\t\t\t\t\t<\/h3>\n\t\t\t\t\n\t\t\t\t\t\t\t\t<div class=\"evo-post-meta\">\n\t\t\t\t\t\t\t\t<\/div><!-- evo-post-meta -->\n\t\t\t\t\t\t\t<\/div><!-- evo-post-body -->\n\t\t\t\t\t\t<\/li>\n\t\t\t\t\t\t<li class=\"evo-post\">\n\t\t\t\t\t\t\t<div class=\"evo-post-body\">\n\t\t\t\t\t<h3 class=\"evo-entry-title\">\n\t\t\t\t\t\t<a href=\"https:\/\/diarioregionaldigital.com.br\/?p=232935\" title=\"Governo de Minas realiza leil\u00e3o para constru\u00e7\u00e3o da ponte entre C\u00e1ssia e Delfin\u00f3polis\">Governo de Minas realiza leil\u00e3o para constru\u00e7\u00e3o da ponte entre C\u00e1ssia e Delfin\u00f3polis<\/a>\n\t\t\t\t\t<\/h3>\n\t\t\t\t\n\t\t\t\t\t\t\t\t<div class=\"evo-post-meta\">\n\t\t\t\t\t\t\t\t<\/div><!-- evo-post-meta -->\n\t\t\t\t\t\t\t<\/div><!-- evo-post-body -->\n\t\t\t\t\t\t<\/li>\n\t\t\t\t\t\t<li class=\"evo-post\">\n\t\t\t\t\t\t\t<div class=\"evo-post-body\">\n\t\t\t\t\t<h3 class=\"evo-entry-title\">\n\t\t\t\t\t\t<a href=\"https:\/\/diarioregionaldigital.com.br\/?p=232932\" title=\"Diamantina \u00e9 a 6\u00aa cidade a receber a Pra\u00e7a de Servi\u00e7os &#8211; Governo Presente com atendimentos gratuitos \u00e0 popula\u00e7\u00e3o; veja datas\">Diamantina \u00e9 a 6\u00aa cidade a receber a Pra\u00e7a de Servi\u00e7os &#8211; Governo Presente com atendimentos gratuitos \u00e0 popula\u00e7\u00e3o; veja datas<\/a>\n\t\t\t\t\t<\/h3>\n\t\t\t\t\n\t\t\t\t\t\t\t\t<div class=\"evo-post-meta\">\n\t\t\t\t\t\t\t\t<\/div><!-- evo-post-meta -->\n\t\t\t\t\t\t\t<\/div><!-- evo-post-body -->\n\t\t\t\t\t\t<\/li>\n\t\t\t\t\t\t<li class=\"evo-post\">\n\t\t\t\t\t\t\t<div class=\"evo-post-body\">\n\t\t\t\t\t<h3 class=\"evo-entry-title\">\n\t\t\t\t\t\t<a href=\"https:\/\/diarioregionaldigital.com.br\/?p=232929\" title=\"PJF aplica mais de 10 mil vacinas contra gripe no dia D, prote\u00e7\u00e3o segue dispon\u00edvel nos servi\u00e7os de sa\u00fade\">PJF aplica mais de 10 mil vacinas contra gripe no dia D, prote\u00e7\u00e3o segue dispon\u00edvel nos servi\u00e7os de sa\u00fade<\/a>\n\t\t\t\t\t<\/h3>\n\t\t\t\t\n\t\t\t\t\t\t\t\t<div class=\"evo-post-meta\">\n\t\t\t\t\t\t\t\t<\/div><!-- evo-post-meta -->\n\t\t\t\t\t\t\t<\/div><!-- evo-post-body -->\n\t\t\t\t\t\t<\/li>\n\t\t\t\t\t\t<li class=\"evo-post\">\n\t\t\t\t\t\t\t<div class=\"evo-post-body\">\n\t\t\t\t\t<h3 class=\"evo-entry-title\">\n\t\t\t\t\t\t<a href=\"https:\/\/diarioregionaldigital.com.br\/?p=232926\" title=\"Ranking de Corridas de Rua: confira os resultados da 9\u00aa Corrida C\u00f4rtes Villela\">Ranking de Corridas de Rua: confira os resultados da 9\u00aa Corrida C\u00f4rtes Villela<\/a>\n\t\t\t\t\t<\/h3>\n\t\t\t\t\n\t\t\t\t\t\t\t\t<div class=\"evo-post-meta\">\n\t\t\t\t\t\t\t\t<\/div><!-- evo-post-meta -->\n\t\t\t\t\t\t\t<\/div><!-- evo-post-body -->\n\t\t\t\t\t\t<\/li>\n\t\t\t\t\t<\/ul><!-- evo-slider -->\n\t\t\t\t<\/div><!-- evo-br-news-slider -->\n\t\t\t<\/div><!-- evo-module-inner -->\n\t\t\t<\/div><!--container end-->\n\t\t<\/div><!--evo-module -->\n\t\t[\/vc_column][\/vc_row][vc_row full_width=&#8221;stretch_row_content_no_spaces&#8221; css=&#8221;.vc_custom_1502963303288{margin-top: 20px !important;}&#8221;][vc_column]\n\t\t\t<div class=\"module-margin-top-off evo-module evo-module-featured evo-featured-n evo-grid-carousel evo-module-light evo-title-default evo-ov-arrow-align evo-arrow-a evo-arrow-small evo-arrow-default evo-overlay-module evo-overlay-bottom evo-gradient-off\">\n\t\t\t\t<div class=\"container\">\n\t\t\t\t\t<div class=\"evo-featured-inner\">\n\t\t\t\t\t\t<ul class=\"evo-slider\" \n\t\t\t\t\t\tdata-item=\"1\" \n\t\t\t\t\t\tdata-slidetoitem=\"1\" \n\t\t\t\t\t\tdata-speed=\"1000\" \n\t\t\t\t\t\tdata-autoplay=\"false\" \n\t\t\t\t\t\tdata-autospeed=\"3000\"  \n\t\t\t\t\t\tdata-arrows=\"false\" \n\t\t\t\t\t\tdata-dots=\"false\" \n\t\t\t\t\t\tdata-vertical=\"false\" \n\t\t\t\t\t\tdata-rtl=\"false\"\n\t\t\t\t\t\tdata-evofade=\"false\">\n\t\t\t\t\t\t\t\t<li>\n\t\t\t\t\t\t\t\t\t<div class=\"evo-grid-item large\">\n\t\t\t\t\t\t\t\t\t\t<article class=\"evo-post evo-post-inside evo-post-overlay\" itemscope=\"itemscope\" itemtype=\"http:\/\/schema.org\/Article\" style=\"background-image: url(https:\/\/diarioregionaldigital.com.br\/wp-content\/uploads\/2026\/04\/IMG_1154-750x440.png);\">\n\t\t\t\t\t\t\t\t\t\t\t<div class=\"evo-overlay-body\">\n\t\t\t\t\t\t\t\t\t\t\t\t<div class=\"evo-overlay-inner\">\n\t\t\t\t\t\t\t\t\t\t\t\t\t<div class=\"evo-post-body\">\n\t\t\t\t\t\t\t\t\t\t\t\t\t\t<div class=\"evo-post-inner\">\n\t\t\t\t\t\t\t\t\t\t\t\t\t\t\t<div class=\"evo-post-meta top\">\n\t\t\t\t\t\t\t\t\t\t\t\t\t\t\t<\/div><!-- evo-post-meta -->\n\t\t\t\t\t<h3 class=\"evo-entry-title\">\n\t\t\t\t\t\t<a href=\"https:\/\/diarioregionaldigital.com.br\/?p=232954\" title=\"Fiscaliza\u00e7\u00e3o realiza doa\u00e7\u00e3o de 1.151 pares de \u00f3culos para Associa\u00e7\u00e3o dos Cegos de Juiz de Fora\">Fiscaliza\u00e7\u00e3o realiza doa\u00e7\u00e3o de 1.151 pares de \u00f3culos para Associa\u00e7\u00e3o dos Cegos de Juiz de Fora<\/a>\n\t\t\t\t\t<\/h3>\n\t\t\t\t\n\t\t\t\t\t\t\t\t\t\t\t\t\t\t\t<div class=\"evo-post-meta center\">\n\t\t\t\t\t\t\t\t\t\t\t\t\t\t\t<\/div><!-- evo-post-meta -->\n\t\t\t\t\t\t\t\t\t\t\t\t\t\t<\/div><!-- evo-post-inner -->\n\t\t\t\t\t\t\t\t\t\t\t\t\t<\/div><!-- evo-post-body -->\n\t\t\t\t\t\t\t\t\t\t\t\t<\/div><!-- evo-overlay-inner -->\n\t\t\t\t\t\t\t\t\t\t\t<\/div><!-- evo-overlay-body -->\n\t\t\t\t\t\t\t\t\t\t\t<a href=\"https:\/\/diarioregionaldigital.com.br\/?p=232954\" class=\"evo-overlay-link\"><\/a>\n\t\t\t\t\t\t\t\t\t\t<\/article><!-- evo-post -->\n\t\t\t\t\t\t\t\t\t<\/div><!-- evo-grid-item -->\n\t\t\t\t\t\t\t\t<div class=\"evo-grid-item medium\">\n\t\t\t\t\t\t\t\t\t<article class=\"evo-post evo-post-inside evo-post-overlay\" itemscope=\"itemscope\" itemtype=\"http:\/\/schema.org\/Article\" style=\"background-image: url(https:\/\/diarioregionaldigital.com.br\/wp-content\/uploads\/2026\/04\/IMG_2174-750x440.jpeg);\">\n\t\t\t\t\t\t\t\t\t\t<div class=\"evo-overlay-body\">\n\t\t\t\t\t\t\t\t\t\t\t<div class=\"evo-overlay-inner\">\n\t\t\t\t\t\t\t\t\t\t\t\t<div class=\"evo-post-body\">\n\t\t\t\t\t\t\t\t\t\t\t\t\t<div class=\"evo-post-inner\">\n\t\t\t\t\t\t\t\t\t\t\t\t\t\t<div class=\"evo-post-meta top\">\n\t\t\t\t\t\t\t\t\t\t\t\t\t\t<\/div><!-- evo-post-meta -->\n\t\t\t\t\t<h3 class=\"evo-entry-title\">\n\t\t\t\t\t\t<a href=\"https:\/\/diarioregionaldigital.com.br\/?p=232951\" title=\"Benefici\u00e1rios do Bolsa Fam\u00edlia em Juiz de Fora receber\u00e3o pagamento antecipado nesta quinta-feira, 16\">Benefici\u00e1rios do Bolsa Fam\u00edlia em Juiz de Fora receber\u00e3o pagamento antecipado nesta quinta-feira, 16<\/a>\n\t\t\t\t\t<\/h3>\n\t\t\t\t\n\t\t\t\t\t\t\t\t\t\t\t\t\t\t<div class=\"evo-post-meta center\">\n\t\t\t\t\t\t\t\t\t\t\t\t\t\t<\/div><!-- evo-post-meta -->\n\t\t\t\t\t\t\t\t\t\t\t\t\t<\/div><!-- evo-post-inner -->\n\t\t\t\t\t\t\t\t\t\t\t\t<\/div><!-- evo-post-body -->\n\t\t\t\t\t\t\t\t\t\t\t<\/div><!-- evo-overlay-inner -->\n\t\t\t\t\t\t\t\t\t\t<\/div><!-- evo-overlay-body -->\n\t\t\t\t\t\t\t\t\t\t<a href=\"https:\/\/diarioregionaldigital.com.br\/?p=232951\" class=\"evo-overlay-link\"><\/a>\n\t\t\t\t\t\t\t\t\t<\/article><!-- evo-post -->\n\t\t\t\t\t\t\t\t<\/div><!-- evo-grid-item -->\n\t\t\t\t\t\t\t\t<div class=\"evo-grid-item small\">\n\t\t\t\t\t\t\t\t\t<article class=\"evo-post evo-post-inside evo-post-overlay\" itemscope=\"itemscope\" itemtype=\"http:\/\/schema.org\/Article\" style=\"background-image: url(https:\/\/diarioregionaldigital.com.br\/wp-content\/uploads\/2026\/04\/IMG_1152-750x350.jpeg);\">\n\t\t\t\t\t\t\t\t\t\t<div class=\"evo-overlay-body\">\n\t\t\t\t\t\t\t\t\t\t\t<div class=\"evo-overlay-inner\">\n\t\t\t\t\t\t\t\t\t\t\t\t<div class=\"evo-post-body\">\n\t\t\t\t\t\t\t\t\t\t\t\t\t<div class=\"evo-post-inner\">\n\t\t\t\t\t\t\t\t\t\t\t\t\t\t<div class=\"evo-post-meta top\">\n\t\t\t\t\t\t\t\t\t\t\t\t\t\t<\/div><!-- evo-post-meta -->\n\t\t\t\t\t<h3 class=\"evo-entry-title\">\n\t\t\t\t\t\t<a href=\"https:\/\/diarioregionaldigital.com.br\/?p=232948\" title=\"Governo de Minas entrega t\u00edtulos de regulariza\u00e7\u00e3o de propriedade rural a 140 fam\u00edlias em Serra Azul de Minas\">Governo de Minas entrega t\u00edtulos de regulariza\u00e7\u00e3o de propriedade rural a 140 fam\u00edlias em Serra Azul de Minas<\/a>\n\t\t\t\t\t<\/h3>\n\t\t\t\t\n\t\t\t\t\t\t\t\t\t\t\t\t\t\t<div class=\"evo-post-meta center\">\n\t\t\t\t\t\t\t\t\t\t\t\t\t\t<\/div><!-- evo-post-meta -->\n\t\t\t\t\t\t\t\t\t\t\t\t\t<\/div><!-- evo-post-inner -->\n\t\t\t\t\t\t\t\t\t\t\t\t<\/div><!-- evo-post-body -->\n\t\t\t\t\t\t\t\t\t\t\t<\/div><!-- evo-overlay-inner -->\n\t\t\t\t\t\t\t\t\t\t<\/div><!-- evo-overlay-body -->\n\t\t\t\t\t\t\t\t\t\t<a href=\"https:\/\/diarioregionaldigital.com.br\/?p=232948\" class=\"evo-overlay-link\"><\/a>\n\t\t\t\t\t\t\t\t\t<\/article><!-- evo-post -->\n\t\t\t\t\t\t\t\t<\/div><!-- evo-grid-item -->\n\t\t\t\t\t\t\t\t<div class=\"evo-grid-item small\">\n\t\t\t\t\t\t\t\t\t<article class=\"evo-post evo-post-inside evo-post-overlay\" itemscope=\"itemscope\" itemtype=\"http:\/\/schema.org\/Article\" style=\"background-image: url(https:\/\/diarioregionaldigital.com.br\/wp-content\/uploads\/2026\/04\/IMG_3046-750x350.jpeg);\">\n\t\t\t\t\t\t\t\t\t\t<div class=\"evo-overlay-body\">\n\t\t\t\t\t\t\t\t\t\t\t<div class=\"evo-overlay-inner\">\n\t\t\t\t\t\t\t\t\t\t\t\t<div class=\"evo-post-body\">\n\t\t\t\t\t\t\t\t\t\t\t\t\t<div class=\"evo-post-inner\">\n\t\t\t\t\t\t\t\t\t\t\t\t\t\t<div class=\"evo-post-meta top\">\n\t\t\t\t\t\t\t\t\t\t\t\t\t\t<\/div><!-- evo-post-meta -->\n\t\t\t\t\t<h3 class=\"evo-entry-title\">\n\t\t\t\t\t\t<a href=\"https:\/\/diarioregionaldigital.com.br\/?p=232945\" title=\"Governo de Minas paga R$ 103 milh\u00f5es do Propag \u00e0 Uni\u00e3o\">Governo de Minas paga R$ 103 milh\u00f5es do Propag \u00e0 Uni\u00e3o<\/a>\n\t\t\t\t\t<\/h3>\n\t\t\t\t\n\t\t\t\t\t\t\t\t\t\t\t\t\t\t<div class=\"evo-post-meta center\">\n\t\t\t\t\t\t\t\t\t\t\t\t\t\t<\/div><!-- evo-post-meta -->\n\t\t\t\t\t\t\t\t\t\t\t\t\t<\/div><!-- evo-post-inner -->\n\t\t\t\t\t\t\t\t\t\t\t\t<\/div><!-- evo-post-body -->\n\t\t\t\t\t\t\t\t\t\t\t<\/div><!-- evo-overlay-inner -->\n\t\t\t\t\t\t\t\t\t\t<\/div><!-- evo-overlay-body -->\n\t\t\t\t\t\t\t\t\t\t<a href=\"https:\/\/diarioregionaldigital.com.br\/?p=232945\" class=\"evo-overlay-link\"><\/a>\n\t\t\t\t\t\t\t\t\t<\/article><!-- evo-post -->\n\t\t\t\t\t\t\t\t<\/div><!-- evo-grid-item --><\/li>\n\t\t\t\t\t\t\t\t<li>\n\t\t\t\t\t\t\t\t\t<div class=\"evo-grid-item large\">\n\t\t\t\t\t\t\t\t\t\t<article class=\"evo-post evo-post-inside evo-post-overlay\" itemscope=\"itemscope\" itemtype=\"http:\/\/schema.org\/Article\" style=\"background-image: url(https:\/\/diarioregionaldigital.com.br\/wp-content\/uploads\/2026\/04\/IMG_0131-750x440.png);\">\n\t\t\t\t\t\t\t\t\t\t\t<div class=\"evo-overlay-body\">\n\t\t\t\t\t\t\t\t\t\t\t\t<div class=\"evo-overlay-inner\">\n\t\t\t\t\t\t\t\t\t\t\t\t\t<div class=\"evo-post-body\">\n\t\t\t\t\t\t\t\t\t\t\t\t\t\t<div class=\"evo-post-inner\">\n\t\t\t\t\t\t\t\t\t\t\t\t\t\t\t<div class=\"evo-post-meta top\">\n\t\t\t\t\t\t\t\t\t\t\t\t\t\t\t<\/div><!-- evo-post-meta -->\n\t\t\t\t\t<h3 class=\"evo-entry-title\">\n\t\t\t\t\t\t<a href=\"https:\/\/diarioregionaldigital.com.br\/?p=232942\" title=\"\u201cAgora Tem Especialistas\u201d: 1.788 procedimentos realizados e fim da fila por tomografia em Juiz de Fora\">\u201cAgora Tem Especialistas\u201d: 1.788 procedimentos realizados e fim da fila por tomografia em Juiz de Fora<\/a>\n\t\t\t\t\t<\/h3>\n\t\t\t\t\n\t\t\t\t\t\t\t\t\t\t\t\t\t\t\t<div class=\"evo-post-meta center\">\n\t\t\t\t\t\t\t\t\t\t\t\t\t\t\t<\/div><!-- evo-post-meta -->\n\t\t\t\t\t\t\t\t\t\t\t\t\t\t<\/div><!-- evo-post-inner -->\n\t\t\t\t\t\t\t\t\t\t\t\t\t<\/div><!-- evo-post-body -->\n\t\t\t\t\t\t\t\t\t\t\t\t<\/div><!-- evo-overlay-inner -->\n\t\t\t\t\t\t\t\t\t\t\t<\/div><!-- evo-overlay-body -->\n\t\t\t\t\t\t\t\t\t\t\t<a href=\"https:\/\/diarioregionaldigital.com.br\/?p=232942\" class=\"evo-overlay-link\"><\/a>\n\t\t\t\t\t\t\t\t\t\t<\/article><!-- evo-post -->\n\t\t\t\t\t\t\t\t\t<\/div><!-- evo-grid-item -->\n\t\t\t\t\t\t\t\t<div class=\"evo-grid-item medium\">\n\t\t\t\t\t\t\t\t\t<article class=\"evo-post evo-post-inside evo-post-overlay\" itemscope=\"itemscope\" itemtype=\"http:\/\/schema.org\/Article\" style=\"background-image: url(https:\/\/diarioregionaldigital.com.br\/wp-content\/uploads\/2026\/04\/IMG_1116-750x440.png);\">\n\t\t\t\t\t\t\t\t\t\t<div class=\"evo-overlay-body\">\n\t\t\t\t\t\t\t\t\t\t\t<div class=\"evo-overlay-inner\">\n\t\t\t\t\t\t\t\t\t\t\t\t<div class=\"evo-post-body\">\n\t\t\t\t\t\t\t\t\t\t\t\t\t<div class=\"evo-post-inner\">\n\t\t\t\t\t\t\t\t\t\t\t\t\t\t<div class=\"evo-post-meta top\">\n\t\t\t\t\t\t\t\t\t\t\t\t\t\t<\/div><!-- evo-post-meta -->\n\t\t\t\t\t<h3 class=\"evo-entry-title\">\n\t\t\t\t\t\t<a href=\"https:\/\/diarioregionaldigital.com.br\/?p=232939\" title=\"Prefeitura retoma itiner\u00e1rio completo da linha 300 \u2013 Campo Alegre \/ Via Granjas Primavera ap\u00f3s novas vistorias\">Prefeitura retoma itiner\u00e1rio completo da linha 300 \u2013 Campo Alegre \/ Via Granjas Primavera ap\u00f3s novas vistorias<\/a>\n\t\t\t\t\t<\/h3>\n\t\t\t\t\n\t\t\t\t\t\t\t\t\t\t\t\t\t\t<div class=\"evo-post-meta center\">\n\t\t\t\t\t\t\t\t\t\t\t\t\t\t<\/div><!-- evo-post-meta -->\n\t\t\t\t\t\t\t\t\t\t\t\t\t<\/div><!-- evo-post-inner -->\n\t\t\t\t\t\t\t\t\t\t\t\t<\/div><!-- evo-post-body -->\n\t\t\t\t\t\t\t\t\t\t\t<\/div><!-- evo-overlay-inner -->\n\t\t\t\t\t\t\t\t\t\t<\/div><!-- evo-overlay-body -->\n\t\t\t\t\t\t\t\t\t\t<a href=\"https:\/\/diarioregionaldigital.com.br\/?p=232939\" class=\"evo-overlay-link\"><\/a>\n\t\t\t\t\t\t\t\t\t<\/article><!-- evo-post -->\n\t\t\t\t\t\t\t\t<\/div><!-- evo-grid-item -->\n\t\t\t\t\t\t\t\t<div class=\"evo-grid-item small\">\n\t\t\t\t\t\t\t\t\t<article class=\"evo-post evo-post-inside evo-post-overlay\" itemscope=\"itemscope\" itemtype=\"http:\/\/schema.org\/Article\" style=\"background-image: url(https:\/\/diarioregionaldigital.com.br\/wp-content\/uploads\/2026\/04\/IMG_1115-750x350.jpeg);\">\n\t\t\t\t\t\t\t\t\t\t<div class=\"evo-overlay-body\">\n\t\t\t\t\t\t\t\t\t\t\t<div class=\"evo-overlay-inner\">\n\t\t\t\t\t\t\t\t\t\t\t\t<div class=\"evo-post-body\">\n\t\t\t\t\t\t\t\t\t\t\t\t\t<div class=\"evo-post-inner\">\n\t\t\t\t\t\t\t\t\t\t\t\t\t\t<div class=\"evo-post-meta top\">\n\t\t\t\t\t\t\t\t\t\t\t\t\t\t<\/div><!-- evo-post-meta -->\n\t\t\t\t\t<h3 class=\"evo-entry-title\">\n\t\t\t\t\t\t<a href=\"https:\/\/diarioregionaldigital.com.br\/?p=232935\" title=\"Governo de Minas realiza leil\u00e3o para constru\u00e7\u00e3o da ponte entre C\u00e1ssia e Delfin\u00f3polis\">Governo de Minas realiza leil\u00e3o para constru\u00e7\u00e3o da ponte entre C\u00e1ssia e Delfin\u00f3polis<\/a>\n\t\t\t\t\t<\/h3>\n\t\t\t\t\n\t\t\t\t\t\t\t\t\t\t\t\t\t\t<div class=\"evo-post-meta center\">\n\t\t\t\t\t\t\t\t\t\t\t\t\t\t<\/div><!-- evo-post-meta -->\n\t\t\t\t\t\t\t\t\t\t\t\t\t<\/div><!-- evo-post-inner -->\n\t\t\t\t\t\t\t\t\t\t\t\t<\/div><!-- evo-post-body -->\n\t\t\t\t\t\t\t\t\t\t\t<\/div><!-- evo-overlay-inner -->\n\t\t\t\t\t\t\t\t\t\t<\/div><!-- evo-overlay-body -->\n\t\t\t\t\t\t\t\t\t\t<a href=\"https:\/\/diarioregionaldigital.com.br\/?p=232935\" class=\"evo-overlay-link\"><\/a>\n\t\t\t\t\t\t\t\t\t<\/article><!-- evo-post -->\n\t\t\t\t\t\t\t\t<\/div><!-- evo-grid-item -->\n\t\t\t\t\t\t\t\t<div class=\"evo-grid-item small\">\n\t\t\t\t\t\t\t\t\t<article class=\"evo-post evo-post-inside evo-post-overlay\" itemscope=\"itemscope\" itemtype=\"http:\/\/schema.org\/Article\" style=\"background-image: url(https:\/\/diarioregionaldigital.com.br\/wp-content\/uploads\/2026\/04\/IMG_1114-750x350.jpeg);\">\n\t\t\t\t\t\t\t\t\t\t<div class=\"evo-overlay-body\">\n\t\t\t\t\t\t\t\t\t\t\t<div class=\"evo-overlay-inner\">\n\t\t\t\t\t\t\t\t\t\t\t\t<div class=\"evo-post-body\">\n\t\t\t\t\t\t\t\t\t\t\t\t\t<div class=\"evo-post-inner\">\n\t\t\t\t\t\t\t\t\t\t\t\t\t\t<div class=\"evo-post-meta top\">\n\t\t\t\t\t\t\t\t\t\t\t\t\t\t<\/div><!-- evo-post-meta -->\n\t\t\t\t\t<h3 class=\"evo-entry-title\">\n\t\t\t\t\t\t<a href=\"https:\/\/diarioregionaldigital.com.br\/?p=232932\" title=\"Diamantina \u00e9 a 6\u00aa cidade a receber a Pra\u00e7a de Servi\u00e7os &#8211; Governo Presente com atendimentos gratuitos \u00e0 popula\u00e7\u00e3o; veja datas\">Diamantina \u00e9 a 6\u00aa cidade a receber a Pra\u00e7a de Servi\u00e7os &#8211; Governo Presente com atendimentos gratuitos \u00e0 popula\u00e7\u00e3o; veja datas<\/a>\n\t\t\t\t\t<\/h3>\n\t\t\t\t\n\t\t\t\t\t\t\t\t\t\t\t\t\t\t<div class=\"evo-post-meta center\">\n\t\t\t\t\t\t\t\t\t\t\t\t\t\t<\/div><!-- evo-post-meta -->\n\t\t\t\t\t\t\t\t\t\t\t\t\t<\/div><!-- evo-post-inner -->\n\t\t\t\t\t\t\t\t\t\t\t\t<\/div><!-- evo-post-body -->\n\t\t\t\t\t\t\t\t\t\t\t<\/div><!-- evo-overlay-inner -->\n\t\t\t\t\t\t\t\t\t\t<\/div><!-- evo-overlay-body -->\n\t\t\t\t\t\t\t\t\t\t<a href=\"https:\/\/diarioregionaldigital.com.br\/?p=232932\" class=\"evo-overlay-link\"><\/a>\n\t\t\t\t\t\t\t\t\t<\/article><!-- evo-post -->\n\t\t\t\t\t\t\t\t<\/div><!-- evo-grid-item --><\/li>\n\t\t\t\t\t\t\t\t<li>\n\t\t\t\t\t\t\t\t\t<div class=\"evo-grid-item large\">\n\t\t\t\t\t\t\t\t\t\t<article class=\"evo-post evo-post-inside evo-post-overlay\" itemscope=\"itemscope\" itemtype=\"http:\/\/schema.org\/Article\" style=\"background-image: url(https:\/\/diarioregionaldigital.com.br\/wp-content\/uploads\/2026\/04\/IMG_1097-750x440.jpeg);\">\n\t\t\t\t\t\t\t\t\t\t\t<div class=\"evo-overlay-body\">\n\t\t\t\t\t\t\t\t\t\t\t\t<div class=\"evo-overlay-inner\">\n\t\t\t\t\t\t\t\t\t\t\t\t\t<div class=\"evo-post-body\">\n\t\t\t\t\t\t\t\t\t\t\t\t\t\t<div class=\"evo-post-inner\">\n\t\t\t\t\t\t\t\t\t\t\t\t\t\t\t<div class=\"evo-post-meta top\">\n\t\t\t\t\t\t\t\t\t\t\t\t\t\t\t<\/div><!-- evo-post-meta -->\n\t\t\t\t\t<h3 class=\"evo-entry-title\">\n\t\t\t\t\t\t<a href=\"https:\/\/diarioregionaldigital.com.br\/?p=232929\" title=\"PJF aplica mais de 10 mil vacinas contra gripe no dia D, prote\u00e7\u00e3o segue dispon\u00edvel nos servi\u00e7os de sa\u00fade\">PJF aplica mais de 10 mil vacinas contra gripe no dia D, prote\u00e7\u00e3o segue dispon\u00edvel nos servi\u00e7os de sa\u00fade<\/a>\n\t\t\t\t\t<\/h3>\n\t\t\t\t\n\t\t\t\t\t\t\t\t\t\t\t\t\t\t\t<div class=\"evo-post-meta center\">\n\t\t\t\t\t\t\t\t\t\t\t\t\t\t\t<\/div><!-- evo-post-meta -->\n\t\t\t\t\t\t\t\t\t\t\t\t\t\t<\/div><!-- evo-post-inner -->\n\t\t\t\t\t\t\t\t\t\t\t\t\t<\/div><!-- evo-post-body -->\n\t\t\t\t\t\t\t\t\t\t\t\t<\/div><!-- evo-overlay-inner -->\n\t\t\t\t\t\t\t\t\t\t\t<\/div><!-- evo-overlay-body -->\n\t\t\t\t\t\t\t\t\t\t\t<a href=\"https:\/\/diarioregionaldigital.com.br\/?p=232929\" class=\"evo-overlay-link\"><\/a>\n\t\t\t\t\t\t\t\t\t\t<\/article><!-- evo-post -->\n\t\t\t\t\t\t\t\t\t<\/div><!-- evo-grid-item -->\n\t\t\t\t\t\t\t\t<div class=\"evo-grid-item medium\">\n\t\t\t\t\t\t\t\t\t<article class=\"evo-post evo-post-inside evo-post-overlay\" itemscope=\"itemscope\" itemtype=\"http:\/\/schema.org\/Article\" style=\"background-image: url(https:\/\/diarioregionaldigital.com.br\/wp-content\/uploads\/2026\/04\/IMG_8854-750x440.png);\">\n\t\t\t\t\t\t\t\t\t\t<div class=\"evo-overlay-body\">\n\t\t\t\t\t\t\t\t\t\t\t<div class=\"evo-overlay-inner\">\n\t\t\t\t\t\t\t\t\t\t\t\t<div class=\"evo-post-body\">\n\t\t\t\t\t\t\t\t\t\t\t\t\t<div class=\"evo-post-inner\">\n\t\t\t\t\t\t\t\t\t\t\t\t\t\t<div class=\"evo-post-meta top\">\n\t\t\t\t\t\t\t\t\t\t\t\t\t\t<\/div><!-- evo-post-meta -->\n\t\t\t\t\t<h3 class=\"evo-entry-title\">\n\t\t\t\t\t\t<a href=\"https:\/\/diarioregionaldigital.com.br\/?p=232926\" title=\"Ranking de Corridas de Rua: confira os resultados da 9\u00aa Corrida C\u00f4rtes Villela\">Ranking de Corridas de Rua: confira os resultados da 9\u00aa Corrida C\u00f4rtes Villela<\/a>\n\t\t\t\t\t<\/h3>\n\t\t\t\t\n\t\t\t\t\t\t\t\t\t\t\t\t\t\t<div class=\"evo-post-meta center\">\n\t\t\t\t\t\t\t\t\t\t\t\t\t\t<\/div><!-- evo-post-meta -->\n\t\t\t\t\t\t\t\t\t\t\t\t\t<\/div><!-- evo-post-inner -->\n\t\t\t\t\t\t\t\t\t\t\t\t<\/div><!-- evo-post-body -->\n\t\t\t\t\t\t\t\t\t\t\t<\/div><!-- evo-overlay-inner -->\n\t\t\t\t\t\t\t\t\t\t<\/div><!-- evo-overlay-body -->\n\t\t\t\t\t\t\t\t\t\t<a href=\"https:\/\/diarioregionaldigital.com.br\/?p=232926\" class=\"evo-overlay-link\"><\/a>\n\t\t\t\t\t\t\t\t\t<\/article><!-- evo-post -->\n\t\t\t\t\t\t\t\t<\/div><!-- evo-grid-item -->\n\t\t\t\t\t\t<\/ul>\n\t\t\t\t\t<\/div><!-- evo-featured-inner -->\n\t\t\t\t<\/div><!-- container -->\n\t\t\t<\/div><!-- evo-module -->\n\t\t[\/vc_column][\/vc_row][vc_row el_class=&#8221;evo-border-bottom&#8221;][vc_column css=&#8221;.vc_custom_1503002881487{border-bottom-width: 2px !important;padding-bottom: 20px !important;border-bottom-color: #eeeeee !important;border-bottom-style: solid !important;}&#8221;]\n\t\t\t<div class=\"evo-module evo-module-carousel evo-carousel-a evo-list-posts module-margin-top-off\">\n\t\t\t\t\t<div class=\"evo-module-inner\">\n\t\t\t\t\t\t<div class=\"evo-slider\" \n\t\t\t\t\t\tdata-item=\"4\" \n\t\t\t\t\t\tdata-slidetoitem=\"1\" \n\t\t\t\t\t\tdata-speed=\"1000\" \n\t\t\t\t\t\tdata-autoplay=\"true\" \n\t\t\t\t\t\tdata-autospeed=\"3000\" \n\t\t\t\t\t\tdata-arrows=\"true\" \n\t\t\t\t\t\tdata-dots=\"false\"\n\t\t\t\t\t\tdata-vertical=\"false\" \n\t\t\t\t\t\tdata-rtl=\"false\"\n\t\t\t\t\t\tdata-evofade=\"false\">\n\t\t\t\t\t\t\t<article class=\"evo-post evo-post-outer\" itemscope=\"itemscope\" itemtype=\"http:\/\/schema.org\/Article\">\n\t\t\t\t\t\t\t\t<figure class=\"evo-post-thumb evo-hover-thumb\"><a href=\"https:\/\/diarioregionaldigital.com.br\/?p=232954\"><img decoding=\"async\" src=\"https:\/\/diarioregionaldigital.com.br\/wp-content\/uploads\/2026\/04\/IMG_1154-80x80.png\"  alt=\"Fiscaliza\u00e7\u00e3o realiza doa\u00e7\u00e3o de 1.151 pares de \u00f3culos para Associa\u00e7\u00e3o dos Cegos de Juiz de Fora\" class=\"lazy-thumb\"\/><\/a>\n\t\t\t\t\t\t\t\t<\/figure>\n\t\t\t\t\t\t\t\t<div class=\"evo-post-body\">\n\t\t\t\t\t\t\t\t\t<div class=\"evo-post-inner\">\n\t\t\t\t\t<h3 class=\"evo-entry-title\">\n\t\t\t\t\t\t<a href=\"https:\/\/diarioregionaldigital.com.br\/?p=232954\" title=\"Fiscaliza\u00e7\u00e3o realiza doa\u00e7\u00e3o de 1.151 pares de \u00f3culos para Associa\u00e7\u00e3o dos Cegos de Juiz de Fora\">Fiscaliza\u00e7\u00e3o realiza doa\u00e7\u00e3o de 1.151 pares de \u00f3culos para Associa\u00e7\u00e3o dos Cegos de Juiz de Fora<\/a>\n\t\t\t\t\t<\/h3>\n\t\t\t\t\n\t\t\t\t\t\t\t\t\t\t<div class=\"evo-post-meta\">\n\t\t\t\t\t\t\t\t\t\t<\/div><!-- evo-post-meta -->\n\t\t\t\t\t\t\t\t\t<\/div><!-- evo-post-inner -->\n\t\t\t\t\t\t\t\t<\/div><!-- evo-post-body -->\n\t\t\t\t\t\t\t<\/article><!-- evo-post -->\n\t\t\t\t\t\t\t<article class=\"evo-post evo-post-outer\" itemscope=\"itemscope\" itemtype=\"http:\/\/schema.org\/Article\">\n\t\t\t\t\t\t\t\t<figure class=\"evo-post-thumb evo-hover-thumb\"><a href=\"https:\/\/diarioregionaldigital.com.br\/?p=232951\"><img decoding=\"async\" src=\"https:\/\/diarioregionaldigital.com.br\/wp-content\/uploads\/2026\/04\/IMG_2174-80x80.jpeg\"  alt=\"Benefici\u00e1rios do Bolsa Fam\u00edlia em Juiz de Fora receber\u00e3o pagamento antecipado nesta quinta-feira, 16\" class=\"lazy-thumb\"\/><\/a>\n\t\t\t\t\t\t\t\t<\/figure>\n\t\t\t\t\t\t\t\t<div class=\"evo-post-body\">\n\t\t\t\t\t\t\t\t\t<div class=\"evo-post-inner\">\n\t\t\t\t\t<h3 class=\"evo-entry-title\">\n\t\t\t\t\t\t<a href=\"https:\/\/diarioregionaldigital.com.br\/?p=232951\" title=\"Benefici\u00e1rios do Bolsa Fam\u00edlia em Juiz de Fora receber\u00e3o pagamento antecipado nesta quinta-feira, 16\">Benefici\u00e1rios do Bolsa Fam\u00edlia em Juiz de Fora receber\u00e3o pagamento antecipado nesta quinta-feira, 16<\/a>\n\t\t\t\t\t<\/h3>\n\t\t\t\t\n\t\t\t\t\t\t\t\t\t\t<div class=\"evo-post-meta\">\n\t\t\t\t\t\t\t\t\t\t<\/div><!-- evo-post-meta -->\n\t\t\t\t\t\t\t\t\t<\/div><!-- evo-post-inner -->\n\t\t\t\t\t\t\t\t<\/div><!-- evo-post-body -->\n\t\t\t\t\t\t\t<\/article><!-- evo-post -->\n\t\t\t\t\t\t\t<article class=\"evo-post evo-post-outer\" itemscope=\"itemscope\" itemtype=\"http:\/\/schema.org\/Article\">\n\t\t\t\t\t\t\t\t<figure class=\"evo-post-thumb evo-hover-thumb\"><a href=\"https:\/\/diarioregionaldigital.com.br\/?p=232948\"><img decoding=\"async\" src=\"https:\/\/diarioregionaldigital.com.br\/wp-content\/uploads\/2026\/04\/IMG_1152-80x80.jpeg\"  alt=\"Governo de Minas entrega t\u00edtulos de regulariza\u00e7\u00e3o de propriedade rural a 140 fam\u00edlias em Serra Azul de Minas\" class=\"lazy-thumb\"\/><\/a>\n\t\t\t\t\t\t\t\t<\/figure>\n\t\t\t\t\t\t\t\t<div class=\"evo-post-body\">\n\t\t\t\t\t\t\t\t\t<div class=\"evo-post-inner\">\n\t\t\t\t\t<h3 class=\"evo-entry-title\">\n\t\t\t\t\t\t<a href=\"https:\/\/diarioregionaldigital.com.br\/?p=232948\" title=\"Governo de Minas entrega t\u00edtulos de regulariza\u00e7\u00e3o de propriedade rural a 140 fam\u00edlias em Serra Azul de Minas\">Governo de Minas entrega t\u00edtulos de regulariza\u00e7\u00e3o de propriedade rural a 140 fam\u00edlias em Serra Azul de Minas<\/a>\n\t\t\t\t\t<\/h3>\n\t\t\t\t\n\t\t\t\t\t\t\t\t\t\t<div class=\"evo-post-meta\">\n\t\t\t\t\t\t\t\t\t\t<\/div><!-- evo-post-meta -->\n\t\t\t\t\t\t\t\t\t<\/div><!-- evo-post-inner -->\n\t\t\t\t\t\t\t\t<\/div><!-- evo-post-body -->\n\t\t\t\t\t\t\t<\/article><!-- evo-post -->\n\t\t\t\t\t\t\t<article class=\"evo-post evo-post-outer\" itemscope=\"itemscope\" itemtype=\"http:\/\/schema.org\/Article\">\n\t\t\t\t\t\t\t\t<figure class=\"evo-post-thumb evo-hover-thumb\"><a href=\"https:\/\/diarioregionaldigital.com.br\/?p=232945\"><img decoding=\"async\" src=\"https:\/\/diarioregionaldigital.com.br\/wp-content\/uploads\/2026\/04\/IMG_3046-80x80.jpeg\"  alt=\"Governo de Minas paga R$ 103 milh\u00f5es do Propag \u00e0 Uni\u00e3o\" class=\"lazy-thumb\"\/><\/a>\n\t\t\t\t\t\t\t\t<\/figure>\n\t\t\t\t\t\t\t\t<div class=\"evo-post-body\">\n\t\t\t\t\t\t\t\t\t<div class=\"evo-post-inner\">\n\t\t\t\t\t<h3 class=\"evo-entry-title\">\n\t\t\t\t\t\t<a href=\"https:\/\/diarioregionaldigital.com.br\/?p=232945\" title=\"Governo de Minas paga R$ 103 milh\u00f5es do Propag \u00e0 Uni\u00e3o\">Governo de Minas paga R$ 103 milh\u00f5es do Propag \u00e0 Uni\u00e3o<\/a>\n\t\t\t\t\t<\/h3>\n\t\t\t\t\n\t\t\t\t\t\t\t\t\t\t<div class=\"evo-post-meta\">\n\t\t\t\t\t\t\t\t\t\t<\/div><!-- evo-post-meta -->\n\t\t\t\t\t\t\t\t\t<\/div><!-- evo-post-inner -->\n\t\t\t\t\t\t\t\t<\/div><!-- evo-post-body -->\n\t\t\t\t\t\t\t<\/article><!-- evo-post -->\n\t\t\t\t\t\t\t<article class=\"evo-post evo-post-outer\" itemscope=\"itemscope\" itemtype=\"http:\/\/schema.org\/Article\">\n\t\t\t\t\t\t\t\t<figure class=\"evo-post-thumb evo-hover-thumb\"><a href=\"https:\/\/diarioregionaldigital.com.br\/?p=232942\"><img decoding=\"async\" src=\"https:\/\/diarioregionaldigital.com.br\/wp-content\/uploads\/2026\/04\/IMG_0131-80x80.png\"  alt=\"\u201cAgora Tem Especialistas\u201d: 1.788 procedimentos realizados e fim da fila por tomografia em Juiz de Fora\" class=\"lazy-thumb\"\/><\/a>\n\t\t\t\t\t\t\t\t<\/figure>\n\t\t\t\t\t\t\t\t<div class=\"evo-post-body\">\n\t\t\t\t\t\t\t\t\t<div class=\"evo-post-inner\">\n\t\t\t\t\t<h3 class=\"evo-entry-title\">\n\t\t\t\t\t\t<a href=\"https:\/\/diarioregionaldigital.com.br\/?p=232942\" title=\"\u201cAgora Tem Especialistas\u201d: 1.788 procedimentos realizados e fim da fila por tomografia em Juiz de Fora\">\u201cAgora Tem Especialistas\u201d: 1.788 procedimentos realizados e fim da fila por tomografia em Juiz de Fora<\/a>\n\t\t\t\t\t<\/h3>\n\t\t\t\t\n\t\t\t\t\t\t\t\t\t\t<div class=\"evo-post-meta\">\n\t\t\t\t\t\t\t\t\t\t<\/div><!-- evo-post-meta -->\n\t\t\t\t\t\t\t\t\t<\/div><!-- evo-post-inner -->\n\t\t\t\t\t\t\t\t<\/div><!-- evo-post-body -->\n\t\t\t\t\t\t\t<\/article><!-- evo-post -->\n\t\t\t\t\t\t\t<article class=\"evo-post evo-post-outer\" itemscope=\"itemscope\" itemtype=\"http:\/\/schema.org\/Article\">\n\t\t\t\t\t\t\t\t<figure class=\"evo-post-thumb evo-hover-thumb\"><a href=\"https:\/\/diarioregionaldigital.com.br\/?p=232939\"><img decoding=\"async\" src=\"https:\/\/diarioregionaldigital.com.br\/wp-content\/uploads\/2026\/04\/IMG_1116-80x80.png\"  alt=\"Prefeitura retoma itiner\u00e1rio completo da linha 300 \u2013 Campo Alegre \/ Via Granjas Primavera ap\u00f3s novas vistorias\" class=\"lazy-thumb\"\/><\/a>\n\t\t\t\t\t\t\t\t<\/figure>\n\t\t\t\t\t\t\t\t<div class=\"evo-post-body\">\n\t\t\t\t\t\t\t\t\t<div class=\"evo-post-inner\">\n\t\t\t\t\t<h3 class=\"evo-entry-title\">\n\t\t\t\t\t\t<a href=\"https:\/\/diarioregionaldigital.com.br\/?p=232939\" title=\"Prefeitura retoma itiner\u00e1rio completo da linha 300 \u2013 Campo Alegre \/ Via Granjas Primavera ap\u00f3s novas vistorias\">Prefeitura retoma itiner\u00e1rio completo da linha 300 \u2013 Campo Alegre \/ Via Granjas Primavera ap\u00f3s novas vistorias<\/a>\n\t\t\t\t\t<\/h3>\n\t\t\t\t\n\t\t\t\t\t\t\t\t\t\t<div class=\"evo-post-meta\">\n\t\t\t\t\t\t\t\t\t\t<\/div><!-- evo-post-meta -->\n\t\t\t\t\t\t\t\t\t<\/div><!-- evo-post-inner -->\n\t\t\t\t\t\t\t\t<\/div><!-- evo-post-body -->\n\t\t\t\t\t\t\t<\/article><!-- evo-post -->\n\t\t\t\t\t\t\t<article class=\"evo-post evo-post-outer\" itemscope=\"itemscope\" itemtype=\"http:\/\/schema.org\/Article\">\n\t\t\t\t\t\t\t\t<figure class=\"evo-post-thumb evo-hover-thumb\"><a href=\"https:\/\/diarioregionaldigital.com.br\/?p=232935\"><img decoding=\"async\" src=\"https:\/\/diarioregionaldigital.com.br\/wp-content\/uploads\/2026\/04\/IMG_1115-80x80.jpeg\"  alt=\"Governo de Minas realiza leil\u00e3o para constru\u00e7\u00e3o da ponte entre C\u00e1ssia e Delfin\u00f3polis\" class=\"lazy-thumb\"\/><\/a>\n\t\t\t\t\t\t\t\t<\/figure>\n\t\t\t\t\t\t\t\t<div class=\"evo-post-body\">\n\t\t\t\t\t\t\t\t\t<div class=\"evo-post-inner\">\n\t\t\t\t\t<h3 class=\"evo-entry-title\">\n\t\t\t\t\t\t<a href=\"https:\/\/diarioregionaldigital.com.br\/?p=232935\" title=\"Governo de Minas realiza leil\u00e3o para constru\u00e7\u00e3o da ponte entre C\u00e1ssia e Delfin\u00f3polis\">Governo de Minas realiza leil\u00e3o para constru\u00e7\u00e3o da ponte entre C\u00e1ssia e Delfin\u00f3polis<\/a>\n\t\t\t\t\t<\/h3>\n\t\t\t\t\n\t\t\t\t\t\t\t\t\t\t<div class=\"evo-post-meta\">\n\t\t\t\t\t\t\t\t\t\t<\/div><!-- evo-post-meta -->\n\t\t\t\t\t\t\t\t\t<\/div><!-- evo-post-inner -->\n\t\t\t\t\t\t\t\t<\/div><!-- evo-post-body -->\n\t\t\t\t\t\t\t<\/article><!-- evo-post -->\n\t\t\t\t\t\t\t<article class=\"evo-post evo-post-outer\" itemscope=\"itemscope\" itemtype=\"http:\/\/schema.org\/Article\">\n\t\t\t\t\t\t\t\t<figure class=\"evo-post-thumb evo-hover-thumb\"><a href=\"https:\/\/diarioregionaldigital.com.br\/?p=232932\"><img decoding=\"async\" src=\"https:\/\/diarioregionaldigital.com.br\/wp-content\/uploads\/2026\/04\/IMG_1114-80x80.jpeg\"  alt=\"Diamantina \u00e9 a 6\u00aa cidade a receber a Pra\u00e7a de Servi\u00e7os &#8211; Governo Presente com atendimentos gratuitos \u00e0 popula\u00e7\u00e3o; veja datas\" class=\"lazy-thumb\"\/><\/a>\n\t\t\t\t\t\t\t\t<\/figure>\n\t\t\t\t\t\t\t\t<div class=\"evo-post-body\">\n\t\t\t\t\t\t\t\t\t<div class=\"evo-post-inner\">\n\t\t\t\t\t<h3 class=\"evo-entry-title\">\n\t\t\t\t\t\t<a href=\"https:\/\/diarioregionaldigital.com.br\/?p=232932\" title=\"Diamantina \u00e9 a 6\u00aa cidade a receber a Pra\u00e7a de Servi\u00e7os &#8211; Governo Presente com atendimentos gratuitos \u00e0 popula\u00e7\u00e3o; veja datas\">Diamantina \u00e9 a 6\u00aa cidade a receber a Pra\u00e7a de Servi\u00e7os &#8211; Governo Presente com atendimentos gratuitos \u00e0 popula\u00e7\u00e3o; veja datas<\/a>\n\t\t\t\t\t<\/h3>\n\t\t\t\t\n\t\t\t\t\t\t\t\t\t\t<div class=\"evo-post-meta\">\n\t\t\t\t\t\t\t\t\t\t<\/div><!-- evo-post-meta -->\n\t\t\t\t\t\t\t\t\t<\/div><!-- evo-post-inner -->\n\t\t\t\t\t\t\t\t<\/div><!-- evo-post-body -->\n\t\t\t\t\t\t\t<\/article><!-- evo-post -->\n\t\t\t\t\t\t\t<article class=\"evo-post evo-post-outer\" itemscope=\"itemscope\" itemtype=\"http:\/\/schema.org\/Article\">\n\t\t\t\t\t\t\t\t<figure class=\"evo-post-thumb evo-hover-thumb\"><a href=\"https:\/\/diarioregionaldigital.com.br\/?p=232929\"><img decoding=\"async\" src=\"https:\/\/diarioregionaldigital.com.br\/wp-content\/uploads\/2026\/04\/IMG_1097-80x80.jpeg\"  alt=\"PJF aplica mais de 10 mil vacinas contra gripe no dia D, prote\u00e7\u00e3o segue dispon\u00edvel nos servi\u00e7os de sa\u00fade\" class=\"lazy-thumb\"\/><\/a>\n\t\t\t\t\t\t\t\t<\/figure>\n\t\t\t\t\t\t\t\t<div class=\"evo-post-body\">\n\t\t\t\t\t\t\t\t\t<div class=\"evo-post-inner\">\n\t\t\t\t\t<h3 class=\"evo-entry-title\">\n\t\t\t\t\t\t<a href=\"https:\/\/diarioregionaldigital.com.br\/?p=232929\" title=\"PJF aplica mais de 10 mil vacinas contra gripe no dia D, prote\u00e7\u00e3o segue dispon\u00edvel nos servi\u00e7os de sa\u00fade\">PJF aplica mais de 10 mil vacinas contra gripe no dia D, prote\u00e7\u00e3o segue dispon\u00edvel nos servi\u00e7os de sa\u00fade<\/a>\n\t\t\t\t\t<\/h3>\n\t\t\t\t\n\t\t\t\t\t\t\t\t\t\t<div class=\"evo-post-meta\">\n\t\t\t\t\t\t\t\t\t\t<\/div><!-- evo-post-meta -->\n\t\t\t\t\t\t\t\t\t<\/div><!-- evo-post-inner -->\n\t\t\t\t\t\t\t\t<\/div><!-- evo-post-body -->\n\t\t\t\t\t\t\t<\/article><!-- evo-post -->\n\t\t\t\t\t\t\t<article class=\"evo-post evo-post-outer\" itemscope=\"itemscope\" itemtype=\"http:\/\/schema.org\/Article\">\n\t\t\t\t\t\t\t\t<figure class=\"evo-post-thumb evo-hover-thumb\"><a href=\"https:\/\/diarioregionaldigital.com.br\/?p=232926\"><img decoding=\"async\" src=\"https:\/\/diarioregionaldigital.com.br\/wp-content\/uploads\/2026\/04\/IMG_8854-80x80.png\"  alt=\"Ranking de Corridas de Rua: confira os resultados da 9\u00aa Corrida C\u00f4rtes Villela\" class=\"lazy-thumb\"\/><\/a>\n\t\t\t\t\t\t\t\t<\/figure>\n\t\t\t\t\t\t\t\t<div class=\"evo-post-body\">\n\t\t\t\t\t\t\t\t\t<div class=\"evo-post-inner\">\n\t\t\t\t\t<h3 class=\"evo-entry-title\">\n\t\t\t\t\t\t<a href=\"https:\/\/diarioregionaldigital.com.br\/?p=232926\" title=\"Ranking de Corridas de Rua: confira os resultados da 9\u00aa Corrida C\u00f4rtes Villela\">Ranking de Corridas de Rua: confira os resultados da 9\u00aa Corrida C\u00f4rtes Villela<\/a>\n\t\t\t\t\t<\/h3>\n\t\t\t\t\n\t\t\t\t\t\t\t\t\t\t<div class=\"evo-post-meta\">\n\t\t\t\t\t\t\t\t\t\t<\/div><!-- evo-post-meta -->\n\t\t\t\t\t\t\t\t\t<\/div><!-- evo-post-inner -->\n\t\t\t\t\t\t\t\t<\/div><!-- evo-post-body -->\n\t\t\t\t\t\t\t<\/article><!-- evo-post -->\n\t\t\t\t\t\t<\/div>\n\t\t\t\t\t<\/div><!-- evo-module-inner -->\n\t\t\t<\/div><!-- evo-module -->\n\t\t[\/vc_column][\/vc_row][vc_row css=&#8221;.vc_custom_1503003045984{margin-top: 50px !important;}&#8221;][vc_column width=&#8221;2\/3&#8243;]\n\t\t<div class=\"evo-module evo-module-category evo-category-a module-margin-top-off\">\n\t\t\t<div class=\"evo-module-title evo-title-style-a  \">\n\t\t\t\t<h4 class=\"evo-title\">POLICIAL\n\t\t\t\t<\/h4>\t\t\n\t\t\t<\/div><!-- evo-module-title -->\n\t\t\t<div class=\"loading-posts\"><\/div>\n\t\t\t<div class=\"evo-module-inner\">\n\t\t\t\t<div class=\"row\">\n\t\t\t\t\t\t\t<div class=\"col-md-6 col-sm-12 col-xs-12 evo-large-post\">\n\t\t\t\t\t\t\t\t<article class=\"evo-post evo-post-outer\" itemscope=\"itemscope\" itemtype=\"http:\/\/schema.org\/Article\">\n\t\t\t\t\t\t\t\t\t<figure class=\"evo-post-thumb evo-lazy-thumb evo-hover-thumb\">\n\t\t\t\t\t\t\t\t\t\t<a href=\"https:\/\/diarioregionaldigital.com.br\/?p=232154\"><img decoding=\"async\" src=\"https:\/\/diarioregionaldigital.com.br\/wp-content\/uploads\/2026\/01\/IMG_7776-360x280.jpeg\"  alt=\"Governo de Minas se prepara para promover o Carnaval mais seguro do Brasil\" class=\"lazy-thumb\"\/>\n\t\t\t\t\t\t\t\t\t\t<\/a>\n\t\t\t\t\t\t\t\t\t\t<div class=\"evo-category-meta\">\n\t\t\t\t\t\t\t\t\t\t<\/div><!-- evo-category-meta -->\n\t\t\t\t\t\t\t\t\t<\/figure><!-- evo-post-thumb -->\n\t\t\t\t\t\t\t\t\t<div class=\"evo-post-body\">\n\t\t\t\t\t\t\t\t\t\t<div class=\"evo-post-inner\">\n\t\t\t\t\t<h3 class=\"evo-entry-title\">\n\t\t\t\t\t\t<a href=\"https:\/\/diarioregionaldigital.com.br\/?p=232154\" title=\"Governo de Minas se prepara para promover o Carnaval mais seguro do Brasil\">Governo de Minas se prepara para promover o Carnaval mais seguro do Brasil<\/a>\n\t\t\t\t\t<\/h3>\n\t\t\t\t\n\t\t\t\t\t\t\t\t\t\t\t<div class=\"evo-entry-content\"><p>O Governo de Minas e as For\u00e7as de Seguran\u00e7a est\u00e3o empenhados para fazer com que o Carnaval no estado continue...<\/p>\n\t\t\t\t\t\t\t\t\t\t\t<\/div><!-- evo-entry-content -->\n\t\t\t\t\t\t\t\t\t\t\t<div class=\"evo-post-meta center\">\n\t\t\t\t\t\t\t\t\t\t\t<\/div><!-- evo-post-meta -->\n\t\t\t\t\t\t\t\t\t\t<\/div><!-- evo-post-inner -->\n\t\t\t\t\t\t\t\t\t<\/div><!-- evo-post-body -->\n\t\t\t\t\t\t\t\t<\/article><!-- evo-post -->\n\t\t\t\t\t\t\t<\/div><!-- evo-large-post --><div class=\"col-md-6 col-sm-12 col-xs-12 evo-small-list evo-list-flex\">\n\t\t\t\t\t\t\t<article class=\"evo-post evo-post-outer\" itemscope=\"itemscope\" itemtype=\"http:\/\/schema.org\/Article\">\n\t\t\t\t\t\t\t\t<figure class=\"evo-post-thumb evo-lazy-thumb evo-hover-thumb\"><img decoding=\"async\" src=\"https:\/\/diarioregionaldigital.com.br\/wp-content\/uploads\/2026\/01\/IMG_7480-100x70.jpeg\"  alt=\"Governo de Minas acompanha entregas para Sa\u00fade e Seguran\u00e7a no Centro-Oeste do estado\" class=\"lazy-thumb\"\/>\n\t\t\t\t\t\t\t\t<\/figure>\n\t\t\t\t\t\t\t\t<div class=\"evo-post-body\">\n\t\t\t\t\t\t\t\t\t<div class=\"evo-post-inner\">\n\t\t\t\t\t<h3 class=\"evo-entry-title\">\n\t\t\t\t\t\t<a href=\"https:\/\/diarioregionaldigital.com.br\/?p=232092\" title=\"Governo de Minas acompanha entregas para Sa\u00fade e Seguran\u00e7a no Centro-Oeste do estado\">Governo de Minas acompanha entregas para Sa\u00fade e Seguran\u00e7a no Centro-Oeste do estado<\/a>\n\t\t\t\t\t<\/h3>\n\t\t\t\t\n\t\t\t\t\t\t\t\t\t\t<div class=\"evo-post-meta center\">\n\t\t\t\t\t\t\t\t\t\t<\/div><!-- evo-post-meta -->\n\t\t\t\t\t\t\t\t\t<\/div><!-- evo-post-inner -->\n\t\t\t\t\t\t\t\t<\/div><!-- evo-post-body -->\n\t\t\t\t\t\t\t<\/article><!-- evo-post -->\n\t\t\t\t\t\t\t<article class=\"evo-post evo-post-outer\" itemscope=\"itemscope\" itemtype=\"http:\/\/schema.org\/Article\">\n\t\t\t\t\t\t\t\t<figure class=\"evo-post-thumb evo-lazy-thumb evo-hover-thumb\"><img decoding=\"async\" src=\"https:\/\/diarioregionaldigital.com.br\/wp-content\/uploads\/2025\/12\/poliicial-100x70.jpg\"  alt=\"Governo de Minas participa da solenidade de passagem de comando da 4\u00aa Regi\u00e3o da Pol\u00edcia Militar, em Juiz de Fora\" class=\"lazy-thumb\"\/>\n\t\t\t\t\t\t\t\t<\/figure>\n\t\t\t\t\t\t\t\t<div class=\"evo-post-body\">\n\t\t\t\t\t\t\t\t\t<div class=\"evo-post-inner\">\n\t\t\t\t\t<h3 class=\"evo-entry-title\">\n\t\t\t\t\t\t<a href=\"https:\/\/diarioregionaldigital.com.br\/?p=231867\" title=\"Governo de Minas participa da solenidade de passagem de comando da 4\u00aa Regi\u00e3o da Pol\u00edcia Militar, em Juiz de Fora\">Governo de Minas participa da solenidade de passagem de comando da 4\u00aa Regi\u00e3o da Pol\u00edcia Militar, em Juiz de Fora<\/a>\n\t\t\t\t\t<\/h3>\n\t\t\t\t\n\t\t\t\t\t\t\t\t\t\t<div class=\"evo-post-meta center\">\n\t\t\t\t\t\t\t\t\t\t<\/div><!-- evo-post-meta -->\n\t\t\t\t\t\t\t\t\t<\/div><!-- evo-post-inner -->\n\t\t\t\t\t\t\t\t<\/div><!-- evo-post-body -->\n\t\t\t\t\t\t\t<\/article><!-- evo-post -->\n\t\t\t\t\t\t\t<article class=\"evo-post evo-post-outer\" itemscope=\"itemscope\" itemtype=\"http:\/\/schema.org\/Article\">\n\t\t\t\t\t\t\t\t<figure class=\"evo-post-thumb evo-lazy-thumb evo-hover-thumb\"><img decoding=\"async\" src=\"https:\/\/diarioregionaldigital.com.br\/wp-content\/uploads\/2025\/12\/IMG_6589-100x70.jpeg\"  alt=\"Governo de Minas acompanha passagem de comando da 14\u00aa Regi\u00e3o de Pol\u00edcia Militar, em Curvelo\" class=\"lazy-thumb\"\/>\n\t\t\t\t\t\t\t\t<\/figure>\n\t\t\t\t\t\t\t\t<div class=\"evo-post-body\">\n\t\t\t\t\t\t\t\t\t<div class=\"evo-post-inner\">\n\t\t\t\t\t<h3 class=\"evo-entry-title\">\n\t\t\t\t\t\t<a href=\"https:\/\/diarioregionaldigital.com.br\/?p=231852\" title=\"Governo de Minas acompanha passagem de comando da 14\u00aa Regi\u00e3o de Pol\u00edcia Militar, em Curvelo\">Governo de Minas acompanha passagem de comando da 14\u00aa Regi\u00e3o de Pol\u00edcia Militar, em Curvelo<\/a>\n\t\t\t\t\t<\/h3>\n\t\t\t\t\n\t\t\t\t\t\t\t\t\t\t<div class=\"evo-post-meta center\">\n\t\t\t\t\t\t\t\t\t\t<\/div><!-- evo-post-meta -->\n\t\t\t\t\t\t\t\t\t<\/div><!-- evo-post-inner -->\n\t\t\t\t\t\t\t\t<\/div><!-- evo-post-body -->\n\t\t\t\t\t\t\t<\/article><!-- evo-post -->\n\t\t\t\t\t\t\t<article class=\"evo-post evo-post-outer\" itemscope=\"itemscope\" itemtype=\"http:\/\/schema.org\/Article\">\n\t\t\t\t\t\t\t\t<figure class=\"evo-post-thumb evo-lazy-thumb evo-hover-thumb\"><img decoding=\"async\" src=\"https:\/\/diarioregionaldigital.com.br\/wp-content\/uploads\/2025\/11\/PolITIcA-01-7-100x70.jpg\"  alt=\"Governo de Minas apreende mais de 182 mil litros de bebidas irregulares e inutiliza quase 4 mil recipientes em opera\u00e7\u00e3o\" class=\"lazy-thumb\"\/>\n\t\t\t\t\t\t\t\t<\/figure>\n\t\t\t\t\t\t\t\t<div class=\"evo-post-body\">\n\t\t\t\t\t\t\t\t\t<div class=\"evo-post-inner\">\n\t\t\t\t\t<h3 class=\"evo-entry-title\">\n\t\t\t\t\t\t<a href=\"https:\/\/diarioregionaldigital.com.br\/?p=231368\" title=\"Governo de Minas apreende mais de 182 mil litros de bebidas irregulares e inutiliza quase 4 mil recipientes em opera\u00e7\u00e3o\">Governo de Minas apreende mais de 182 mil litros de bebidas irregulares e inutiliza quase 4 mil recipientes em opera\u00e7\u00e3o<\/a>\n\t\t\t\t\t<\/h3>\n\t\t\t\t\n\t\t\t\t\t\t\t\t\t\t<div class=\"evo-post-meta center\">\n\t\t\t\t\t\t\t\t\t\t<\/div><!-- evo-post-meta -->\n\t\t\t\t\t\t\t\t\t<\/div><!-- evo-post-inner -->\n\t\t\t\t\t\t\t\t<\/div><!-- evo-post-body -->\n\t\t\t\t\t\t\t<\/article><!-- evo-post --><\/div><!-- evo-small-list -->\n\t\t\t\t<\/div><!-- row -->\n\t\t\t<\/div><!-- evo-module-inner --><div class=\"ajax-all-data\"\n\t\t\t\t\tdata-style=\"style1\"\n\t\t\t\t\tdata-categorypostfeaturedsettings=\"post-author,post-date,post-comment\"\n\t\t\t\t\tdata-subcategorytitle=\"POLICIAL\"\n\t\t\t\t\tdata-subcategoryajaxonoff=\"off\"\n\t\t\t\t\tdata-subcategoryonoff=\"off\"\n\t\t\t\t\tdata-orderby=\"date\"\n\t\t\t\t\tdata-postcount=\"\"\n\t\t\t\t\tdata-excludepostid=\"\"\n\t\t\t\t\tdata-excludetag=\"\"\n\t\t\t\t\tdata-querysource=\"by-category\"\n\t\t\t\t\tdata-postid=\"\"\n\t\t\t\t\tdata-cat=\"301\"\n\t\t\t\t\tdata-authorid=\"\">\n\t\t\t\t<\/div>\n\t\t<\/div><!-- evo-module -->\n\t\t\n\t\t\t<div class=\"evo-module evo-module-category evo-category-j module-margin-top\">\n\t\t\t<div class=\"evo-module-title evo-title-style-a  \">\n\t\t\t\t<h4 class=\"evo-title\">CIDADE\n\t\t\t\t<\/h4>\t\t\n\t\t\t<\/div><!-- evo-module-title -->\n\t\t\t\t\t<div class=\"evo-module-inner\">\n\t\t\t\t\t\t<div class=\"evo-category-row evo-flex\">\n\t\t\t\t\t\t\t\t<article class=\"evo-post evo-post-outer\" itemscope=\"itemscope\" itemtype=\"http:\/\/schema.org\/Article\">\n\t\t\t\t\t\t\t\t\t<figure class=\"evo-post-thumb evo-lazy-thumb evo-hover-thumb\">\n\t\t\t\t\t\t\t\t\t\t<a href=\"https:\/\/diarioregionaldigital.com.br\/?p=232954\"><img decoding=\"async\" src=\"https:\/\/diarioregionaldigital.com.br\/wp-content\/uploads\/2026\/04\/IMG_1154-250x145.png\"  alt=\"Fiscaliza\u00e7\u00e3o realiza doa\u00e7\u00e3o de 1.151 pares de \u00f3culos para Associa\u00e7\u00e3o dos Cegos de Juiz de Fora\" class=\"lazy-thumb\"\/><div class=\"evo-category-meta\"><\/div>\n\t\t\t\t\t\t\t\t\t\t<\/a>\n\t\t\t\t\t\t\t\t\t<\/figure><!-- evo-post-thumb -->\n\t\t\t\t\t\t\t\t\t<div class=\"evo-post-body\">\n\t\t\t\t\t\t\t\t\t\t<div class=\"evo-post-inner\">\n\t\t\t\t\t<h3 class=\"evo-entry-title\">\n\t\t\t\t\t\t<a href=\"https:\/\/diarioregionaldigital.com.br\/?p=232954\" title=\"Fiscaliza\u00e7\u00e3o realiza doa\u00e7\u00e3o de 1.151 pares de \u00f3culos para Associa\u00e7\u00e3o dos Cegos de Juiz de Fora\">Fiscaliza\u00e7\u00e3o realiza doa\u00e7\u00e3o de 1.151 pares de \u00f3culos para Associa\u00e7\u00e3o dos Cegos de Juiz de Fora<\/a>\n\t\t\t\t\t<\/h3>\n\t\t\t\t\n\t\t\t\t\t\t\t\t\t\t\t<div class=\"evo-entry-content\"><p>Segundo informa\u00e7\u00f5es do site da Prefeitura de Juiz...<\/p>\n\t\t\t\t\t\t\t\t\t\t\t<\/div><!-- evo-entry-content -->\n\t\t\t\t\t\t\t\t\t\t\t<div class=\"evo-post-meta center\">\n\t\t\t\t\t\t\t\t\t\t\t<\/div><!-- evo-post-meta -->\n\t\t\t\t\t\t\t\t\t\t<\/div><!-- evo-post-inner -->\n\t\t\t\t\t\t\t\t\t<\/div><!-- evo-post-body -->\n\t\t\t\t\t\t\t\t<\/article><!-- evo-post -->\n\t\t\t\t\t\t\t\t<article class=\"evo-post evo-post-outer\" itemscope=\"itemscope\" itemtype=\"http:\/\/schema.org\/Article\">\n\t\t\t\t\t\t\t\t\t<figure class=\"evo-post-thumb evo-lazy-thumb evo-hover-thumb\">\n\t\t\t\t\t\t\t\t\t\t<a href=\"https:\/\/diarioregionaldigital.com.br\/?p=232951\"><img decoding=\"async\" src=\"https:\/\/diarioregionaldigital.com.br\/wp-content\/uploads\/2026\/04\/IMG_2174-250x145.jpeg\"  alt=\"Benefici\u00e1rios do Bolsa Fam\u00edlia em Juiz de Fora receber\u00e3o pagamento antecipado nesta quinta-feira, 16\" class=\"lazy-thumb\"\/><div class=\"evo-category-meta\"><\/div>\n\t\t\t\t\t\t\t\t\t\t<\/a>\n\t\t\t\t\t\t\t\t\t<\/figure><!-- evo-post-thumb -->\n\t\t\t\t\t\t\t\t\t<div class=\"evo-post-body\">\n\t\t\t\t\t\t\t\t\t\t<div class=\"evo-post-inner\">\n\t\t\t\t\t<h3 class=\"evo-entry-title\">\n\t\t\t\t\t\t<a href=\"https:\/\/diarioregionaldigital.com.br\/?p=232951\" title=\"Benefici\u00e1rios do Bolsa Fam\u00edlia em Juiz de Fora receber\u00e3o pagamento antecipado nesta quinta-feira, 16\">Benefici\u00e1rios do Bolsa Fam\u00edlia em Juiz de Fora receber\u00e3o pagamento antecipado nesta quinta-feira, 16<\/a>\n\t\t\t\t\t<\/h3>\n\t\t\t\t\n\t\t\t\t\t\t\t\t\t\t\t<div class=\"evo-entry-content\"><p>Segundo informa\u00e7\u00f5es do site da Prefeitura de Juiz...<\/p>\n\t\t\t\t\t\t\t\t\t\t\t<\/div><!-- evo-entry-content -->\n\t\t\t\t\t\t\t\t\t\t\t<div class=\"evo-post-meta center\">\n\t\t\t\t\t\t\t\t\t\t\t<\/div><!-- evo-post-meta -->\n\t\t\t\t\t\t\t\t\t\t<\/div><!-- evo-post-inner -->\n\t\t\t\t\t\t\t\t\t<\/div><!-- evo-post-body -->\n\t\t\t\t\t\t\t\t<\/article><!-- evo-post -->\n\t\t\t\t\t\t\t\t<article class=\"evo-post evo-post-outer\" itemscope=\"itemscope\" itemtype=\"http:\/\/schema.org\/Article\">\n\t\t\t\t\t\t\t\t\t<figure class=\"evo-post-thumb evo-lazy-thumb evo-hover-thumb\">\n\t\t\t\t\t\t\t\t\t\t<a href=\"https:\/\/diarioregionaldigital.com.br\/?p=232942\"><img decoding=\"async\" src=\"https:\/\/diarioregionaldigital.com.br\/wp-content\/uploads\/2026\/04\/IMG_0131-250x145.png\"  alt=\"\u201cAgora Tem Especialistas\u201d: 1.788 procedimentos realizados e fim da fila por tomografia em Juiz de Fora\" class=\"lazy-thumb\"\/><div class=\"evo-category-meta\"><\/div>\n\t\t\t\t\t\t\t\t\t\t<\/a>\n\t\t\t\t\t\t\t\t\t<\/figure><!-- evo-post-thumb -->\n\t\t\t\t\t\t\t\t\t<div class=\"evo-post-body\">\n\t\t\t\t\t\t\t\t\t\t<div class=\"evo-post-inner\">\n\t\t\t\t\t<h3 class=\"evo-entry-title\">\n\t\t\t\t\t\t<a href=\"https:\/\/diarioregionaldigital.com.br\/?p=232942\" title=\"\u201cAgora Tem Especialistas\u201d: 1.788 procedimentos realizados e fim da fila por tomografia em Juiz de Fora\">\u201cAgora Tem Especialistas\u201d: 1.788 procedimentos realizados e fim da fila por tomografia em Juiz de Fora<\/a>\n\t\t\t\t\t<\/h3>\n\t\t\t\t\n\t\t\t\t\t\t\t\t\t\t\t<div class=\"evo-entry-content\"><p>Segundo informa\u00e7\u00f5es do site da Prefeitura de Juiz...<\/p>\n\t\t\t\t\t\t\t\t\t\t\t<\/div><!-- evo-entry-content -->\n\t\t\t\t\t\t\t\t\t\t\t<div class=\"evo-post-meta center\">\n\t\t\t\t\t\t\t\t\t\t\t<\/div><!-- evo-post-meta -->\n\t\t\t\t\t\t\t\t\t\t<\/div><!-- evo-post-inner -->\n\t\t\t\t\t\t\t\t\t<\/div><!-- evo-post-body -->\n\t\t\t\t\t\t\t\t<\/article><!-- evo-post -->\n\t\t\t\t\t\t\t\t<article class=\"evo-post evo-post-outer\" itemscope=\"itemscope\" itemtype=\"http:\/\/schema.org\/Article\">\n\t\t\t\t\t\t\t\t\t<figure class=\"evo-post-thumb evo-lazy-thumb evo-hover-thumb\">\n\t\t\t\t\t\t\t\t\t\t<a href=\"https:\/\/diarioregionaldigital.com.br\/?p=232939\"><img decoding=\"async\" src=\"https:\/\/diarioregionaldigital.com.br\/wp-content\/uploads\/2026\/04\/IMG_1116-250x145.png\"  alt=\"Prefeitura retoma itiner\u00e1rio completo da linha 300 \u2013 Campo Alegre \/ Via Granjas Primavera ap\u00f3s novas vistorias\" class=\"lazy-thumb\"\/><div class=\"evo-category-meta\"><\/div>\n\t\t\t\t\t\t\t\t\t\t<\/a>\n\t\t\t\t\t\t\t\t\t<\/figure><!-- evo-post-thumb -->\n\t\t\t\t\t\t\t\t\t<div class=\"evo-post-body\">\n\t\t\t\t\t\t\t\t\t\t<div class=\"evo-post-inner\">\n\t\t\t\t\t<h3 class=\"evo-entry-title\">\n\t\t\t\t\t\t<a href=\"https:\/\/diarioregionaldigital.com.br\/?p=232939\" title=\"Prefeitura retoma itiner\u00e1rio completo da linha 300 \u2013 Campo Alegre \/ Via Granjas Primavera ap\u00f3s novas vistorias\">Prefeitura retoma itiner\u00e1rio completo da linha 300 \u2013 Campo Alegre \/ Via Granjas Primavera ap\u00f3s novas vistorias<\/a>\n\t\t\t\t\t<\/h3>\n\t\t\t\t\n\t\t\t\t\t\t\t\t\t\t\t<div class=\"evo-entry-content\"><p>Segundo informa\u00e7\u00f5es do site da Prefeitura de Juiz...<\/p>\n\t\t\t\t\t\t\t\t\t\t\t<\/div><!-- evo-entry-content -->\n\t\t\t\t\t\t\t\t\t\t\t<div class=\"evo-post-meta center\">\n\t\t\t\t\t\t\t\t\t\t\t<\/div><!-- evo-post-meta -->\n\t\t\t\t\t\t\t\t\t\t<\/div><!-- evo-post-inner -->\n\t\t\t\t\t\t\t\t\t<\/div><!-- evo-post-body -->\n\t\t\t\t\t\t\t\t<\/article><!-- evo-post -->\n\t\t\t\t\t\t\t\t<article class=\"evo-post evo-post-outer\" itemscope=\"itemscope\" itemtype=\"http:\/\/schema.org\/Article\">\n\t\t\t\t\t\t\t\t\t<figure class=\"evo-post-thumb evo-lazy-thumb evo-hover-thumb\">\n\t\t\t\t\t\t\t\t\t\t<a href=\"https:\/\/diarioregionaldigital.com.br\/?p=232929\"><img decoding=\"async\" src=\"https:\/\/diarioregionaldigital.com.br\/wp-content\/uploads\/2026\/04\/IMG_1097-250x145.jpeg\"  alt=\"PJF aplica mais de 10 mil vacinas contra gripe no dia D, prote\u00e7\u00e3o segue dispon\u00edvel nos servi\u00e7os de sa\u00fade\" class=\"lazy-thumb\"\/><div class=\"evo-category-meta\"><\/div>\n\t\t\t\t\t\t\t\t\t\t<\/a>\n\t\t\t\t\t\t\t\t\t<\/figure><!-- evo-post-thumb -->\n\t\t\t\t\t\t\t\t\t<div class=\"evo-post-body\">\n\t\t\t\t\t\t\t\t\t\t<div class=\"evo-post-inner\">\n\t\t\t\t\t<h3 class=\"evo-entry-title\">\n\t\t\t\t\t\t<a href=\"https:\/\/diarioregionaldigital.com.br\/?p=232929\" title=\"PJF aplica mais de 10 mil vacinas contra gripe no dia D, prote\u00e7\u00e3o segue dispon\u00edvel nos servi\u00e7os de sa\u00fade\">PJF aplica mais de 10 mil vacinas contra gripe no dia D, prote\u00e7\u00e3o segue dispon\u00edvel nos servi\u00e7os de sa\u00fade<\/a>\n\t\t\t\t\t<\/h3>\n\t\t\t\t\n\t\t\t\t\t\t\t\t\t\t\t<div class=\"evo-entry-content\"><p>Segundo informa\u00e7\u00f5es do site da Prefeitura de Juiz...<\/p>\n\t\t\t\t\t\t\t\t\t\t\t<\/div><!-- evo-entry-content -->\n\t\t\t\t\t\t\t\t\t\t\t<div class=\"evo-post-meta center\">\n\t\t\t\t\t\t\t\t\t\t\t<\/div><!-- evo-post-meta -->\n\t\t\t\t\t\t\t\t\t\t<\/div><!-- evo-post-inner -->\n\t\t\t\t\t\t\t\t\t<\/div><!-- evo-post-body -->\n\t\t\t\t\t\t\t\t<\/article><!-- evo-post -->\n\t\t\t\t\t\t\t\t<article class=\"evo-post evo-post-outer\" itemscope=\"itemscope\" itemtype=\"http:\/\/schema.org\/Article\">\n\t\t\t\t\t\t\t\t\t<figure class=\"evo-post-thumb evo-lazy-thumb evo-hover-thumb\">\n\t\t\t\t\t\t\t\t\t\t<a href=\"https:\/\/diarioregionaldigital.com.br\/?p=232926\"><img decoding=\"async\" src=\"https:\/\/diarioregionaldigital.com.br\/wp-content\/uploads\/2026\/04\/IMG_8854-250x145.png\"  alt=\"Ranking de Corridas de Rua: confira os resultados da 9\u00aa Corrida C\u00f4rtes Villela\" class=\"lazy-thumb\"\/><div class=\"evo-category-meta\"><\/div>\n\t\t\t\t\t\t\t\t\t\t<\/a>\n\t\t\t\t\t\t\t\t\t<\/figure><!-- evo-post-thumb -->\n\t\t\t\t\t\t\t\t\t<div class=\"evo-post-body\">\n\t\t\t\t\t\t\t\t\t\t<div class=\"evo-post-inner\">\n\t\t\t\t\t<h3 class=\"evo-entry-title\">\n\t\t\t\t\t\t<a href=\"https:\/\/diarioregionaldigital.com.br\/?p=232926\" title=\"Ranking de Corridas de Rua: confira os resultados da 9\u00aa Corrida C\u00f4rtes Villela\">Ranking de Corridas de Rua: confira os resultados da 9\u00aa Corrida C\u00f4rtes Villela<\/a>\n\t\t\t\t\t<\/h3>\n\t\t\t\t\n\t\t\t\t\t\t\t\t\t\t\t<div class=\"evo-entry-content\"><p>Segundo informa\u00e7\u00f5es do site da Prefeitura de Juiz...<\/p>\n\t\t\t\t\t\t\t\t\t\t\t<\/div><!-- evo-entry-content -->\n\t\t\t\t\t\t\t\t\t\t\t<div class=\"evo-post-meta center\">\n\t\t\t\t\t\t\t\t\t\t\t<\/div><!-- evo-post-meta -->\n\t\t\t\t\t\t\t\t\t\t<\/div><!-- evo-post-inner -->\n\t\t\t\t\t\t\t\t\t<\/div><!-- evo-post-body -->\n\t\t\t\t\t\t\t\t<\/article><!-- evo-post -->\n\t\t\t\t\t\t<\/div><!-- evo-row -->\n\t\t\t\t\t<\/div><!-- evo-module-inner --><div class=\"ajax-all-data\"\n\t\t\t\t\t\tdata-style=\"style10\"\n\t\t\t\t\t\tdata-categorypostfeaturedsettings=\"post-author,post-date,post-comment\"\n\t\t\t\t\t\tdata-subcategorytitle=\"CIDADE\"\n\t\t\t\t\t\tdata-subcategoryajaxonoff=\"off\"\n\t\t\t\t\t\tdata-subcategoryonoff=\"off\"\n\t\t\t\t\t\tdata-orderby=\"date\"\n\t\t\t\t\t\tdata-postcount=\"\"\n\t\t\t\t\t\tdata-excludepostid=\"\"\n\t\t\t\t\t\tdata-excludetag=\"\"\n\t\t\t\t\t\tdata-querysource=\"by-category\"\n\t\t\t\t\t\tdata-postid=\"\"\n\t\t\t\t\t\tdata-cat=\"253\"\n\t\t\t\t\t\tdata-authorid=\"\">\n\t\t\t\t\t<\/div>\n\t\t\t\t<\/div><!-- evo-module -->\n\t\t[\/vc_column][vc_column width=&#8221;1\/3&#8243; el_class=&#8221;evo-sticky&#8221;]\n\t\t\t<div class=\"evo-sidebar right evo-right-sidebar\">\n\t\t<aside id=\"evonews_latest_posts_widget-6\" class=\"widget evo-recent-posts\">\n\t\t\t<div class=\"evo-widget-title\"><h4 class=\"evo-title\">\u00daLTIMAS NOT\u00cdCIAS<\/h4><\/div>\n\t\t\t\t\t\t\t<div class=\"evo-recent-style-e\">\n\t\t\t\t\t\t\t\t\t\t<article class=\"evo-post\" itemscope=\"itemscope\" itemtype=\"http:\/\/schema.org\/Article\">\n\t\t\t\t\t\t<div class=\"evo-post-body\">\n\t\t\t\t\t\t\t<div class=\"evo-post-inner\">\n\t\t\t\t\t\t\t\t<h3 class=\"evo-entry-title\"><a href=\"https:\/\/diarioregionaldigital.com.br\/?p=232939\" title=\"Prefeitura retoma itiner\u00e1rio completo da linha 300 \u2013 Campo Alegre \/ Via Granjas Primavera ap\u00f3s novas vistorias\">Prefeitura retoma itiner\u00e1rio completo da linha 300 \u2013 Campo Alegre \/ Via Granjas Primavera ap\u00f3s novas vistorias<\/a><\/h3>\t\t\t\t\t\t\t\t<div class=\"evo-entry-content\">\n\t\t\t\t\t\t\t\t\t<figure class=\"evo-post-thumb evo-hover-thumb evo-lazy-thumb\">\n\t\t\t\t\t\t\t\t\t\t<a href=\"https:\/\/diarioregionaldigital.com.br\/?p=232939\"><img decoding=\"async\" src=\"https:\/\/diarioregionaldigital.com.br\/wp-content\/uploads\/2026\/04\/IMG_1116-80x80.png\"  alt=\"Prefeitura retoma itiner\u00e1rio completo da linha 300 \u2013 Campo Alegre \/ Via Granjas Primavera ap\u00f3s novas vistorias\" class=\"lazy-thumb\"\/><\/a>\t\t\t\t\t\t\t\t\t<\/figure>\n\t\t\t\t\t\t\t\t\t<p>Segundo informa\u00e7\u00f5es do site da Prefeitura de Juiz de Fora (PJF), a PJF informa...<\/p>\t\t\t\t\t\t\t\t<\/div><!-- evo-entry-content -->\t\t\t\t\t\t\t\t\n\t\t\t\t\t\t\t<\/div><!-- evo-post-inner -->\n\t\t\t\t\t\t<\/div><!-- evo-post-body -->\n\t\t\t\t\t<\/article><!-- evo-post -->\n\t\t\t\t\t\t\t\t\t\t<article class=\"evo-post\" itemscope=\"itemscope\" itemtype=\"http:\/\/schema.org\/Article\">\n\t\t\t\t\t\t<div class=\"evo-post-body\">\n\t\t\t\t\t\t\t<div class=\"evo-post-inner\">\n\t\t\t\t\t\t\t\t<h3 class=\"evo-entry-title\"><a href=\"https:\/\/diarioregionaldigital.com.br\/?p=232935\" title=\"Governo de Minas realiza leil\u00e3o para constru\u00e7\u00e3o da ponte entre C\u00e1ssia e Delfin\u00f3polis\">Governo de Minas realiza leil\u00e3o para constru\u00e7\u00e3o da ponte entre C\u00e1ssia e Delfin\u00f3polis<\/a><\/h3>\t\t\t\t\t\t\t\t<div class=\"evo-entry-content\">\n\t\t\t\t\t\t\t\t\t<figure class=\"evo-post-thumb evo-hover-thumb evo-lazy-thumb\">\n\t\t\t\t\t\t\t\t\t\t<a href=\"https:\/\/diarioregionaldigital.com.br\/?p=232935\"><img decoding=\"async\" src=\"https:\/\/diarioregionaldigital.com.br\/wp-content\/uploads\/2026\/04\/IMG_1115-80x80.jpeg\"  alt=\"Governo de Minas realiza leil\u00e3o para constru\u00e7\u00e3o da ponte entre C\u00e1ssia e Delfin\u00f3polis\" class=\"lazy-thumb\"\/><\/a>\t\t\t\t\t\t\t\t\t<\/figure>\n\t\t\t\t\t\t\t\t\t<p>O Governo de Minas, por meio da Secretaria de Estado de Infraestrutura, Mobilidade e...<\/p>\t\t\t\t\t\t\t\t<\/div><!-- evo-entry-content -->\t\t\t\t\t\t\t\t\n\t\t\t\t\t\t\t<\/div><!-- evo-post-inner -->\n\t\t\t\t\t\t<\/div><!-- evo-post-body -->\n\t\t\t\t\t<\/article><!-- evo-post -->\n\t\t\t\t\t\t\t\t\t\t<article class=\"evo-post\" itemscope=\"itemscope\" itemtype=\"http:\/\/schema.org\/Article\">\n\t\t\t\t\t\t<div class=\"evo-post-body\">\n\t\t\t\t\t\t\t<div class=\"evo-post-inner\">\n\t\t\t\t\t\t\t\t<h3 class=\"evo-entry-title\"><a href=\"https:\/\/diarioregionaldigital.com.br\/?p=232932\" title=\"Diamantina \u00e9 a 6\u00aa cidade a receber a Pra\u00e7a de Servi\u00e7os &#8211; Governo Presente com atendimentos gratuitos \u00e0 popula\u00e7\u00e3o; veja datas\">Diamantina \u00e9 a 6\u00aa cidade a receber a Pra\u00e7a de Servi\u00e7os &#8211; Governo Presente com atendimentos gratuitos \u00e0 popula\u00e7\u00e3o; veja datas<\/a><\/h3>\t\t\t\t\t\t\t\t<div class=\"evo-entry-content\">\n\t\t\t\t\t\t\t\t\t<figure class=\"evo-post-thumb evo-hover-thumb evo-lazy-thumb\">\n\t\t\t\t\t\t\t\t\t\t<a href=\"https:\/\/diarioregionaldigital.com.br\/?p=232932\"><img decoding=\"async\" src=\"https:\/\/diarioregionaldigital.com.br\/wp-content\/uploads\/2026\/04\/IMG_1114-80x80.jpeg\"  alt=\"Diamantina \u00e9 a 6\u00aa cidade a receber a Pra\u00e7a de Servi\u00e7os &#8211; Governo Presente com atendimentos gratuitos \u00e0 popula\u00e7\u00e3o; veja datas\" class=\"lazy-thumb\"\/><\/a>\t\t\t\t\t\t\t\t\t<\/figure>\n\t\t\t\t\t\t\t\t\t<p>Diamantina, no Vale do Jequitinhonha, recebe, nesta quinta (16\/4) e sexta-feira (17\/4), a Pra\u00e7a...<\/p>\t\t\t\t\t\t\t\t<\/div><!-- evo-entry-content -->\t\t\t\t\t\t\t\t\n\t\t\t\t\t\t\t<\/div><!-- evo-post-inner -->\n\t\t\t\t\t\t<\/div><!-- evo-post-body -->\n\t\t\t\t\t<\/article><!-- evo-post -->\n\t\t\t\t\t\t\t\t\t\t<article class=\"evo-post\" itemscope=\"itemscope\" itemtype=\"http:\/\/schema.org\/Article\">\n\t\t\t\t\t\t<div class=\"evo-post-body\">\n\t\t\t\t\t\t\t<div class=\"evo-post-inner\">\n\t\t\t\t\t\t\t\t<h3 class=\"evo-entry-title\"><a href=\"https:\/\/diarioregionaldigital.com.br\/?p=232929\" title=\"PJF aplica mais de 10 mil vacinas contra gripe no dia D, prote\u00e7\u00e3o segue dispon\u00edvel nos servi\u00e7os de sa\u00fade\">PJF aplica mais de 10 mil vacinas contra gripe no dia D, prote\u00e7\u00e3o segue dispon\u00edvel nos servi\u00e7os de sa\u00fade<\/a><\/h3>\t\t\t\t\t\t\t\t<div class=\"evo-entry-content\">\n\t\t\t\t\t\t\t\t\t<figure class=\"evo-post-thumb evo-hover-thumb evo-lazy-thumb\">\n\t\t\t\t\t\t\t\t\t\t<a href=\"https:\/\/diarioregionaldigital.com.br\/?p=232929\"><img decoding=\"async\" src=\"https:\/\/diarioregionaldigital.com.br\/wp-content\/uploads\/2026\/04\/IMG_1097-80x80.jpeg\"  alt=\"PJF aplica mais de 10 mil vacinas contra gripe no dia D, prote\u00e7\u00e3o segue dispon\u00edvel nos servi\u00e7os de sa\u00fade\" class=\"lazy-thumb\"\/><\/a>\t\t\t\t\t\t\t\t\t<\/figure>\n\t\t\t\t\t\t\t\t\t<p>Segundo informa\u00e7\u00f5es do site da Prefeitura de Juiz de Fora (PJF), no \u00faltimo s\u00e1bado,...<\/p>\t\t\t\t\t\t\t\t<\/div><!-- evo-entry-content -->\t\t\t\t\t\t\t\t\n\t\t\t\t\t\t\t<\/div><!-- evo-post-inner -->\n\t\t\t\t\t\t<\/div><!-- evo-post-body -->\n\t\t\t\t\t<\/article><!-- evo-post -->\n\t\t\t\t\t\t\t\t\t\t<article class=\"evo-post\" itemscope=\"itemscope\" itemtype=\"http:\/\/schema.org\/Article\">\n\t\t\t\t\t\t<div class=\"evo-post-body\">\n\t\t\t\t\t\t\t<div class=\"evo-post-inner\">\n\t\t\t\t\t\t\t\t<h3 class=\"evo-entry-title\"><a href=\"https:\/\/diarioregionaldigital.com.br\/?p=232926\" title=\"Ranking de Corridas de Rua: confira os resultados da 9\u00aa Corrida C\u00f4rtes Villela\">Ranking de Corridas de Rua: confira os resultados da 9\u00aa Corrida C\u00f4rtes Villela<\/a><\/h3>\t\t\t\t\t\t\t\t<div class=\"evo-entry-content\">\n\t\t\t\t\t\t\t\t\t<figure class=\"evo-post-thumb evo-hover-thumb evo-lazy-thumb\">\n\t\t\t\t\t\t\t\t\t\t<a href=\"https:\/\/diarioregionaldigital.com.br\/?p=232926\"><img decoding=\"async\" src=\"https:\/\/diarioregionaldigital.com.br\/wp-content\/uploads\/2026\/04\/IMG_8854-80x80.png\"  alt=\"Ranking de Corridas de Rua: confira os resultados da 9\u00aa Corrida C\u00f4rtes Villela\" class=\"lazy-thumb\"\/><\/a>\t\t\t\t\t\t\t\t\t<\/figure>\n\t\t\t\t\t\t\t\t\t<p>Segundo informa\u00e7\u00f5es do site da Prefeitura de Juiz de Fora (PJF), a 9\u00aa Corrida...<\/p>\t\t\t\t\t\t\t\t<\/div><!-- evo-entry-content -->\t\t\t\t\t\t\t\t\n\t\t\t\t\t\t\t<\/div><!-- evo-post-inner -->\n\t\t\t\t\t\t<\/div><!-- evo-post-body -->\n\t\t\t\t\t<\/article><!-- evo-post -->\n\t\t\t\t\t\t\t\t\t<\/div><!-- evo-recent-style-a -->\n\t\t\t\n\t\t\t<\/aside><\/div><!-- sidebar -->\n\t[\/vc_column][\/vc_row][vc_row css=&#8221;.vc_custom_1503003045984{margin-top: 50px !important;}&#8221;][vc_column][vc_raw_html]JTNDZGl2JTIwY2xhc3MlM0QlMjJhZC1iYW5uZXIlMjIlMjBzdHlsZSUzRCUyMnRleHQtYWxpZ24lM0FjZW50ZXIlM0JkaXNwbGF5JTNBYmxvY2slMjIlM0UlMEElNUJhZHJvdGF0ZSUyMGdyb3VwJTNEJTIyMyUyMiU1RCUwQSUzQyUyRmRpdiUzRQ==[\/vc_raw_html][\/vc_column][\/vc_row][vc_row css=&#8221;.vc_custom_1503003045984{margin-top: 50px !important;}&#8221;][vc_column width=&#8221;2\/3&#8243;]\n\t\t\t<div class=\"evo-module evo-module-category evo-category-j module-margin-top-off\">\n\t\t\t<div class=\"evo-module-title evo-title-style-a  \">\n\t\t\t\t<h4 class=\"evo-title\">REGI\u00c3O\n\t\t\t\t<\/h4>\t\t\n\t\t\t<\/div><!-- evo-module-title -->\n\t\t\t\t\t<div class=\"evo-module-inner\">\n\t\t\t\t\t\t<div class=\"evo-category-row evo-flex\">\n\t\t\t\t\t\t\t\t<article class=\"evo-post evo-post-outer\" itemscope=\"itemscope\" itemtype=\"http:\/\/schema.org\/Article\">\n\t\t\t\t\t\t\t\t\t<figure class=\"evo-post-thumb evo-lazy-thumb evo-hover-thumb\">\n\t\t\t\t\t\t\t\t\t\t<a href=\"https:\/\/diarioregionaldigital.com.br\/?p=232092\"><img decoding=\"async\" src=\"https:\/\/diarioregionaldigital.com.br\/wp-content\/uploads\/2026\/01\/IMG_7480-250x145.jpeg\"  alt=\"Governo de Minas acompanha entregas para Sa\u00fade e Seguran\u00e7a no Centro-Oeste do estado\" class=\"lazy-thumb\"\/><div class=\"evo-category-meta\"><\/div>\n\t\t\t\t\t\t\t\t\t\t<\/a>\n\t\t\t\t\t\t\t\t\t<\/figure><!-- evo-post-thumb -->\n\t\t\t\t\t\t\t\t\t<div class=\"evo-post-body\">\n\t\t\t\t\t\t\t\t\t\t<div class=\"evo-post-inner\">\n\t\t\t\t\t<h3 class=\"evo-entry-title\">\n\t\t\t\t\t\t<a href=\"https:\/\/diarioregionaldigital.com.br\/?p=232092\" title=\"Governo de Minas acompanha entregas para Sa\u00fade e Seguran\u00e7a no Centro-Oeste do estado\">Governo de Minas acompanha entregas para Sa\u00fade e Seguran\u00e7a no Centro-Oeste do estado<\/a>\n\t\t\t\t\t<\/h3>\n\t\t\t\t\n\t\t\t\t\t\t\t\t\t\t\t<div class=\"evo-entry-content\"><p>O governador de Minas Gerais, Romeu Zema, e...<\/p>\n\t\t\t\t\t\t\t\t\t\t\t<\/div><!-- evo-entry-content -->\n\t\t\t\t\t\t\t\t\t\t\t<div class=\"evo-post-meta center\">\n\t\t\t\t\t\t\t\t\t\t\t<\/div><!-- evo-post-meta -->\n\t\t\t\t\t\t\t\t\t\t<\/div><!-- evo-post-inner -->\n\t\t\t\t\t\t\t\t\t<\/div><!-- evo-post-body -->\n\t\t\t\t\t\t\t\t<\/article><!-- evo-post -->\n\t\t\t\t\t\t\t\t<article class=\"evo-post evo-post-outer\" itemscope=\"itemscope\" itemtype=\"http:\/\/schema.org\/Article\">\n\t\t\t\t\t\t\t\t\t<figure class=\"evo-post-thumb evo-lazy-thumb evo-hover-thumb\">\n\t\t\t\t\t\t\t\t\t\t<a href=\"https:\/\/diarioregionaldigital.com.br\/?p=231428\"><img decoding=\"async\" src=\"https:\/\/diarioregionaldigital.com.br\/wp-content\/uploads\/2025\/11\/PolITIca-02-6-250x145.jpg\"  alt=\"Receita Estadual fecha gr\u00e1fica clandestina que abastecia rede de falsifica\u00e7\u00e3o de produtos\" class=\"lazy-thumb\"\/><div class=\"evo-category-meta\"><\/div>\n\t\t\t\t\t\t\t\t\t\t<\/a>\n\t\t\t\t\t\t\t\t\t<\/figure><!-- evo-post-thumb -->\n\t\t\t\t\t\t\t\t\t<div class=\"evo-post-body\">\n\t\t\t\t\t\t\t\t\t\t<div class=\"evo-post-inner\">\n\t\t\t\t\t<h3 class=\"evo-entry-title\">\n\t\t\t\t\t\t<a href=\"https:\/\/diarioregionaldigital.com.br\/?p=231428\" title=\"Receita Estadual fecha gr\u00e1fica clandestina que abastecia rede de falsifica\u00e7\u00e3o de produtos\">Receita Estadual fecha gr\u00e1fica clandestina que abastecia rede de falsifica\u00e7\u00e3o de produtos<\/a>\n\t\t\t\t\t<\/h3>\n\t\t\t\t\n\t\t\t\t\t\t\t\t\t\t\t<div class=\"evo-entry-content\"><p>A Receita Estadual de Minas Gerais fechou uma...<\/p>\n\t\t\t\t\t\t\t\t\t\t\t<\/div><!-- evo-entry-content -->\n\t\t\t\t\t\t\t\t\t\t\t<div class=\"evo-post-meta center\">\n\t\t\t\t\t\t\t\t\t\t\t<\/div><!-- evo-post-meta -->\n\t\t\t\t\t\t\t\t\t\t<\/div><!-- evo-post-inner -->\n\t\t\t\t\t\t\t\t\t<\/div><!-- evo-post-body -->\n\t\t\t\t\t\t\t\t<\/article><!-- evo-post -->\n\t\t\t\t\t\t\t\t<article class=\"evo-post evo-post-outer\" itemscope=\"itemscope\" itemtype=\"http:\/\/schema.org\/Article\">\n\t\t\t\t\t\t\t\t\t<figure class=\"evo-post-thumb evo-lazy-thumb evo-hover-thumb\">\n\t\t\t\t\t\t\t\t\t\t<a href=\"https:\/\/diarioregionaldigital.com.br\/?p=231153\"><img decoding=\"async\" src=\"https:\/\/diarioregionaldigital.com.br\/wp-content\/uploads\/2025\/11\/policial-01-250x145.jpg\"  alt=\"Pol\u00edcia Militar prende mil foragidos com aux\u00edlio do reconhecimento facial\" class=\"lazy-thumb\"\/><div class=\"evo-category-meta\"><\/div>\n\t\t\t\t\t\t\t\t\t\t<\/a>\n\t\t\t\t\t\t\t\t\t<\/figure><!-- evo-post-thumb -->\n\t\t\t\t\t\t\t\t\t<div class=\"evo-post-body\">\n\t\t\t\t\t\t\t\t\t\t<div class=\"evo-post-inner\">\n\t\t\t\t\t<h3 class=\"evo-entry-title\">\n\t\t\t\t\t\t<a href=\"https:\/\/diarioregionaldigital.com.br\/?p=231153\" title=\"Pol\u00edcia Militar prende mil foragidos com aux\u00edlio do reconhecimento facial\">Pol\u00edcia Militar prende mil foragidos com aux\u00edlio do reconhecimento facial<\/a>\n\t\t\t\t\t<\/h3>\n\t\t\t\t\n\t\t\t\t\t\t\t\t\t\t\t<div class=\"evo-entry-content\"><p>A\u00a0Pol\u00edcia Militar de Minas Gerais (PMMG)\u00a0alcan\u00e7ou o n\u00famero...<\/p>\n\t\t\t\t\t\t\t\t\t\t\t<\/div><!-- evo-entry-content -->\n\t\t\t\t\t\t\t\t\t\t\t<div class=\"evo-post-meta center\">\n\t\t\t\t\t\t\t\t\t\t\t<\/div><!-- evo-post-meta -->\n\t\t\t\t\t\t\t\t\t\t<\/div><!-- evo-post-inner -->\n\t\t\t\t\t\t\t\t\t<\/div><!-- evo-post-body -->\n\t\t\t\t\t\t\t\t<\/article><!-- evo-post -->\n\t\t\t\t\t\t\t\t<article class=\"evo-post evo-post-outer\" itemscope=\"itemscope\" itemtype=\"http:\/\/schema.org\/Article\">\n\t\t\t\t\t\t\t\t\t<figure class=\"evo-post-thumb evo-lazy-thumb evo-hover-thumb\">\n\t\t\t\t\t\t\t\t\t\t<a href=\"https:\/\/diarioregionaldigital.com.br\/?p=230660\"><img decoding=\"async\" src=\"https:\/\/diarioregionaldigital.com.br\/wp-content\/uploads\/2025\/10\/cidade-01-250x145.jpg\"  alt=\"Adolescentes do Centro Socioeducativo de Juiz de Fora produzem fotos e participam de exposi\u00e7\u00e3o em festival internacional\" class=\"lazy-thumb\"\/><div class=\"evo-category-meta\"><\/div>\n\t\t\t\t\t\t\t\t\t\t<\/a>\n\t\t\t\t\t\t\t\t\t<\/figure><!-- evo-post-thumb -->\n\t\t\t\t\t\t\t\t\t<div class=\"evo-post-body\">\n\t\t\t\t\t\t\t\t\t\t<div class=\"evo-post-inner\">\n\t\t\t\t\t<h3 class=\"evo-entry-title\">\n\t\t\t\t\t\t<a href=\"https:\/\/diarioregionaldigital.com.br\/?p=230660\" title=\"Adolescentes do Centro Socioeducativo de Juiz de Fora produzem fotos e participam de exposi\u00e7\u00e3o em festival internacional\">Adolescentes do Centro Socioeducativo de Juiz de Fora produzem fotos e participam de exposi\u00e7\u00e3o em festival internacional<\/a>\n\t\t\t\t\t<\/h3>\n\t\t\t\t\n\t\t\t\t\t\t\t\t\t\t\t<div class=\"evo-entry-content\"><p>Imagens foram captadas por 13 adolescentes do Centro...<\/p>\n\t\t\t\t\t\t\t\t\t\t\t<\/div><!-- evo-entry-content -->\n\t\t\t\t\t\t\t\t\t\t\t<div class=\"evo-post-meta center\">\n\t\t\t\t\t\t\t\t\t\t\t<\/div><!-- evo-post-meta -->\n\t\t\t\t\t\t\t\t\t\t<\/div><!-- evo-post-inner -->\n\t\t\t\t\t\t\t\t\t<\/div><!-- evo-post-body -->\n\t\t\t\t\t\t\t\t<\/article><!-- evo-post -->\n\t\t\t\t\t\t\t\t<article class=\"evo-post evo-post-outer\" itemscope=\"itemscope\" itemtype=\"http:\/\/schema.org\/Article\">\n\t\t\t\t\t\t\t\t\t<figure class=\"evo-post-thumb evo-lazy-thumb evo-hover-thumb\">\n\t\t\t\t\t\t\t\t\t\t<a href=\"https:\/\/diarioregionaldigital.com.br\/?p=229613\"><img decoding=\"async\" src=\"https:\/\/diarioregionaldigital.com.br\/wp-content\/uploads\/2025\/08\/politica-03-250x145.png\"  alt=\"Minas Gerais d\u00e1 in\u00edcio \u00e0 campanha de vacina\u00e7\u00e3o contra a raiva em c\u00e3es e gatos\" class=\"lazy-thumb\"\/><div class=\"evo-category-meta\"><\/div>\n\t\t\t\t\t\t\t\t\t\t<\/a>\n\t\t\t\t\t\t\t\t\t<\/figure><!-- evo-post-thumb -->\n\t\t\t\t\t\t\t\t\t<div class=\"evo-post-body\">\n\t\t\t\t\t\t\t\t\t\t<div class=\"evo-post-inner\">\n\t\t\t\t\t<h3 class=\"evo-entry-title\">\n\t\t\t\t\t\t<a href=\"https:\/\/diarioregionaldigital.com.br\/?p=229613\" title=\"Minas Gerais d\u00e1 in\u00edcio \u00e0 campanha de vacina\u00e7\u00e3o contra a raiva em c\u00e3es e gatos\">Minas Gerais d\u00e1 in\u00edcio \u00e0 campanha de vacina\u00e7\u00e3o contra a raiva em c\u00e3es e gatos<\/a>\n\t\t\t\t\t<\/h3>\n\t\t\t\t\n\t\t\t\t\t\t\t\t\t\t\t<div class=\"evo-entry-content\"><p>Carinho, companhia e fidelidade: quem convive com c\u00e3es...<\/p>\n\t\t\t\t\t\t\t\t\t\t\t<\/div><!-- evo-entry-content -->\n\t\t\t\t\t\t\t\t\t\t\t<div class=\"evo-post-meta center\">\n\t\t\t\t\t\t\t\t\t\t\t<\/div><!-- evo-post-meta -->\n\t\t\t\t\t\t\t\t\t\t<\/div><!-- evo-post-inner -->\n\t\t\t\t\t\t\t\t\t<\/div><!-- evo-post-body -->\n\t\t\t\t\t\t\t\t<\/article><!-- evo-post -->\n\t\t\t\t\t\t\t\t<article class=\"evo-post evo-post-outer\" itemscope=\"itemscope\" itemtype=\"http:\/\/schema.org\/Article\">\n\t\t\t\t\t\t\t\t\t<figure class=\"evo-post-thumb evo-lazy-thumb evo-hover-thumb\">\n\t\t\t\t\t\t\t\t\t\t<a href=\"https:\/\/diarioregionaldigital.com.br\/?p=229488\"><img decoding=\"async\" src=\"https:\/\/diarioregionaldigital.com.br\/wp-content\/uploads\/2025\/07\/economia-02-1-250x145.png\"  alt=\"Governo de Minas lan\u00e7a sorteio especial de R$ 200 mil da Nota Fiscal Mineira para celebrar m\u00eas dos pais\" class=\"lazy-thumb\"\/><div class=\"evo-category-meta\"><\/div>\n\t\t\t\t\t\t\t\t\t\t<\/a>\n\t\t\t\t\t\t\t\t\t<\/figure><!-- evo-post-thumb -->\n\t\t\t\t\t\t\t\t\t<div class=\"evo-post-body\">\n\t\t\t\t\t\t\t\t\t\t<div class=\"evo-post-inner\">\n\t\t\t\t\t<h3 class=\"evo-entry-title\">\n\t\t\t\t\t\t<a href=\"https:\/\/diarioregionaldigital.com.br\/?p=229488\" title=\"Governo de Minas lan\u00e7a sorteio especial de R$ 200 mil da Nota Fiscal Mineira para celebrar m\u00eas dos pais\">Governo de Minas lan\u00e7a sorteio especial de R$ 200 mil da Nota Fiscal Mineira para celebrar m\u00eas dos pais<\/a>\n\t\t\t\t\t<\/h3>\n\t\t\t\t\n\t\t\t\t\t\t\t\t\t\t\t<div class=\"evo-entry-content\"><p>Agosto destaca-se como um m\u00eas importante para o...<\/p>\n\t\t\t\t\t\t\t\t\t\t\t<\/div><!-- evo-entry-content -->\n\t\t\t\t\t\t\t\t\t\t\t<div class=\"evo-post-meta center\">\n\t\t\t\t\t\t\t\t\t\t\t<\/div><!-- evo-post-meta -->\n\t\t\t\t\t\t\t\t\t\t<\/div><!-- evo-post-inner -->\n\t\t\t\t\t\t\t\t\t<\/div><!-- evo-post-body -->\n\t\t\t\t\t\t\t\t<\/article><!-- evo-post -->\n\t\t\t\t\t\t<\/div><!-- evo-row -->\n\t\t\t\t\t<\/div><!-- evo-module-inner --><div class=\"ajax-all-data\"\n\t\t\t\t\t\tdata-style=\"style10\"\n\t\t\t\t\t\tdata-categorypostfeaturedsettings=\"post-author,post-date,post-comment\"\n\t\t\t\t\t\tdata-subcategorytitle=\"REGI\u00c3O\"\n\t\t\t\t\t\tdata-subcategoryajaxonoff=\"off\"\n\t\t\t\t\t\tdata-subcategoryonoff=\"off\"\n\t\t\t\t\t\tdata-orderby=\"date\"\n\t\t\t\t\t\tdata-postcount=\"\"\n\t\t\t\t\t\tdata-excludepostid=\"\"\n\t\t\t\t\t\tdata-excludetag=\"\"\n\t\t\t\t\t\tdata-querysource=\"by-category\"\n\t\t\t\t\t\tdata-postid=\"\"\n\t\t\t\t\t\tdata-cat=\"252\"\n\t\t\t\t\t\tdata-authorid=\"\">\n\t\t\t\t\t<\/div>\n\t\t\t\t<\/div><!-- evo-module -->\n\t\t[\/vc_column][vc_column width=&#8221;1\/3&#8243;][\/vc_column][\/vc_row][vc_row css=&#8221;.vc_custom_1503003045984{margin-top: 50px !important;}&#8221;][vc_column]\n\t\t\t<div class=\"evo-module evo-module-category evo-category-n module-margin-top-off\">\n\t\t\t<div class=\"evo-module-title evo-title-style-a  \">\n\t\t\t\t<h4 class=\"evo-title\">BRASIL\/MUNDO\n\t\t\t\t<\/h4>\t\t\n\t\t\t<\/div><!-- evo-module-title -->\n\t\t\t\t\t<div class=\"evo-module-inner\">\n\t\t\t\t\t\t<div class=\"evo-row evo-flex evo-column-4\">\n\t\t\t\t\t\t\t\t<article class=\"evo-post evo-post-outer\" itemscope=\"itemscope\" itemtype=\"http:\/\/schema.org\/Article\">\n\t\t\t\t\t\t\t\t\t<figure class=\"evo-post-thumb evo-lazy-thumb evo-hover-thumb\">\n\t\t\t\t\t\t\t\t\t\t<a href=\"https:\/\/diarioregionaldigital.com.br\/?p=231892\"><img decoding=\"async\" src=\"https:\/\/diarioregionaldigital.com.br\/wp-content\/uploads\/2025\/12\/esporte-01-6-300x210.png\"  alt=\"Ranking da CBF: Flamengo segue l\u00edder e Corinthians sobe para segundo\" class=\"lazy-thumb\"\/>\n\t\t\t\t\t\t\t\t\t\t<\/a>\n\t\t\t\t\t\t\t\t\t\t<div class=\"evo-category-meta\">\n\t\t\t\t\t\t\t\t\t\t<\/div><!-- evo-category-meta -->\n\t\t\t\t\t\t\t\t\t<\/figure><!-- evo-post-thumb -->\n\t\t\t\t\t\t\t\t\t<div class=\"evo-post-body\">\n\t\t\t\t\t\t\t\t\t\t<div class=\"evo-post-inner\">\n\t\t\t\t\t<h3 class=\"evo-entry-title\">\n\t\t\t\t\t\t<a href=\"https:\/\/diarioregionaldigital.com.br\/?p=231892\" title=\"Ranking da CBF: Flamengo segue l\u00edder e Corinthians sobe para segundo\">Ranking da CBF: Flamengo segue l\u00edder e Corinthians sobe para segundo<\/a>\n\t\t\t\t\t<\/h3>\n\t\t\t\t\n\t\t\t\t\t\t\t\t\t\t\t<div class=\"evo-entry-content\"><p>Pelo sexto ano consecutivo, o Flamengo encerrou a temporada na...<\/p>\n\t\t\t\t\t\t\t\t\t\t\t<\/div><!-- evo-entry-content -->\n\t\t\t\t\t\t\t\t\t\t\t<div class=\"evo-post-meta center\">\n\t\t\t\t\t\t\t\t\t\t\t<\/div><!-- evo-post-meta -->\n\t\t\t\t\t\t\t\t\t\t<\/div><!-- evo-post-inner -->\n\t\t\t\t\t\t\t\t\t<\/div><!-- evo-post-body -->\n\t\t\t\t\t\t\t\t<\/article><!-- evo-post -->\n\t\t\t\t\t\t\t\t<article class=\"evo-post evo-post-outer\" itemscope=\"itemscope\" itemtype=\"http:\/\/schema.org\/Article\">\n\t\t\t\t\t\t\t\t\t<figure class=\"evo-post-thumb evo-lazy-thumb evo-hover-thumb\">\n\t\t\t\t\t\t\t\t\t\t<a href=\"https:\/\/diarioregionaldigital.com.br\/?p=227082\"><img decoding=\"async\" src=\"https:\/\/diarioregionaldigital.com.br\/wp-content\/uploads\/2025\/02\/economia-01-6-300x210.png\"  alt=\"Manuten\u00e7\u00e3o faz app do FGTS funcionar parcialmente\" class=\"lazy-thumb\"\/>\n\t\t\t\t\t\t\t\t\t\t<\/a>\n\t\t\t\t\t\t\t\t\t\t<div class=\"evo-category-meta\">\n\t\t\t\t\t\t\t\t\t\t<\/div><!-- evo-category-meta -->\n\t\t\t\t\t\t\t\t\t<\/figure><!-- evo-post-thumb -->\n\t\t\t\t\t\t\t\t\t<div class=\"evo-post-body\">\n\t\t\t\t\t\t\t\t\t\t<div class=\"evo-post-inner\">\n\t\t\t\t\t<h3 class=\"evo-entry-title\">\n\t\t\t\t\t\t<a href=\"https:\/\/diarioregionaldigital.com.br\/?p=227082\" title=\"Manuten\u00e7\u00e3o faz app do FGTS funcionar parcialmente\">Manuten\u00e7\u00e3o faz app do FGTS funcionar parcialmente<\/a>\n\t\t\t\t\t<\/h3>\n\t\t\t\t\n\t\t\t\t\t\t\t\t\t\t\t<div class=\"evo-entry-content\"><p>A\u00a0Caixa Econ\u00f4mica Federal\u00a0informou que alguns sistemas do aplicativo do\u00a0Fundo de...<\/p>\n\t\t\t\t\t\t\t\t\t\t\t<\/div><!-- evo-entry-content -->\n\t\t\t\t\t\t\t\t\t\t\t<div class=\"evo-post-meta center\">\n\t\t\t\t\t\t\t\t\t\t\t<\/div><!-- evo-post-meta -->\n\t\t\t\t\t\t\t\t\t\t<\/div><!-- evo-post-inner -->\n\t\t\t\t\t\t\t\t\t<\/div><!-- evo-post-body -->\n\t\t\t\t\t\t\t\t<\/article><!-- evo-post -->\n\t\t\t\t\t\t\t\t<article class=\"evo-post evo-post-outer\" itemscope=\"itemscope\" itemtype=\"http:\/\/schema.org\/Article\">\n\t\t\t\t\t\t\t\t\t<figure class=\"evo-post-thumb evo-lazy-thumb evo-hover-thumb\">\n\t\t\t\t\t\t\t\t\t\t<a href=\"https:\/\/diarioregionaldigital.com.br\/?p=226957\"><img decoding=\"async\" src=\"https:\/\/diarioregionaldigital.com.br\/wp-content\/uploads\/2025\/02\/politica-03-300x210.png\"  alt=\"Lula defende PEC da Seguran\u00e7a e diz que n\u00e3o vai fazer GLO nos estados\" class=\"lazy-thumb\"\/>\n\t\t\t\t\t\t\t\t\t\t<\/a>\n\t\t\t\t\t\t\t\t\t\t<div class=\"evo-category-meta\">\n\t\t\t\t\t\t\t\t\t\t<\/div><!-- evo-category-meta -->\n\t\t\t\t\t\t\t\t\t<\/figure><!-- evo-post-thumb -->\n\t\t\t\t\t\t\t\t\t<div class=\"evo-post-body\">\n\t\t\t\t\t\t\t\t\t\t<div class=\"evo-post-inner\">\n\t\t\t\t\t<h3 class=\"evo-entry-title\">\n\t\t\t\t\t\t<a href=\"https:\/\/diarioregionaldigital.com.br\/?p=226957\" title=\"Lula defende PEC da Seguran\u00e7a e diz que n\u00e3o vai fazer GLO nos estados\">Lula defende PEC da Seguran\u00e7a e diz que n\u00e3o vai fazer GLO nos estados<\/a>\n\t\t\t\t\t<\/h3>\n\t\t\t\t\n\t\t\t\t\t\t\t\t\t\t\t<div class=\"evo-entry-content\"><p>O presidente Luiz In\u00e1cio Lula da Silva afirmou, nesta quinta-feira...<\/p>\n\t\t\t\t\t\t\t\t\t\t\t<\/div><!-- evo-entry-content -->\n\t\t\t\t\t\t\t\t\t\t\t<div class=\"evo-post-meta center\">\n\t\t\t\t\t\t\t\t\t\t\t<\/div><!-- evo-post-meta -->\n\t\t\t\t\t\t\t\t\t\t<\/div><!-- evo-post-inner -->\n\t\t\t\t\t\t\t\t\t<\/div><!-- evo-post-body -->\n\t\t\t\t\t\t\t\t<\/article><!-- evo-post -->\n\t\t\t\t\t\t\t\t<article class=\"evo-post evo-post-outer\" itemscope=\"itemscope\" itemtype=\"http:\/\/schema.org\/Article\">\n\t\t\t\t\t\t\t\t\t<figure class=\"evo-post-thumb evo-lazy-thumb evo-hover-thumb\">\n\t\t\t\t\t\t\t\t\t\t<a href=\"https:\/\/diarioregionaldigital.com.br\/?p=226931\"><img decoding=\"async\" src=\"https:\/\/diarioregionaldigital.com.br\/wp-content\/uploads\/2025\/02\/economia-01-4-300x210.png\"  alt=\"Banco do Brasil tem lucro recorde de R$ 37,9 bi em 2024\" class=\"lazy-thumb\"\/>\n\t\t\t\t\t\t\t\t\t\t<\/a>\n\t\t\t\t\t\t\t\t\t\t<div class=\"evo-category-meta\">\n\t\t\t\t\t\t\t\t\t\t<\/div><!-- evo-category-meta -->\n\t\t\t\t\t\t\t\t\t<\/figure><!-- evo-post-thumb -->\n\t\t\t\t\t\t\t\t\t<div class=\"evo-post-body\">\n\t\t\t\t\t\t\t\t\t\t<div class=\"evo-post-inner\">\n\t\t\t\t\t<h3 class=\"evo-entry-title\">\n\t\t\t\t\t\t<a href=\"https:\/\/diarioregionaldigital.com.br\/?p=226931\" title=\"Banco do Brasil tem lucro recorde de R$ 37,9 bi em 2024\">Banco do Brasil tem lucro recorde de R$ 37,9 bi em 2024<\/a>\n\t\t\t\t\t<\/h3>\n\t\t\t\t\n\t\t\t\t\t\t\t\t\t\t\t<div class=\"evo-entry-content\"><p>O Banco do Brasil (BB) teve lucro l\u00edquido ajustado recorde...<\/p>\n\t\t\t\t\t\t\t\t\t\t\t<\/div><!-- evo-entry-content -->\n\t\t\t\t\t\t\t\t\t\t\t<div class=\"evo-post-meta center\">\n\t\t\t\t\t\t\t\t\t\t\t<\/div><!-- evo-post-meta -->\n\t\t\t\t\t\t\t\t\t\t<\/div><!-- evo-post-inner -->\n\t\t\t\t\t\t\t\t\t<\/div><!-- evo-post-body -->\n\t\t\t\t\t\t\t\t<\/article><!-- evo-post -->\n\t\t\t\t\t\t\t\t<article class=\"evo-post evo-post-outer\" itemscope=\"itemscope\" itemtype=\"http:\/\/schema.org\/Article\">\n\t\t\t\t\t\t\t\t\t<figure class=\"evo-post-thumb evo-lazy-thumb evo-hover-thumb\">\n\t\t\t\t\t\t\t\t\t\t<a href=\"https:\/\/diarioregionaldigital.com.br\/?p=226831\"><img decoding=\"async\" src=\"https:\/\/diarioregionaldigital.com.br\/wp-content\/uploads\/2025\/02\/economia-01-3-300x210.png\"  alt=\"Desemprego e a informalidade de pretos e pardos est\u00e3o acima da m\u00e9dia\" class=\"lazy-thumb\"\/>\n\t\t\t\t\t\t\t\t\t\t<\/a>\n\t\t\t\t\t\t\t\t\t\t<div class=\"evo-category-meta\">\n\t\t\t\t\t\t\t\t\t\t<\/div><!-- evo-category-meta -->\n\t\t\t\t\t\t\t\t\t<\/figure><!-- evo-post-thumb -->\n\t\t\t\t\t\t\t\t\t<div class=\"evo-post-body\">\n\t\t\t\t\t\t\t\t\t\t<div class=\"evo-post-inner\">\n\t\t\t\t\t<h3 class=\"evo-entry-title\">\n\t\t\t\t\t\t<a href=\"https:\/\/diarioregionaldigital.com.br\/?p=226831\" title=\"Desemprego e a informalidade de pretos e pardos est\u00e3o acima da m\u00e9dia\">Desemprego e a informalidade de pretos e pardos est\u00e3o acima da m\u00e9dia<\/a>\n\t\t\t\t\t<\/h3>\n\t\t\t\t\n\t\t\t\t\t\t\t\t\t\t\t<div class=\"evo-entry-content\"><p>Pessoas pretas e pardas vivenciam mais o desemprego do que...<\/p>\n\t\t\t\t\t\t\t\t\t\t\t<\/div><!-- evo-entry-content -->\n\t\t\t\t\t\t\t\t\t\t\t<div class=\"evo-post-meta center\">\n\t\t\t\t\t\t\t\t\t\t\t<\/div><!-- evo-post-meta -->\n\t\t\t\t\t\t\t\t\t\t<\/div><!-- evo-post-inner -->\n\t\t\t\t\t\t\t\t\t<\/div><!-- evo-post-body -->\n\t\t\t\t\t\t\t\t<\/article><!-- evo-post -->\n\t\t\t\t\t\t\t\t<article class=\"evo-post evo-post-outer\" itemscope=\"itemscope\" itemtype=\"http:\/\/schema.org\/Article\">\n\t\t\t\t\t\t\t\t\t<figure class=\"evo-post-thumb evo-lazy-thumb evo-hover-thumb\">\n\t\t\t\t\t\t\t\t\t\t<a href=\"https:\/\/diarioregionaldigital.com.br\/?p=226815\"><img decoding=\"async\" src=\"https:\/\/diarioregionaldigital.com.br\/wp-content\/uploads\/2025\/02\/politica-01-300x210.png\"  alt=\"Dino autoriza opera\u00e7\u00e3o que apura desvio de emenda parlamentar\" class=\"lazy-thumb\"\/>\n\t\t\t\t\t\t\t\t\t\t<\/a>\n\t\t\t\t\t\t\t\t\t\t<div class=\"evo-category-meta\">\n\t\t\t\t\t\t\t\t\t\t<\/div><!-- evo-category-meta -->\n\t\t\t\t\t\t\t\t\t<\/figure><!-- evo-post-thumb -->\n\t\t\t\t\t\t\t\t\t<div class=\"evo-post-body\">\n\t\t\t\t\t\t\t\t\t\t<div class=\"evo-post-inner\">\n\t\t\t\t\t<h3 class=\"evo-entry-title\">\n\t\t\t\t\t\t<a href=\"https:\/\/diarioregionaldigital.com.br\/?p=226815\" title=\"Dino autoriza opera\u00e7\u00e3o que apura desvio de emenda parlamentar\">Dino autoriza opera\u00e7\u00e3o que apura desvio de emenda parlamentar<\/a>\n\t\t\t\t\t<\/h3>\n\t\t\t\t\n\t\t\t\t\t\t\t\t\t\t\t<div class=\"evo-entry-content\"><p>A Pol\u00edcia Federal (PF) deflagrou nesta quinta-feira (13) a Opera\u00e7\u00e3o...<\/p>\n\t\t\t\t\t\t\t\t\t\t\t<\/div><!-- evo-entry-content -->\n\t\t\t\t\t\t\t\t\t\t\t<div class=\"evo-post-meta center\">\n\t\t\t\t\t\t\t\t\t\t\t<\/div><!-- evo-post-meta -->\n\t\t\t\t\t\t\t\t\t\t<\/div><!-- evo-post-inner -->\n\t\t\t\t\t\t\t\t\t<\/div><!-- evo-post-body -->\n\t\t\t\t\t\t\t\t<\/article><!-- evo-post -->\n\t\t\t\t\t\t\t\t<article class=\"evo-post evo-post-outer\" itemscope=\"itemscope\" itemtype=\"http:\/\/schema.org\/Article\">\n\t\t\t\t\t\t\t\t\t<figure class=\"evo-post-thumb evo-lazy-thumb evo-hover-thumb\">\n\t\t\t\t\t\t\t\t\t\t<a href=\"https:\/\/diarioregionaldigital.com.br\/?p=226812\"><img decoding=\"async\" src=\"https:\/\/diarioregionaldigital.com.br\/wp-content\/uploads\/2025\/02\/economia-02-300x210.png\"  alt=\"Fazenda prev\u00ea queda da infla\u00e7\u00e3o dos alimentos at\u00e9 o fim do ano\" class=\"lazy-thumb\"\/>\n\t\t\t\t\t\t\t\t\t\t<\/a>\n\t\t\t\t\t\t\t\t\t\t<div class=\"evo-category-meta\">\n\t\t\t\t\t\t\t\t\t\t<\/div><!-- evo-category-meta -->\n\t\t\t\t\t\t\t\t\t<\/figure><!-- evo-post-thumb -->\n\t\t\t\t\t\t\t\t\t<div class=\"evo-post-body\">\n\t\t\t\t\t\t\t\t\t\t<div class=\"evo-post-inner\">\n\t\t\t\t\t<h3 class=\"evo-entry-title\">\n\t\t\t\t\t\t<a href=\"https:\/\/diarioregionaldigital.com.br\/?p=226812\" title=\"Fazenda prev\u00ea queda da infla\u00e7\u00e3o dos alimentos at\u00e9 o fim do ano\">Fazenda prev\u00ea queda da infla\u00e7\u00e3o dos alimentos at\u00e9 o fim do ano<\/a>\n\t\t\t\t\t<\/h3>\n\t\t\t\t\n\t\t\t\t\t\t\t\t\t\t\t<div class=\"evo-entry-content\"><p>A Secretaria de Pol\u00edtica Econ\u00f4mica do Minist\u00e9rio da Fazenda\u00a0apresentou nesta...<\/p>\n\t\t\t\t\t\t\t\t\t\t\t<\/div><!-- evo-entry-content -->\n\t\t\t\t\t\t\t\t\t\t\t<div class=\"evo-post-meta center\">\n\t\t\t\t\t\t\t\t\t\t\t<\/div><!-- evo-post-meta -->\n\t\t\t\t\t\t\t\t\t\t<\/div><!-- evo-post-inner -->\n\t\t\t\t\t\t\t\t\t<\/div><!-- evo-post-body -->\n\t\t\t\t\t\t\t\t<\/article><!-- evo-post -->\n\t\t\t\t\t\t\t\t<article class=\"evo-post evo-post-outer\" itemscope=\"itemscope\" itemtype=\"http:\/\/schema.org\/Article\">\n\t\t\t\t\t\t\t\t\t<figure class=\"evo-post-thumb evo-lazy-thumb evo-hover-thumb\">\n\t\t\t\t\t\t\t\t\t\t<a href=\"https:\/\/diarioregionaldigital.com.br\/?p=226809\"><img decoding=\"async\" src=\"https:\/\/diarioregionaldigital.com.br\/wp-content\/uploads\/2025\/02\/economia-01-2-300x210.png\"  alt=\"Ind\u00fastria de materiais de constru\u00e7\u00e3o prev\u00ea crescimento de 2,8% em 2025\" class=\"lazy-thumb\"\/>\n\t\t\t\t\t\t\t\t\t\t<\/a>\n\t\t\t\t\t\t\t\t\t\t<div class=\"evo-category-meta\">\n\t\t\t\t\t\t\t\t\t\t<\/div><!-- evo-category-meta -->\n\t\t\t\t\t\t\t\t\t<\/figure><!-- evo-post-thumb -->\n\t\t\t\t\t\t\t\t\t<div class=\"evo-post-body\">\n\t\t\t\t\t\t\t\t\t\t<div class=\"evo-post-inner\">\n\t\t\t\t\t<h3 class=\"evo-entry-title\">\n\t\t\t\t\t\t<a href=\"https:\/\/diarioregionaldigital.com.br\/?p=226809\" title=\"Ind\u00fastria de materiais de constru\u00e7\u00e3o prev\u00ea crescimento de 2,8% em 2025\">Ind\u00fastria de materiais de constru\u00e7\u00e3o prev\u00ea crescimento de 2,8% em 2025<\/a>\n\t\t\t\t\t<\/h3>\n\t\t\t\t\n\t\t\t\t\t\t\t\t\t\t\t<div class=\"evo-entry-content\"><p>Proje\u00e7\u00e3o da Associa\u00e7\u00e3o Brasileira da Ind\u00fastria de Materiais de Constru\u00e7\u00e3o...<\/p>\n\t\t\t\t\t\t\t\t\t\t\t<\/div><!-- evo-entry-content -->\n\t\t\t\t\t\t\t\t\t\t\t<div class=\"evo-post-meta center\">\n\t\t\t\t\t\t\t\t\t\t\t<\/div><!-- evo-post-meta -->\n\t\t\t\t\t\t\t\t\t\t<\/div><!-- evo-post-inner -->\n\t\t\t\t\t\t\t\t\t<\/div><!-- evo-post-body -->\n\t\t\t\t\t\t\t\t<\/article><!-- evo-post -->\n\n\t\t\t\t\t\t<\/div><!-- evo-row -->\n\t\t\t\t\t<\/div><!-- evo-module-inner --><div class=\"ajax-all-data\"\n\t\t\t\t\tdata-style=\"style15\"\n\t\t\t\t\tdata-categorypostfeaturedsettings=\"post-author,post-date,post-comment\"\n\t\t\t\t\tdata-subcategorytitle=\"BRASIL\/MUNDO\"\n\t\t\t\t\tdata-subcategoryajaxonoff=\"off\"\n\t\t\t\t\tdata-subcategoryonoff=\"off\"\n\t\t\t\t\tdata-orderby=\"date\"\n\t\t\t\t\tdata-postcount=\"\"\n\t\t\t\t\tdata-excludepostid=\"\"\n\t\t\t\t\tdata-excludetag=\"\"\n\t\t\t\t\tdata-querysource=\"by-category\"\n\t\t\t\t\tdata-postid=\"\"\n\t\t\t\t\tdata-cat=\"302\"\n\t\t\t\t\tdata-authorid=\"\"><\/div>\n\t\t\t<\/div><!-- evo-module -->\n\t\t[\/vc_column][\/vc_row][vc_row css=&#8221;.vc_custom_1503003045984{margin-top: 50px !important;}&#8221;][vc_column]\n\t\t\t<div class=\"evo-module evo-module-category evo-category-o module-margin-top-off\">\n\t\t\t<div class=\"evo-module-title evo-title-style-a  \">\n\t\t\t\t<h4 class=\"evo-title\">SOCIAL\n\t\t\t\t<\/h4>\t\t\n\t\t\t<\/div><!-- evo-module-title -->\n\t\t\t\t\t<div class=\"evo-module-inner\">\n\t\t\t\t\t\t<div class=\"row\"><div class=\"col-md-3 col-sm-12 col-xs-12 evo-small-grid\">\n\t\t\t\t\t\t\t\t\t<article class=\"evo-post evo-post-outer\" itemscope=\"itemscope\" itemtype=\"http:\/\/schema.org\/Article\">\n\t\t\t\t\t\t\t\t\t\t<figure class=\"evo-post-thumb evo-lazy-thumb evo-hover-thumb\">\n\t\t\t\t\t\t\t\t\t\t\t<a href=\"https:\/\/diarioregionaldigital.com.br\/?p=184911\"><img decoding=\"async\" src=\"https:\/\/diarioregionaldigital.com.br\/wp-content\/uploads\/2021\/07\/fotoa-1-scaled-e1625596239412-300x210.jpg\"  alt=\"Morre Eduardo Gomes, colunista do Di\u00e1rio Regional, aos 68 anos\" class=\"lazy-thumb\"\/>\n\t\t\t\t\t\t\t\t\t\t\t<\/a>\n\t\t\t\t\t\t\t\t\t\t\t<div class=\"evo-category-meta\">\n\t\t\t\t\t\t\t\t\t\t\t<\/div><!-- evo-category-meta -->\n\t\t\t\t\t\t\t\t\t\t<\/figure><!-- evo-post-thumb -->\n\t\t\t\t\t\t\t\t\t\t<div class=\"evo-post-body\">\n\t\t\t\t\t\t\t\t\t\t\t<div class=\"evo-post-inner\">\n\t\t\t\t\t<h3 class=\"evo-entry-title\">\n\t\t\t\t\t\t<a href=\"https:\/\/diarioregionaldigital.com.br\/?p=184911\" title=\"Morre Eduardo Gomes, colunista do Di\u00e1rio Regional, aos 68 anos\">Morre Eduardo Gomes, colunista do Di\u00e1rio Regional, aos 68 anos<\/a>\n\t\t\t\t\t<\/h3>\n\t\t\t\t\n\t\t\t\t\t\t\t\t\t\t\t\t<div class=\"evo-entry-content\"><p>\u00a0 \u00a0 \u00a0A equipe do Di\u00e1rio Regional lamenta profundamente a perda...<\/p>\n\t\t\t\t\t\t\t\t\t\t\t\t<\/div><!-- evo-entry-content -->\n\t\t\t\t\t\t\t\t\t\t\t\t<div class=\"evo-post-meta center\">\n\t\t\t\t\t\t\t\t\t\t\t\t<\/div><!-- evo-post-meta -->\n\t\t\t\t\t\t\t\t\t\t\t<\/div><!-- evo-post-inner -->\n\t\t\t\t\t\t\t\t\t\t<\/div><!-- evo-post-body -->\n\t\t\t\t\t\t\t\t\t<\/article><!-- evo-post -->\n\t\t\t\t\t\t\t\t\t<article class=\"evo-post evo-post-outer\" itemscope=\"itemscope\" itemtype=\"http:\/\/schema.org\/Article\">\n\t\t\t\t\t\t\t\t\t\t<figure class=\"evo-post-thumb evo-lazy-thumb evo-hover-thumb\">\n\t\t\t\t\t\t\t\t\t\t\t<a href=\"https:\/\/diarioregionaldigital.com.br\/?p=184819\"><img decoding=\"async\" src=\"https:\/\/diarioregionaldigital.com.br\/wp-content\/uploads\/2021\/07\/fotoa-1-e1625285648870-300x210.jpeg\"  alt=\"Um Espet\u00e1culo\" class=\"lazy-thumb\"\/>\n\t\t\t\t\t\t\t\t\t\t\t<\/a>\n\t\t\t\t\t\t\t\t\t\t\t<div class=\"evo-category-meta\">\n\t\t\t\t\t\t\t\t\t\t\t<\/div><!-- evo-category-meta -->\n\t\t\t\t\t\t\t\t\t\t<\/figure><!-- evo-post-thumb -->\n\t\t\t\t\t\t\t\t\t\t<div class=\"evo-post-body\">\n\t\t\t\t\t\t\t\t\t\t\t<div class=\"evo-post-inner\">\n\t\t\t\t\t<h3 class=\"evo-entry-title\">\n\t\t\t\t\t\t<a href=\"https:\/\/diarioregionaldigital.com.br\/?p=184819\" title=\"Um Espet\u00e1culo\">Um Espet\u00e1culo<\/a>\n\t\t\t\t\t<\/h3>\n\t\t\t\t\n\t\t\t\t\t\t\t\t\t\t\t\t<div class=\"evo-entry-content\"><p>Sonhos Aposta no coletivo esta impulsionando sonhos no digital virando realidade....<\/p>\n\t\t\t\t\t\t\t\t\t\t\t\t<\/div><!-- evo-entry-content -->\n\t\t\t\t\t\t\t\t\t\t\t\t<div class=\"evo-post-meta center\">\n\t\t\t\t\t\t\t\t\t\t\t\t<\/div><!-- evo-post-meta -->\n\t\t\t\t\t\t\t\t\t\t\t<\/div><!-- evo-post-inner -->\n\t\t\t\t\t\t\t\t\t\t<\/div><!-- evo-post-body -->\n\t\t\t\t\t\t\t\t\t<\/article><!-- evo-post --><\/div>\n\t\t\t\t\t\t\t\t\t\t<div class=\"col-md-6 col-sm-12 col-xs-12 evo-large-post\">\n\t\t\t\t\t\t\t\t\t\t\t<article class=\"evo-post evo-post-outer\" itemscope=\"itemscope\" itemtype=\"http:\/\/schema.org\/Article\">\n\t\t\t\t\t\t\t\t\t\t\t\t<figure class=\"evo-post-thumb evo-lazy-thumb evo-hover-thumb\">\n\t\t\t\t\t\t\t\t\t\t\t\t\t<a href=\"https:\/\/diarioregionaldigital.com.br\/?p=184759\"><img decoding=\"async\" src=\"https:\/\/diarioregionaldigital.com.br\/wp-content\/uploads\/2021\/07\/fotoe-e1625190099653-555x471.jpg\"  alt=\"Estrela\" class=\"lazy-thumb\"\/>\n\t\t\t\t\t\t\t\t\t\t\t\t\t<\/a>\n\t\t\t\t\t\t\t\t\t\t\t\t\t<div class=\"evo-category-meta\">\n\t\t\t\t\t\t\t\t\t\t\t\t\t<\/div><!-- evo-category-meta -->\n\t\t\t\t\t\t\t\t\t\t\t\t<\/figure><!-- evo-post-thumb -->\n\t\t\t\t\t\t\t\t\t\t\t\t<div class=\"evo-post-body\">\n\t\t\t\t\t\t\t\t\t\t\t\t\t<div class=\"evo-post-inner\">\n\t\t\t\t\t<h3 class=\"evo-entry-title\">\n\t\t\t\t\t\t<a href=\"https:\/\/diarioregionaldigital.com.br\/?p=184759\" title=\"Estrela\">Estrela<\/a>\n\t\t\t\t\t<\/h3>\n\t\t\t\t\n\t\t\t\t\t\t\t\t\t\t\t\t\t\t<div class=\"evo-entry-content\"><p>Respirador A ci\u00eancia brasileira esta na UTI e vai sucumbir se n\u00e3o tiver os recursos do FNDCT, o principal fundo...<\/p>\n\t\t\t\t\t\t\t\t\t\t\t\t\t\t<\/div><!-- evo-entry-content -->\n\t\t\t\t\t\t\t\t\t\t\t\t\t\t<div class=\"evo-post-meta center\">\n\t\t\t\t\t\t\t\t\t\t\t\t\t\t<\/div><!-- evo-post-meta -->\n\t\t\t\t\t\t\t\t\t\t\t\t\t<\/div><!-- evo-post-inner -->\n\t\t\t\t\t\t\t\t\t\t\t\t<\/div><!-- evo-post-body -->\n\t\t\t\t\t\t\t\t\t\t\t<\/article><!-- evo-post -->\n\t\t\t\t\t\t\t\t\t\t<\/div>\n\t\t\t\t\t\t\t\t\t<div class=\"col-md-3 col-sm-12 col-xs-12 evo-small-grid\">\n\t\t\t\t\t\t\t\t\t<article class=\"evo-post evo-post-outer\" itemscope=\"itemscope\" itemtype=\"http:\/\/schema.org\/Article\">\n\t\t\t\t\t\t\t\t\t\t<figure class=\"evo-post-thumb evo-lazy-thumb evo-hover-thumb\">\n\t\t\t\t\t\t\t\t\t\t\t<a href=\"https:\/\/diarioregionaldigital.com.br\/?p=184704\"><img decoding=\"async\" src=\"https:\/\/diarioregionaldigital.com.br\/wp-content\/uploads\/2021\/06\/fotoa-13-e1625104211147-300x210.jpeg\"  alt=\"Talentosa\" class=\"lazy-thumb\"\/>\n\t\t\t\t\t\t\t\t\t\t\t<\/a>\n\t\t\t\t\t\t\t\t\t\t\t<div class=\"evo-category-meta\">\n\t\t\t\t\t\t\t\t\t\t\t<\/div><!-- evo-category-meta -->\n\t\t\t\t\t\t\t\t\t\t<\/figure><!-- evo-post-thumb -->\n\t\t\t\t\t\t\t\t\t\t<div class=\"evo-post-body\">\n\t\t\t\t\t\t\t\t\t\t\t<div class=\"evo-post-inner\">\n\t\t\t\t\t<h3 class=\"evo-entry-title\">\n\t\t\t\t\t\t<a href=\"https:\/\/diarioregionaldigital.com.br\/?p=184704\" title=\"Talentosa\">Talentosa<\/a>\n\t\t\t\t\t<\/h3>\n\t\t\t\t\n\t\t\t\t\t\t\t\t\t\t\t\t<div class=\"evo-entry-content\"><p>Na Natureza O bel\u00edssimo projeto do escrit\u00f3rio Mascarenhas Arquitetos Associados para...<\/p>\n\t\t\t\t\t\t\t\t\t\t\t\t<\/div><!-- evo-entry-content -->\n\t\t\t\t\t\t\t\t\t\t\t\t<div class=\"evo-post-meta center\">\n\t\t\t\t\t\t\t\t\t\t\t\t<\/div><!-- evo-post-meta -->\n\t\t\t\t\t\t\t\t\t\t\t<\/div><!-- evo-post-inner -->\n\t\t\t\t\t\t\t\t\t\t<\/div><!-- evo-post-body -->\n\t\t\t\t\t\t\t\t\t<\/article><!-- evo-post -->\n\t\t\t\t\t\t\t\t\t<article class=\"evo-post evo-post-outer\" itemscope=\"itemscope\" itemtype=\"http:\/\/schema.org\/Article\">\n\t\t\t\t\t\t\t\t\t\t<figure class=\"evo-post-thumb evo-lazy-thumb evo-hover-thumb\">\n\t\t\t\t\t\t\t\t\t\t\t<a href=\"https:\/\/diarioregionaldigital.com.br\/?p=184619\"><img decoding=\"async\" src=\"https:\/\/diarioregionaldigital.com.br\/wp-content\/uploads\/2021\/06\/fotoa-12-e1625021433647-300x210.jpeg\"  alt=\"O Tempo n\u00e3o Para\" class=\"lazy-thumb\"\/>\n\t\t\t\t\t\t\t\t\t\t\t<\/a>\n\t\t\t\t\t\t\t\t\t\t\t<div class=\"evo-category-meta\">\n\t\t\t\t\t\t\t\t\t\t\t<\/div><!-- evo-category-meta -->\n\t\t\t\t\t\t\t\t\t\t<\/figure><!-- evo-post-thumb -->\n\t\t\t\t\t\t\t\t\t\t<div class=\"evo-post-body\">\n\t\t\t\t\t\t\t\t\t\t\t<div class=\"evo-post-inner\">\n\t\t\t\t\t<h3 class=\"evo-entry-title\">\n\t\t\t\t\t\t<a href=\"https:\/\/diarioregionaldigital.com.br\/?p=184619\" title=\"O Tempo n\u00e3o Para\">O Tempo n\u00e3o Para<\/a>\n\t\t\t\t\t<\/h3>\n\t\t\t\t\n\t\t\t\t\t\t\t\t\t\t\t\t<div class=\"evo-entry-content\"><p>Solidariedade A Vale anuncia nos pr\u00f3ximos dias a doa\u00e7\u00e3o de 1...<\/p>\n\t\t\t\t\t\t\t\t\t\t\t\t<\/div><!-- evo-entry-content -->\n\t\t\t\t\t\t\t\t\t\t\t\t<div class=\"evo-post-meta center\">\n\t\t\t\t\t\t\t\t\t\t\t\t<\/div><!-- evo-post-meta -->\n\t\t\t\t\t\t\t\t\t\t\t<\/div><!-- evo-post-inner -->\n\t\t\t\t\t\t\t\t\t\t<\/div><!-- evo-post-body -->\n\t\t\t\t\t\t\t\t\t<\/article><!-- evo-post --><\/div>\n\t\t\t\t\t\t<\/div><!-- row -->\n\t\t\t\t\t<\/div><!-- evo-module-inner --><div class=\"ajax-all-data\"\n\t\t\t\t\tdata-style=\"style16\"\n\t\t\t\t\tdata-categorypostfeaturedsettings=\"post-author,post-date,post-comment\"\n\t\t\t\t\tdata-subcategorytitle=\"SOCIAL\"\n\t\t\t\t\tdata-subcategoryajaxonoff=\"off\"\n\t\t\t\t\tdata-subcategoryonoff=\"off\"\n\t\t\t\t\tdata-orderby=\"date\"\n\t\t\t\t\tdata-postcount=\"\"\n\t\t\t\t\tdata-excludepostid=\"\"\n\t\t\t\t\tdata-excludetag=\"\"\n\t\t\t\t\tdata-querysource=\"by-category\"\n\t\t\t\t\tdata-postid=\"\"\n\t\t\t\t\tdata-cat=\"264\"\n\t\t\t\t\tdata-authorid=\"\"><\/div>\n\t\t\t<\/div><!-- evo-module -->\n\t\t[\/vc_column][\/vc_row][vc_row css=&#8221;.vc_custom_1514544573090{margin-top: 30px !important;}&#8221;][vc_column][vc_raw_html]JTNDZGl2JTIwY2xhc3MlM0QlMjJ2Y19jb2x1bW5fY29udGFpbmVyJTIyJTNFJTBBJTNDZGl2JTIwY2xhc3MlM0QlMjJldm8tbW9kdWxlLXRpdGxlJTIwZXZvLXRpdGxlLXN0eWxlLWElMjIlM0UlMEElM0NoNCUyMGNsYXNzJTNEJTIyZXZvLXRpdGxlJTIyJTNFViVDMyU4RERFT1MlM0MlMkZoNCUzRSUwQSUzQyUyRmRpdiUzRSUwQSUzQ2RpdiUyMGNsYXNzJTNEJTIyZXZvLW1vZHVsZS1pbm5lciUyMiUzRSUwQSU1QnlvdHV3cCUyMHR5cGUlM0QlMjJjaGFubmVsJTIyJTIwaWQlM0QlMjJVQzlWY1Q4Q1cxaHRRWTFRd2FyNDFaWFElMjIlMjAlNUQlMEElM0MlMkZkaXYlM0UlMEElM0MlMkZkaXYlM0U=[\/vc_raw_html][\/vc_column][\/vc_row][vc_row css=&#8221;.vc_custom_1502971609629{margin-top: 50px !important;}&#8221;][vc_column]\n\t\t<div class=\"evo-module evo-module-author evo-author-module-a module-margin-top-off\">\n\t\t\t<div class=\"evo-module-inner\">\n\t\t\t\t<ul class=\"evo-slider\" \n\t\t\t\tdata-item=\"4\" \n\t\t\t\tdata-slidetoitem=\"1\" \n\t\t\t\tdata-speed=\"1000\" \n\t\t\t\tdata-autoplay=\"false\" \n\t\t\t\tdata-autospeed=\"3000\" \n\t\t\t\tdata-arrows=\"false\" \n\t\t\t\tdata-dots=\"false\" \n\t\t\t\tdata-vertical=\"false\" \n\t\t\t\tdata-rtl=\"false\">\n\t\t\t\t<\/ul>\n\t\t\t<\/div><!-- evo-module-inner -->\n\n\t\t<\/div><!-- evo-module -->\n\t\t[\/vc_column][\/vc_row][vc_row css=&#8221;.vc_custom_1502977841537{margin-top: 40px !important;}&#8221;][vc_column]\n\t\t\t<div class=\"evo-module evo-module-carousel evo-carousel-d evo-arrow-align evo-arrow-a evo-arrow-small module-margin-top-off\">\n\t\t\t\t\t\t<div class=\"evo-module-title evo-title-style-a\">\n\t\t\t\t\t\t\t<h4 class=\"evo-title\">ESPORTE<\/h4>\n\t\t\t\t\t\t<\/div>\n\t\t\t\t\t<div class=\"evo-module-inner\">\n\t\t\t\t\t\t<div class=\"evo-slider\" \n\t\t\t\t\t\tdata-item=\"5\" \n\t\t\t\t\t\tdata-slidetoitem=\"1\" \n\t\t\t\t\t\tdata-speed=\"1000\" \n\t\t\t\t\t\tdata-autoplay=\"true\" \n\t\t\t\t\t\tdata-autospeed=\"3000\" \n\t\t\t\t\t\tdata-arrows=\"true\" \n\t\t\t\t\t\tdata-dots=\"false\"\n\t\t\t\t\t\tdata-vertical=\"false\" \n\t\t\t\t\t\tdata-rtl=\"false\"\n\t\t\t\t\t\tdata-evofade=\"false\">\n\t\t\t\t\t\t\t<article class=\"evo-post evo-post-outer\" itemscope=\"itemscope\" itemtype=\"http:\/\/schema.org\/Article\">\n\t\t\t\t\t\t\t\t<figure class=\"evo-post-thumb evo-hover-thumb\"><a href=\"https:\/\/diarioregionaldigital.com.br\/?p=232902\"><img decoding=\"async\" src=\"https:\/\/diarioregionaldigital.com.br\/wp-content\/uploads\/2026\/04\/IMG_0584-250x145.png\"  alt=\"Confira o calend\u00e1rio dos jogos da Copa Prefeitura de Futsal 2026 na pr\u00f3xima semana\" class=\"lazy-thumb\"\/><\/a>\n\t\t\t\t\t\t\t\t<\/figure>\n\t\t\t\t\t\t\t\t<div class=\"evo-post-body\">\n\t\t\t\t\t\t\t\t\t<div class=\"evo-post-inner\">\n\t\t\t\t\t<h3 class=\"evo-entry-title\">\n\t\t\t\t\t\t<a href=\"https:\/\/diarioregionaldigital.com.br\/?p=232902\" title=\"Confira o calend\u00e1rio dos jogos da Copa Prefeitura de Futsal 2026 na pr\u00f3xima semana\">Confira o calend\u00e1rio dos jogos da Copa Prefeitura de Futsal 2026 na pr\u00f3xima semana<\/a>\n\t\t\t\t\t<\/h3>\n\t\t\t\t\n\t\t\t\t\t\t\t\t\t<\/div><!-- evo-post-inner -->\n\t\t\t\t\t\t\t\t<\/div><!-- evo-post-body -->\n\t\t\t\t\t\t\t<\/article><!-- evo-post -->\n\t\t\t\t\t\t\t<article class=\"evo-post evo-post-outer\" itemscope=\"itemscope\" itemtype=\"http:\/\/schema.org\/Article\">\n\t\t\t\t\t\t\t\t<figure class=\"evo-post-thumb evo-hover-thumb\"><a href=\"https:\/\/diarioregionaldigital.com.br\/?p=232890\"><img decoding=\"async\" src=\"https:\/\/diarioregionaldigital.com.br\/wp-content\/uploads\/2026\/04\/IMG_0956-250x145.png\"  alt=\"PJF abre vagas para atletismo e inicia\u00e7\u00e3o paradesportiva na UFJF e na Pra\u00e7a Agassis\" class=\"lazy-thumb\"\/><\/a>\n\t\t\t\t\t\t\t\t<\/figure>\n\t\t\t\t\t\t\t\t<div class=\"evo-post-body\">\n\t\t\t\t\t\t\t\t\t<div class=\"evo-post-inner\">\n\t\t\t\t\t<h3 class=\"evo-entry-title\">\n\t\t\t\t\t\t<a href=\"https:\/\/diarioregionaldigital.com.br\/?p=232890\" title=\"PJF abre vagas para atletismo e inicia\u00e7\u00e3o paradesportiva na UFJF e na Pra\u00e7a Agassis\">PJF abre vagas para atletismo e inicia\u00e7\u00e3o paradesportiva na UFJF e na Pra\u00e7a Agassis<\/a>\n\t\t\t\t\t<\/h3>\n\t\t\t\t\n\t\t\t\t\t\t\t\t\t<\/div><!-- evo-post-inner -->\n\t\t\t\t\t\t\t\t<\/div><!-- evo-post-body -->\n\t\t\t\t\t\t\t<\/article><!-- evo-post -->\n\t\t\t\t\t\t\t<article class=\"evo-post evo-post-outer\" itemscope=\"itemscope\" itemtype=\"http:\/\/schema.org\/Article\">\n\t\t\t\t\t\t\t\t<figure class=\"evo-post-thumb evo-hover-thumb\"><a href=\"https:\/\/diarioregionaldigital.com.br\/?p=232878\"><img decoding=\"async\" src=\"https:\/\/diarioregionaldigital.com.br\/wp-content\/uploads\/2026\/04\/IMG_8133-1-250x145.png\"  alt=\"38\u00ba Jogos Intercolegiais abrem inscri\u00e7\u00f5es para o Basquete 3&#215;3\" class=\"lazy-thumb\"\/><\/a>\n\t\t\t\t\t\t\t\t<\/figure>\n\t\t\t\t\t\t\t\t<div class=\"evo-post-body\">\n\t\t\t\t\t\t\t\t\t<div class=\"evo-post-inner\">\n\t\t\t\t\t<h3 class=\"evo-entry-title\">\n\t\t\t\t\t\t<a href=\"https:\/\/diarioregionaldigital.com.br\/?p=232878\" title=\"38\u00ba Jogos Intercolegiais abrem inscri\u00e7\u00f5es para o Basquete 3&#215;3\">38\u00ba Jogos Intercolegiais abrem inscri\u00e7\u00f5es para o Basquete 3&#215;3<\/a>\n\t\t\t\t\t<\/h3>\n\t\t\t\t\n\t\t\t\t\t\t\t\t\t<\/div><!-- evo-post-inner -->\n\t\t\t\t\t\t\t\t<\/div><!-- evo-post-body -->\n\t\t\t\t\t\t\t<\/article><!-- evo-post -->\n\t\t\t\t\t\t\t<article class=\"evo-post evo-post-outer\" itemscope=\"itemscope\" itemtype=\"http:\/\/schema.org\/Article\">\n\t\t\t\t\t\t\t\t<figure class=\"evo-post-thumb evo-hover-thumb\"><a href=\"https:\/\/diarioregionaldigital.com.br\/?p=232842\"><img decoding=\"async\" src=\"https:\/\/diarioregionaldigital.com.br\/wp-content\/uploads\/2026\/04\/IMG_8133-250x145.png\"  alt=\"PJF abre inscri\u00e7\u00f5es para nata\u00e7\u00e3o nos 31\u00ba Jogos Intercolegiais\" class=\"lazy-thumb\"\/><\/a>\n\t\t\t\t\t\t\t\t<\/figure>\n\t\t\t\t\t\t\t\t<div class=\"evo-post-body\">\n\t\t\t\t\t\t\t\t\t<div class=\"evo-post-inner\">\n\t\t\t\t\t<h3 class=\"evo-entry-title\">\n\t\t\t\t\t\t<a href=\"https:\/\/diarioregionaldigital.com.br\/?p=232842\" title=\"PJF abre inscri\u00e7\u00f5es para nata\u00e7\u00e3o nos 31\u00ba Jogos Intercolegiais\">PJF abre inscri\u00e7\u00f5es para nata\u00e7\u00e3o nos 31\u00ba Jogos Intercolegiais<\/a>\n\t\t\t\t\t<\/h3>\n\t\t\t\t\n\t\t\t\t\t\t\t\t\t<\/div><!-- evo-post-inner -->\n\t\t\t\t\t\t\t\t<\/div><!-- evo-post-body -->\n\t\t\t\t\t\t\t<\/article><!-- evo-post -->\n\t\t\t\t\t\t\t<article class=\"evo-post evo-post-outer\" itemscope=\"itemscope\" itemtype=\"http:\/\/schema.org\/Article\">\n\t\t\t\t\t\t\t\t<figure class=\"evo-post-thumb evo-hover-thumb\"><a href=\"https:\/\/diarioregionaldigital.com.br\/?p=232772\"><img decoding=\"async\" src=\"https:\/\/diarioregionaldigital.com.br\/wp-content\/uploads\/2026\/03\/IMG_0584-250x145.png\"  alt=\"PJF divulga calend\u00e1rio dos jogos da Copa Prefeitura de Futsal 2026 na pr\u00f3xima semana\" class=\"lazy-thumb\"\/><\/a>\n\t\t\t\t\t\t\t\t<\/figure>\n\t\t\t\t\t\t\t\t<div class=\"evo-post-body\">\n\t\t\t\t\t\t\t\t\t<div class=\"evo-post-inner\">\n\t\t\t\t\t<h3 class=\"evo-entry-title\">\n\t\t\t\t\t\t<a href=\"https:\/\/diarioregionaldigital.com.br\/?p=232772\" title=\"PJF divulga calend\u00e1rio dos jogos da Copa Prefeitura de Futsal 2026 na pr\u00f3xima semana\">PJF divulga calend\u00e1rio dos jogos da Copa Prefeitura de Futsal 2026 na pr\u00f3xima semana<\/a>\n\t\t\t\t\t<\/h3>\n\t\t\t\t\n\t\t\t\t\t\t\t\t\t<\/div><!-- evo-post-inner -->\n\t\t\t\t\t\t\t\t<\/div><!-- evo-post-body -->\n\t\t\t\t\t\t\t<\/article><!-- evo-post -->\n\t\t\t\t\t\t\t<article class=\"evo-post evo-post-outer\" itemscope=\"itemscope\" itemtype=\"http:\/\/schema.org\/Article\">\n\t\t\t\t\t\t\t\t<figure class=\"evo-post-thumb evo-hover-thumb\"><a href=\"https:\/\/diarioregionaldigital.com.br\/?p=232662\"><img decoding=\"async\" src=\"https:\/\/diarioregionaldigital.com.br\/wp-content\/uploads\/2026\/03\/IMG_8854-1-250x145.png\"  alt=\"Ranking de Corridas de Rua: Corrida Cortes Villela \u00e9 reagendada para dia 12 de abril\" class=\"lazy-thumb\"\/><\/a>\n\t\t\t\t\t\t\t\t<\/figure>\n\t\t\t\t\t\t\t\t<div class=\"evo-post-body\">\n\t\t\t\t\t\t\t\t\t<div class=\"evo-post-inner\">\n\t\t\t\t\t<h3 class=\"evo-entry-title\">\n\t\t\t\t\t\t<a href=\"https:\/\/diarioregionaldigital.com.br\/?p=232662\" title=\"Ranking de Corridas de Rua: Corrida Cortes Villela \u00e9 reagendada para dia 12 de abril\">Ranking de Corridas de Rua: Corrida Cortes Villela \u00e9 reagendada para dia 12 de abril<\/a>\n\t\t\t\t\t<\/h3>\n\t\t\t\t\n\t\t\t\t\t\t\t\t\t<\/div><!-- evo-post-inner -->\n\t\t\t\t\t\t\t\t<\/div><!-- evo-post-body -->\n\t\t\t\t\t\t\t<\/article><!-- evo-post -->\n\t\t\t\t\t\t\t<article class=\"evo-post evo-post-outer\" itemscope=\"itemscope\" itemtype=\"http:\/\/schema.org\/Article\">\n\t\t\t\t\t\t\t\t<figure class=\"evo-post-thumb evo-hover-thumb\"><a href=\"https:\/\/diarioregionaldigital.com.br\/?p=232597\"><img decoding=\"async\" src=\"https:\/\/diarioregionaldigital.com.br\/wp-content\/uploads\/2026\/03\/IMG_8854-250x145.png\"  alt=\"SEL divulga novas datas da 10\u00aa Corrida Tecnobit Inform\u00e1tica e orienta\u00e7\u00f5es sobre inscri\u00e7\u00f5es\" class=\"lazy-thumb\"\/><\/a>\n\t\t\t\t\t\t\t\t<\/figure>\n\t\t\t\t\t\t\t\t<div class=\"evo-post-body\">\n\t\t\t\t\t\t\t\t\t<div class=\"evo-post-inner\">\n\t\t\t\t\t<h3 class=\"evo-entry-title\">\n\t\t\t\t\t\t<a href=\"https:\/\/diarioregionaldigital.com.br\/?p=232597\" title=\"SEL divulga novas datas da 10\u00aa Corrida Tecnobit Inform\u00e1tica e orienta\u00e7\u00f5es sobre inscri\u00e7\u00f5es\">SEL divulga novas datas da 10\u00aa Corrida Tecnobit Inform\u00e1tica e orienta\u00e7\u00f5es sobre inscri\u00e7\u00f5es<\/a>\n\t\t\t\t\t<\/h3>\n\t\t\t\t\n\t\t\t\t\t\t\t\t\t<\/div><!-- evo-post-inner -->\n\t\t\t\t\t\t\t\t<\/div><!-- evo-post-body -->\n\t\t\t\t\t\t\t<\/article><!-- evo-post -->\n\t\t\t\t\t\t\t<article class=\"evo-post evo-post-outer\" itemscope=\"itemscope\" itemtype=\"http:\/\/schema.org\/Article\">\n\t\t\t\t\t\t\t\t<figure class=\"evo-post-thumb evo-hover-thumb\"><a href=\"https:\/\/diarioregionaldigital.com.br\/?p=232510\"><img decoding=\"async\" src=\"https:\/\/diarioregionaldigital.com.br\/wp-content\/uploads\/2026\/03\/IMG_9848-250x145.jpeg\"  alt=\"PJF divulga edital do Programa Bolsa Atleta 2026\" class=\"lazy-thumb\"\/><\/a>\n\t\t\t\t\t\t\t\t<\/figure>\n\t\t\t\t\t\t\t\t<div class=\"evo-post-body\">\n\t\t\t\t\t\t\t\t\t<div class=\"evo-post-inner\">\n\t\t\t\t\t<h3 class=\"evo-entry-title\">\n\t\t\t\t\t\t<a href=\"https:\/\/diarioregionaldigital.com.br\/?p=232510\" title=\"PJF divulga edital do Programa Bolsa Atleta 2026\">PJF divulga edital do Programa Bolsa Atleta 2026<\/a>\n\t\t\t\t\t<\/h3>\n\t\t\t\t\n\t\t\t\t\t\t\t\t\t<\/div><!-- evo-post-inner -->\n\t\t\t\t\t\t\t\t<\/div><!-- evo-post-body -->\n\t\t\t\t\t\t\t<\/article><!-- evo-post -->\n\t\t\t\t\t\t\t<article class=\"evo-post evo-post-outer\" itemscope=\"itemscope\" itemtype=\"http:\/\/schema.org\/Article\">\n\t\t\t\t\t\t\t\t<figure class=\"evo-post-thumb evo-hover-thumb\"><a href=\"https:\/\/diarioregionaldigital.com.br\/?p=232442\"><img decoding=\"async\" src=\"https:\/\/diarioregionaldigital.com.br\/wp-content\/uploads\/2026\/02\/IMG_9024-250x145.jpeg\"  alt=\"Igarap\u00e9 inaugura segundo centro esportivo com recursos do Acordo de Brumadinho\" class=\"lazy-thumb\"\/><\/a>\n\t\t\t\t\t\t\t\t<\/figure>\n\t\t\t\t\t\t\t\t<div class=\"evo-post-body\">\n\t\t\t\t\t\t\t\t\t<div class=\"evo-post-inner\">\n\t\t\t\t\t<h3 class=\"evo-entry-title\">\n\t\t\t\t\t\t<a href=\"https:\/\/diarioregionaldigital.com.br\/?p=232442\" title=\"Igarap\u00e9 inaugura segundo centro esportivo com recursos do Acordo de Brumadinho\">Igarap\u00e9 inaugura segundo centro esportivo com recursos do Acordo de Brumadinho<\/a>\n\t\t\t\t\t<\/h3>\n\t\t\t\t\n\t\t\t\t\t\t\t\t\t<\/div><!-- evo-post-inner -->\n\t\t\t\t\t\t\t\t<\/div><!-- evo-post-body -->\n\t\t\t\t\t\t\t<\/article><!-- evo-post -->\n\t\t\t\t\t\t\t<article class=\"evo-post evo-post-outer\" itemscope=\"itemscope\" itemtype=\"http:\/\/schema.org\/Article\">\n\t\t\t\t\t\t\t\t<figure class=\"evo-post-thumb evo-hover-thumb\"><a href=\"https:\/\/diarioregionaldigital.com.br\/?p=232360\"><img decoding=\"async\" src=\"https:\/\/diarioregionaldigital.com.br\/wp-content\/uploads\/2026\/02\/IMG_8854-250x145.png\"  alt=\"PJF divulga Regulamento do 38\u00ba Ranking de Corridas de Rua 2026\" class=\"lazy-thumb\"\/><\/a>\n\t\t\t\t\t\t\t\t<\/figure>\n\t\t\t\t\t\t\t\t<div class=\"evo-post-body\">\n\t\t\t\t\t\t\t\t\t<div class=\"evo-post-inner\">\n\t\t\t\t\t<h3 class=\"evo-entry-title\">\n\t\t\t\t\t\t<a href=\"https:\/\/diarioregionaldigital.com.br\/?p=232360\" title=\"PJF divulga Regulamento do 38\u00ba Ranking de Corridas de Rua 2026\">PJF divulga Regulamento do 38\u00ba Ranking de Corridas de Rua 2026<\/a>\n\t\t\t\t\t<\/h3>\n\t\t\t\t\n\t\t\t\t\t\t\t\t\t<\/div><!-- evo-post-inner -->\n\t\t\t\t\t\t\t\t<\/div><!-- evo-post-body -->\n\t\t\t\t\t\t\t<\/article><!-- evo-post -->\n\t\t\t\t\t\t<\/div>\n\t\t\t\t\t<\/div><!-- evo-module-inner -->\n\t\t\t<\/div><!-- evo-module -->\n\t\t[vc_raw_html]JTNDZGl2JTIwY2xhc3MlM0QlMjJhZC1iYW5uZXIlMjIlMjBzdHlsZSUzRCUyMnRleHQtYWxpZ24lM0FjZW50ZXIlM0JkaXNwbGF5JTNBYmxvY2slMjIlM0UlMEElNUJhZHJvdGF0ZSUyMGdyb3VwJTNEJTIyNCUyMiU1RCUwQSUzQyUyRmRpdiUzRQ==[\/vc_raw_html][\/vc_column][\/vc_row][vc_row css=&#8221;.vc_custom_1502988036648{margin-top: 30px !important;}&#8221;][vc_column width=&#8221;2\/3&#8243;]\n\t\t<div class=\"evo-module evo-module-category evo-category-a module-margin-top-off\">\n\t\t\t<div class=\"evo-module-title evo-title-style-a  \">\n\t\t\t\t<h4 class=\"evo-title\">POL\u00cdTICA\n\t\t\t\t<\/h4>\t\t\n\t\t\t<\/div><!-- evo-module-title -->\n\t\t\t<div class=\"loading-posts\"><\/div>\n\t\t\t<div class=\"evo-module-inner\">\n\t\t\t\t<div class=\"row\">\n\t\t\t\t\t\t\t<div class=\"col-md-6 col-sm-12 col-xs-12 evo-large-post\">\n\t\t\t\t\t\t\t\t<article class=\"evo-post evo-post-outer\" itemscope=\"itemscope\" itemtype=\"http:\/\/schema.org\/Article\">\n\t\t\t\t\t\t\t\t\t<figure class=\"evo-post-thumb evo-lazy-thumb evo-hover-thumb\">\n\t\t\t\t\t\t\t\t\t\t<a href=\"https:\/\/diarioregionaldigital.com.br\/?p=232948\"><img decoding=\"async\" src=\"https:\/\/diarioregionaldigital.com.br\/wp-content\/uploads\/2026\/04\/IMG_1152-360x280.jpeg\"  alt=\"Governo de Minas entrega t\u00edtulos de regulariza\u00e7\u00e3o de propriedade rural a 140 fam\u00edlias em Serra Azul de Minas\" class=\"lazy-thumb\"\/>\n\t\t\t\t\t\t\t\t\t\t<\/a>\n\t\t\t\t\t\t\t\t\t\t<div class=\"evo-category-meta\">\n\t\t\t\t\t\t\t\t\t\t<\/div><!-- evo-category-meta -->\n\t\t\t\t\t\t\t\t\t<\/figure><!-- evo-post-thumb -->\n\t\t\t\t\t\t\t\t\t<div class=\"evo-post-body\">\n\t\t\t\t\t\t\t\t\t\t<div class=\"evo-post-inner\">\n\t\t\t\t\t<h3 class=\"evo-entry-title\">\n\t\t\t\t\t\t<a href=\"https:\/\/diarioregionaldigital.com.br\/?p=232948\" title=\"Governo de Minas entrega t\u00edtulos de regulariza\u00e7\u00e3o de propriedade rural a 140 fam\u00edlias em Serra Azul de Minas\">Governo de Minas entrega t\u00edtulos de regulariza\u00e7\u00e3o de propriedade rural a 140 fam\u00edlias em Serra Azul de Minas<\/a>\n\t\t\t\t\t<\/h3>\n\t\t\t\t\n\t\t\t\t\t\t\t\t\t\t\t<div class=\"evo-entry-content\"><p>O governador Mateus Sim\u00f5es entregou t\u00edtulos de regulariza\u00e7\u00e3o de propriedade da terra a 140 fam\u00edlias de produtores rurais de Serra...<\/p>\n\t\t\t\t\t\t\t\t\t\t\t<\/div><!-- evo-entry-content -->\n\t\t\t\t\t\t\t\t\t\t\t<div class=\"evo-post-meta center\">\n\t\t\t\t\t\t\t\t\t\t\t<\/div><!-- evo-post-meta -->\n\t\t\t\t\t\t\t\t\t\t<\/div><!-- evo-post-inner -->\n\t\t\t\t\t\t\t\t\t<\/div><!-- evo-post-body -->\n\t\t\t\t\t\t\t\t<\/article><!-- evo-post -->\n\t\t\t\t\t\t\t<\/div><!-- evo-large-post --><div class=\"col-md-6 col-sm-12 col-xs-12 evo-small-list evo-list-flex\">\n\t\t\t\t\t\t\t<article class=\"evo-post evo-post-outer\" itemscope=\"itemscope\" itemtype=\"http:\/\/schema.org\/Article\">\n\t\t\t\t\t\t\t\t<figure class=\"evo-post-thumb evo-lazy-thumb evo-hover-thumb\"><img decoding=\"async\" src=\"https:\/\/diarioregionaldigital.com.br\/wp-content\/uploads\/2026\/04\/IMG_3046-100x70.jpeg\"  alt=\"Governo de Minas paga R$ 103 milh\u00f5es do Propag \u00e0 Uni\u00e3o\" class=\"lazy-thumb\"\/>\n\t\t\t\t\t\t\t\t<\/figure>\n\t\t\t\t\t\t\t\t<div class=\"evo-post-body\">\n\t\t\t\t\t\t\t\t\t<div class=\"evo-post-inner\">\n\t\t\t\t\t<h3 class=\"evo-entry-title\">\n\t\t\t\t\t\t<a href=\"https:\/\/diarioregionaldigital.com.br\/?p=232945\" title=\"Governo de Minas paga R$ 103 milh\u00f5es do Propag \u00e0 Uni\u00e3o\">Governo de Minas paga R$ 103 milh\u00f5es do Propag \u00e0 Uni\u00e3o<\/a>\n\t\t\t\t\t<\/h3>\n\t\t\t\t\n\t\t\t\t\t\t\t\t\t\t<div class=\"evo-post-meta center\">\n\t\t\t\t\t\t\t\t\t\t<\/div><!-- evo-post-meta -->\n\t\t\t\t\t\t\t\t\t<\/div><!-- evo-post-inner -->\n\t\t\t\t\t\t\t\t<\/div><!-- evo-post-body -->\n\t\t\t\t\t\t\t<\/article><!-- evo-post -->\n\t\t\t\t\t\t\t<article class=\"evo-post evo-post-outer\" itemscope=\"itemscope\" itemtype=\"http:\/\/schema.org\/Article\">\n\t\t\t\t\t\t\t\t<figure class=\"evo-post-thumb evo-lazy-thumb evo-hover-thumb\"><img decoding=\"async\" src=\"https:\/\/diarioregionaldigital.com.br\/wp-content\/uploads\/2026\/04\/IMG_1115-100x70.jpeg\"  alt=\"Governo de Minas realiza leil\u00e3o para constru\u00e7\u00e3o da ponte entre C\u00e1ssia e Delfin\u00f3polis\" class=\"lazy-thumb\"\/>\n\t\t\t\t\t\t\t\t<\/figure>\n\t\t\t\t\t\t\t\t<div class=\"evo-post-body\">\n\t\t\t\t\t\t\t\t\t<div class=\"evo-post-inner\">\n\t\t\t\t\t<h3 class=\"evo-entry-title\">\n\t\t\t\t\t\t<a href=\"https:\/\/diarioregionaldigital.com.br\/?p=232935\" title=\"Governo de Minas realiza leil\u00e3o para constru\u00e7\u00e3o da ponte entre C\u00e1ssia e Delfin\u00f3polis\">Governo de Minas realiza leil\u00e3o para constru\u00e7\u00e3o da ponte entre C\u00e1ssia e Delfin\u00f3polis<\/a>\n\t\t\t\t\t<\/h3>\n\t\t\t\t\n\t\t\t\t\t\t\t\t\t\t<div class=\"evo-post-meta center\">\n\t\t\t\t\t\t\t\t\t\t<\/div><!-- evo-post-meta -->\n\t\t\t\t\t\t\t\t\t<\/div><!-- evo-post-inner -->\n\t\t\t\t\t\t\t\t<\/div><!-- evo-post-body -->\n\t\t\t\t\t\t\t<\/article><!-- evo-post -->\n\t\t\t\t\t\t\t<article class=\"evo-post evo-post-outer\" itemscope=\"itemscope\" itemtype=\"http:\/\/schema.org\/Article\">\n\t\t\t\t\t\t\t\t<figure class=\"evo-post-thumb evo-lazy-thumb evo-hover-thumb\"><img decoding=\"async\" src=\"https:\/\/diarioregionaldigital.com.br\/wp-content\/uploads\/2026\/04\/IMG_1114-100x70.jpeg\"  alt=\"Diamantina \u00e9 a 6\u00aa cidade a receber a Pra\u00e7a de Servi\u00e7os &#8211; Governo Presente com atendimentos gratuitos \u00e0 popula\u00e7\u00e3o; veja datas\" class=\"lazy-thumb\"\/>\n\t\t\t\t\t\t\t\t<\/figure>\n\t\t\t\t\t\t\t\t<div class=\"evo-post-body\">\n\t\t\t\t\t\t\t\t\t<div class=\"evo-post-inner\">\n\t\t\t\t\t<h3 class=\"evo-entry-title\">\n\t\t\t\t\t\t<a href=\"https:\/\/diarioregionaldigital.com.br\/?p=232932\" title=\"Diamantina \u00e9 a 6\u00aa cidade a receber a Pra\u00e7a de Servi\u00e7os &#8211; Governo Presente com atendimentos gratuitos \u00e0 popula\u00e7\u00e3o; veja datas\">Diamantina \u00e9 a 6\u00aa cidade a receber a Pra\u00e7a de Servi\u00e7os &#8211; Governo Presente com atendimentos gratuitos \u00e0 popula\u00e7\u00e3o; veja datas<\/a>\n\t\t\t\t\t<\/h3>\n\t\t\t\t\n\t\t\t\t\t\t\t\t\t\t<div class=\"evo-post-meta center\">\n\t\t\t\t\t\t\t\t\t\t<\/div><!-- evo-post-meta -->\n\t\t\t\t\t\t\t\t\t<\/div><!-- evo-post-inner -->\n\t\t\t\t\t\t\t\t<\/div><!-- evo-post-body -->\n\t\t\t\t\t\t\t<\/article><!-- evo-post -->\n\t\t\t\t\t\t\t<article class=\"evo-post evo-post-outer\" itemscope=\"itemscope\" itemtype=\"http:\/\/schema.org\/Article\">\n\t\t\t\t\t\t\t\t<figure class=\"evo-post-thumb evo-lazy-thumb evo-hover-thumb\"><img decoding=\"async\" src=\"https:\/\/diarioregionaldigital.com.br\/wp-content\/uploads\/2026\/04\/IMG_1046-100x70.jpeg\"  alt=\"Governo de Minas acompanha passagem de comando da 18\u00aa Regi\u00e3o da Pol\u00edcia Militar\" class=\"lazy-thumb\"\/>\n\t\t\t\t\t\t\t\t<\/figure>\n\t\t\t\t\t\t\t\t<div class=\"evo-post-body\">\n\t\t\t\t\t\t\t\t\t<div class=\"evo-post-inner\">\n\t\t\t\t\t<h3 class=\"evo-entry-title\">\n\t\t\t\t\t\t<a href=\"https:\/\/diarioregionaldigital.com.br\/?p=232911\" title=\"Governo de Minas acompanha passagem de comando da 18\u00aa Regi\u00e3o da Pol\u00edcia Militar\">Governo de Minas acompanha passagem de comando da 18\u00aa Regi\u00e3o da Pol\u00edcia Militar<\/a>\n\t\t\t\t\t<\/h3>\n\t\t\t\t\n\t\t\t\t\t\t\t\t\t\t<div class=\"evo-post-meta center\">\n\t\t\t\t\t\t\t\t\t\t<\/div><!-- evo-post-meta -->\n\t\t\t\t\t\t\t\t\t<\/div><!-- evo-post-inner -->\n\t\t\t\t\t\t\t\t<\/div><!-- evo-post-body -->\n\t\t\t\t\t\t\t<\/article><!-- evo-post --><\/div><!-- evo-small-list -->\n\t\t\t\t<\/div><!-- row -->\n\t\t\t<\/div><!-- evo-module-inner --><div class=\"ajax-all-data\"\n\t\t\t\t\tdata-style=\"style1\"\n\t\t\t\t\tdata-categorypostfeaturedsettings=\"post-author,post-date,post-comment\"\n\t\t\t\t\tdata-subcategorytitle=\"POL\u00cdTICA\"\n\t\t\t\t\tdata-subcategoryajaxonoff=\"off\"\n\t\t\t\t\tdata-subcategoryonoff=\"off\"\n\t\t\t\t\tdata-orderby=\"date\"\n\t\t\t\t\tdata-postcount=\"\"\n\t\t\t\t\tdata-excludepostid=\"\"\n\t\t\t\t\tdata-excludetag=\"\"\n\t\t\t\t\tdata-querysource=\"by-category\"\n\t\t\t\t\tdata-postid=\"\"\n\t\t\t\t\tdata-cat=\"254\"\n\t\t\t\t\tdata-authorid=\"\">\n\t\t\t\t<\/div>\n\t\t<\/div><!-- evo-module -->\n\t\t\n\t\t\t<div class=\"evo-module evo-module-category evo-category-i module-margin-top\">\n\t\t\t<div class=\"evo-module-title evo-title-style-a  \">\n\t\t\t\t<h4 class=\"evo-title\">ECONOMIA\n\t\t\t\t<\/h4>\t\t\n\t\t\t<\/div><!-- evo-module-title -->\n\t\t\t\t<div class=\"evo-module-inner\">\n\t\t\t\t\t<div class=\"evo-row evo-column-2\">\n\t\t\t\t\t\t\t<article class=\"evo-post evo-post-outer\" itemscope=\"itemscope\" itemtype=\"http:\/\/schema.org\/Article\">\n\t\t\t\t\t\t\t\t<figure class=\"evo-post-thumb evo-lazy-thumb evo-hover-thumb\">\n\t\t\t\t\t\t\t\t\t<a href=\"https:\/\/diarioregionaldigital.com.br\/?p=232948\"><img decoding=\"async\" src=\"https:\/\/diarioregionaldigital.com.br\/wp-content\/uploads\/2026\/04\/IMG_1152-360x280.jpeg\"  alt=\"Governo de Minas entrega t\u00edtulos de regulariza\u00e7\u00e3o de propriedade rural a 140 fam\u00edlias em Serra Azul de Minas\" class=\"lazy-thumb\"\/>\n\t\t\t\t\t\t\t\t\t<\/a>\n\t\t\t\t\t\t\t\t\t<div class=\"evo-category-meta\">\n\t\t\t\t\t\t\t\t\t<\/div><!-- evo-category-meta -->\n\t\t\t\t\t\t\t\t<\/figure><!-- evo-post-thumb -->\n\t\t\t\t\t\t\t\t<div class=\"evo-post-body\">\n\t\t\t\t\t\t\t\t\t<div class=\"evo-post-inner\">\n\t\t\t\t\t<h3 class=\"evo-entry-title\">\n\t\t\t\t\t\t<a href=\"https:\/\/diarioregionaldigital.com.br\/?p=232948\" title=\"Governo de Minas entrega t\u00edtulos de regulariza\u00e7\u00e3o de propriedade rural a 140 fam\u00edlias em Serra Azul de Minas\">Governo de Minas entrega t\u00edtulos de regulariza\u00e7\u00e3o de propriedade rural a 140 fam\u00edlias em Serra Azul de Minas<\/a>\n\t\t\t\t\t<\/h3>\n\t\t\t\t\n\t\t\t\t\t\t\t\t\t\t<div class=\"evo-entry-content\"><p>O governador Mateus Sim\u00f5es entregou t\u00edtulos de regulariza\u00e7\u00e3o de propriedade da terra a 140 fam\u00edlias de produtores rurais de Serra Azul de Minas,...<\/p>\n\t\t\t\t\t\t\t\t\t\t<\/div><!-- evo-entry-content -->\n\t\t\t\t\t\t\t\t\t\t<div class=\"evo-post-meta center\">\n\t\t\t\t\t\t\t\t\t\t<\/div><!-- evo-post-meta -->\n\t\t\t\t\t\t\t\t\t<\/div><!-- evo-post-inner -->\n\t\t\t\t\t\t\t\t<\/div><!-- evo-post-body -->\n\t\t\t\t\t\t\t<\/article><!-- evo-post -->\n\t\t\t\t\t\t\t<article class=\"evo-post evo-post-outer\" itemscope=\"itemscope\" itemtype=\"http:\/\/schema.org\/Article\">\n\t\t\t\t\t\t\t\t<figure class=\"evo-post-thumb evo-lazy-thumb evo-hover-thumb\">\n\t\t\t\t\t\t\t\t\t<a href=\"https:\/\/diarioregionaldigital.com.br\/?p=232945\"><img decoding=\"async\" src=\"https:\/\/diarioregionaldigital.com.br\/wp-content\/uploads\/2026\/04\/IMG_3046-360x280.jpeg\"  alt=\"Governo de Minas paga R$ 103 milh\u00f5es do Propag \u00e0 Uni\u00e3o\" class=\"lazy-thumb\"\/>\n\t\t\t\t\t\t\t\t\t<\/a>\n\t\t\t\t\t\t\t\t\t<div class=\"evo-category-meta\">\n\t\t\t\t\t\t\t\t\t<\/div><!-- evo-category-meta -->\n\t\t\t\t\t\t\t\t<\/figure><!-- evo-post-thumb -->\n\t\t\t\t\t\t\t\t<div class=\"evo-post-body\">\n\t\t\t\t\t\t\t\t\t<div class=\"evo-post-inner\">\n\t\t\t\t\t<h3 class=\"evo-entry-title\">\n\t\t\t\t\t\t<a href=\"https:\/\/diarioregionaldigital.com.br\/?p=232945\" title=\"Governo de Minas paga R$ 103 milh\u00f5es do Propag \u00e0 Uni\u00e3o\">Governo de Minas paga R$ 103 milh\u00f5es do Propag \u00e0 Uni\u00e3o<\/a>\n\t\t\t\t\t<\/h3>\n\t\t\t\t\n\t\t\t\t\t\t\t\t\t\t<div class=\"evo-entry-content\"><p>O Governo de Minas quitou a quarta parcela do Programa de Pleno Pagamento de D\u00edvidas dos Estados (Propag), no valor de R$ 102,91...<\/p>\n\t\t\t\t\t\t\t\t\t\t<\/div><!-- evo-entry-content -->\n\t\t\t\t\t\t\t\t\t\t<div class=\"evo-post-meta center\">\n\t\t\t\t\t\t\t\t\t\t<\/div><!-- evo-post-meta -->\n\t\t\t\t\t\t\t\t\t<\/div><!-- evo-post-inner -->\n\t\t\t\t\t\t\t\t<\/div><!-- evo-post-body -->\n\t\t\t\t\t\t\t<\/article><!-- evo-post -->\n\t\t\t\t\t<\/div><!-- evo-row -->\n\t\t\t\t<\/div><!-- evo-module-inner --><div class=\"ajax-all-data\"\n\t\t\t\t\tdata-style=\"style9\"\n\t\t\t\t\tdata-categorypostfeaturedsettings=\"post-author,post-date,post-comment\"\n\t\t\t\t\tdata-subcategorytitle=\"ECONOMIA\"\n\t\t\t\t\tdata-subcategoryajaxonoff=\"off\"\n\t\t\t\t\tdata-subcategoryonoff=\"off\"\n\t\t\t\t\tdata-orderby=\"date\"\n\t\t\t\t\tdata-postcount=\"\"\n\t\t\t\t\tdata-excludepostid=\"\"\n\t\t\t\t\tdata-excludetag=\"\"\n\t\t\t\t\tdata-querysource=\"by-category\"\n\t\t\t\t\tdata-postid=\"\"\n\t\t\t\t\tdata-cat=\"261\"\n\t\t\t\t\tdata-authorid=\"\">\n\t\t\t\t<\/div>\n\t\t\t<\/div><!-- evo-module -->\n\t\t\n\t\t<div class=\"evo-module evo-module-carousel evo-carousel-h evo-ov-arrow-align evo-arrow-a evo-arrow-middle evo-overlay-module evo-overlay-center module-margin-top-off\">\n\t\t\t\t<div class=\"evo-module-title evo-title-style-a\">\n\t\t\t\t\t<h4 class=\"evo-title\">CULTURA<\/h4>\n\t\t\t\t<\/div>\n\t\t\t<div class=\"evo-module-inner\">\n\t\t\t\t<div class=\"evo-slider\" \n\t\t\t\tdata-item=\"1\" \n\t\t\t\tdata-slidetoitem=\"1\" \n\t\t\t\tdata-speed=\"1000\" \n\t\t\t\tdata-autoplay=\"false\"  \n\t\t\t\tdata-autospeed=\"3000\" \n\t\t\t\tdata-arrows=\"true\" \n\t\t\t\tdata-dots=\"false\"\n\t\t\t\tdata-vertical=\"false\" \n\t\t\t\tdata-rtl=\"false\"\n\t\t\t\tdata-evofade=\"false\">\n\t\t\t\t\t<article class=\"evo-post evo-post-inside evo-post-overlay\" itemscope=\"itemscope\" itemtype=\"http:\/\/schema.org\/Article\" style=\"background-image: url(https:\/\/diarioregionaldigital.com.br\/wp-content\/uploads\/2021\/03\/Cidade-01-1-750x438.jpeg);\">\n\t\t\t\t\t\t<div class=\"evo-overlay-body\">\n\t\t\t\t\t\t\t<div class=\"evo-overlay-inner\">\n\t\t\t\t\t\t\t\t<div class=\"evo-post-body\">\n\t\t\t\t\t\t\t\t\t<div class=\"evo-post-inner\">\n\t\t\t\t\t\t\t\t\t\t<div class=\"evo-post-meta top\">\n\t\t\t\t\t\t\t\t\t\t<\/div><!-- evo-post-meta -->\n\t\t\t\t\t<h3 class=\"evo-entry-title\">\n\t\t\t\t\t\t<a href=\"https:\/\/diarioregionaldigital.com.br\/?p=179391\" title=\"Pra\u00e7a CEU completa seis anos e mant\u00e9m a\u00e7\u00f5es em ambiente virtual\">Pra\u00e7a CEU completa seis anos e mant\u00e9m a\u00e7\u00f5es em ambiente virtual<\/a>\n\t\t\t\t\t<\/h3>\n\t\t\t\t\n\t\t\t\t\t\t\t\t\t\t<div class=\"evo-post-meta center\">\n\t\t\t\t\t\t\t\t\t\t<\/div><!-- evo-post-meta -->\n\t\t\t\t\t\t\t\t\t<\/div><!-- evo-post-inner -->\n\t\t\t\t\t\t\t\t<\/div><!-- evo-post-body -->\n\t\t\t\t\t\t\t<\/div><!-- evo-overlay-inner -->\n\t\t\t\t\t\t<\/div><!-- evo-overlay-body -->\n\t\t\t\t\t\t<a href=\"https:\/\/diarioregionaldigital.com.br\/?p=179391\" class=\"evo-overlay-link\"><\/a>\n\t\t\t\t\t<\/article><!-- evo-post -->\n\t\t\t\t\t<article class=\"evo-post evo-post-inside evo-post-overlay\" itemscope=\"itemscope\" itemtype=\"http:\/\/schema.org\/Article\" style=\"background-image: url(https:\/\/diarioregionaldigital.com.br\/wp-content\/uploads\/2021\/03\/Cidade-03-750x440.jpg);\">\n\t\t\t\t\t\t<div class=\"evo-overlay-body\">\n\t\t\t\t\t\t\t<div class=\"evo-overlay-inner\">\n\t\t\t\t\t\t\t\t<div class=\"evo-post-body\">\n\t\t\t\t\t\t\t\t\t<div class=\"evo-post-inner\">\n\t\t\t\t\t\t\t\t\t\t<div class=\"evo-post-meta top\">\n\t\t\t\t\t\t\t\t\t\t<\/div><!-- evo-post-meta -->\n\t\t\t\t\t<h3 class=\"evo-entry-title\">\n\t\t\t\t\t\t<a href=\"https:\/\/diarioregionaldigital.com.br\/?p=179118\" title=\"PJF mant\u00e9m cronograma de vacina\u00e7\u00e3o durante Faixa Roxa\">PJF mant\u00e9m cronograma de vacina\u00e7\u00e3o durante Faixa Roxa<\/a>\n\t\t\t\t\t<\/h3>\n\t\t\t\t\n\t\t\t\t\t\t\t\t\t\t<div class=\"evo-post-meta center\">\n\t\t\t\t\t\t\t\t\t\t<\/div><!-- evo-post-meta -->\n\t\t\t\t\t\t\t\t\t<\/div><!-- evo-post-inner -->\n\t\t\t\t\t\t\t\t<\/div><!-- evo-post-body -->\n\t\t\t\t\t\t\t<\/div><!-- evo-overlay-inner -->\n\t\t\t\t\t\t<\/div><!-- evo-overlay-body -->\n\t\t\t\t\t\t<a href=\"https:\/\/diarioregionaldigital.com.br\/?p=179118\" class=\"evo-overlay-link\"><\/a>\n\t\t\t\t\t<\/article><!-- evo-post -->\n\t\t\t\t\t<article class=\"evo-post evo-post-inside evo-post-overlay\" itemscope=\"itemscope\" itemtype=\"http:\/\/schema.org\/Article\" style=\"background-image: url(https:\/\/diarioregionaldigital.com.br\/wp-content\/uploads\/2021\/03\/Cidade-2-1-750x440.jpg);\">\n\t\t\t\t\t\t<div class=\"evo-overlay-body\">\n\t\t\t\t\t\t\t<div class=\"evo-overlay-inner\">\n\t\t\t\t\t\t\t\t<div class=\"evo-post-body\">\n\t\t\t\t\t\t\t\t\t<div class=\"evo-post-inner\">\n\t\t\t\t\t\t\t\t\t\t<div class=\"evo-post-meta top\">\n\t\t\t\t\t\t\t\t\t\t<\/div><!-- evo-post-meta -->\n\t\t\t\t\t<h3 class=\"evo-entry-title\">\n\t\t\t\t\t\t<a href=\"https:\/\/diarioregionaldigital.com.br\/?p=179024\" title=\"A\u00e7\u00f5es de conserva\u00e7\u00e3o e restauro garantem integridade do acervo do Museu Mariano Proc\u00f3pio\">A\u00e7\u00f5es de conserva\u00e7\u00e3o e restauro garantem integridade do acervo do Museu Mariano Proc\u00f3pio<\/a>\n\t\t\t\t\t<\/h3>\n\t\t\t\t\n\t\t\t\t\t\t\t\t\t\t<div class=\"evo-post-meta center\">\n\t\t\t\t\t\t\t\t\t\t<\/div><!-- evo-post-meta -->\n\t\t\t\t\t\t\t\t\t<\/div><!-- evo-post-inner -->\n\t\t\t\t\t\t\t\t<\/div><!-- evo-post-body -->\n\t\t\t\t\t\t\t<\/div><!-- evo-overlay-inner -->\n\t\t\t\t\t\t<\/div><!-- evo-overlay-body -->\n\t\t\t\t\t\t<a href=\"https:\/\/diarioregionaldigital.com.br\/?p=179024\" class=\"evo-overlay-link\"><\/a>\n\t\t\t\t\t<\/article><!-- evo-post -->\n\t\t\t\t\t<article class=\"evo-post evo-post-inside evo-post-overlay\" itemscope=\"itemscope\" itemtype=\"http:\/\/schema.org\/Article\" style=\"background-image: url(https:\/\/diarioregionaldigital.com.br\/wp-content\/uploads\/2021\/02\/SEMINARIO-FUNAFA-DIVULGACAO-PJF-750x440.jpg);\">\n\t\t\t\t\t\t<div class=\"evo-overlay-body\">\n\t\t\t\t\t\t\t<div class=\"evo-overlay-inner\">\n\t\t\t\t\t\t\t\t<div class=\"evo-post-body\">\n\t\t\t\t\t\t\t\t\t<div class=\"evo-post-inner\">\n\t\t\t\t\t\t\t\t\t\t<div class=\"evo-post-meta top\">\n\t\t\t\t\t\t\t\t\t\t<\/div><!-- evo-post-meta -->\n\t\t\t\t\t<h3 class=\"evo-entry-title\">\n\t\t\t\t\t\t<a href=\"https:\/\/diarioregionaldigital.com.br\/?p=178567\" title=\"Funalfa promove semin\u00e1rio interno sobre carnaval\">Funalfa promove semin\u00e1rio interno sobre carnaval<\/a>\n\t\t\t\t\t<\/h3>\n\t\t\t\t\n\t\t\t\t\t\t\t\t\t\t<div class=\"evo-post-meta center\">\n\t\t\t\t\t\t\t\t\t\t<\/div><!-- evo-post-meta -->\n\t\t\t\t\t\t\t\t\t<\/div><!-- evo-post-inner -->\n\t\t\t\t\t\t\t\t<\/div><!-- evo-post-body -->\n\t\t\t\t\t\t\t<\/div><!-- evo-overlay-inner -->\n\t\t\t\t\t\t<\/div><!-- evo-overlay-body -->\n\t\t\t\t\t\t<a href=\"https:\/\/diarioregionaldigital.com.br\/?p=178567\" class=\"evo-overlay-link\"><\/a>\n\t\t\t\t\t<\/article><!-- evo-post -->\n\t\t\t\t\t<article class=\"evo-post evo-post-inside evo-post-overlay\" itemscope=\"itemscope\" itemtype=\"http:\/\/schema.org\/Article\" style=\"background-image: url(https:\/\/diarioregionaldigital.com.br\/wp-content\/uploads\/2021\/02\/Design-sem-nome-6-750x530.png);\">\n\t\t\t\t\t\t<div class=\"evo-overlay-body\">\n\t\t\t\t\t\t\t<div class=\"evo-overlay-inner\">\n\t\t\t\t\t\t\t\t<div class=\"evo-post-body\">\n\t\t\t\t\t\t\t\t\t<div class=\"evo-post-inner\">\n\t\t\t\t\t\t\t\t\t\t<div class=\"evo-post-meta top\">\n\t\t\t\t\t\t\t\t\t\t<\/div><!-- evo-post-meta -->\n\t\t\t\t\t<h3 class=\"evo-entry-title\">\n\t\t\t\t\t\t<a href=\"https:\/\/diarioregionaldigital.com.br\/?p=178200\" title=\"Est\u00e3o abertas as inscri\u00e7\u00f5es para o 50\u00ba Festival Nacional da Can\u00e7\u00e3o\">Est\u00e3o abertas as inscri\u00e7\u00f5es para o 50\u00ba Festival Nacional da Can\u00e7\u00e3o<\/a>\n\t\t\t\t\t<\/h3>\n\t\t\t\t\n\t\t\t\t\t\t\t\t\t\t<div class=\"evo-post-meta center\">\n\t\t\t\t\t\t\t\t\t\t<\/div><!-- evo-post-meta -->\n\t\t\t\t\t\t\t\t\t<\/div><!-- evo-post-inner -->\n\t\t\t\t\t\t\t\t<\/div><!-- evo-post-body -->\n\t\t\t\t\t\t\t<\/div><!-- evo-overlay-inner -->\n\t\t\t\t\t\t<\/div><!-- evo-overlay-body -->\n\t\t\t\t\t\t<a href=\"https:\/\/diarioregionaldigital.com.br\/?p=178200\" class=\"evo-overlay-link\"><\/a>\n\t\t\t\t\t<\/article><!-- evo-post -->\n\t\t\t\t\t<article class=\"evo-post evo-post-inside evo-post-overlay\" itemscope=\"itemscope\" itemtype=\"http:\/\/schema.org\/Article\" style=\"background-image: url(https:\/\/diarioregionaldigital.com.br\/wp-content\/uploads\/2021\/02\/1002_reuniao_ponte_nova_164922-750x440.jpg);\">\n\t\t\t\t\t\t<div class=\"evo-overlay-body\">\n\t\t\t\t\t\t\t<div class=\"evo-overlay-inner\">\n\t\t\t\t\t\t\t\t<div class=\"evo-post-body\">\n\t\t\t\t\t\t\t\t\t<div class=\"evo-post-inner\">\n\t\t\t\t\t\t\t\t\t\t<div class=\"evo-post-meta top\">\n\t\t\t\t\t\t\t\t\t\t<\/div><!-- evo-post-meta -->\n\t\t\t\t\t<h3 class=\"evo-entry-title\">\n\t\t\t\t\t\t<a href=\"https:\/\/diarioregionaldigital.com.br\/?p=177763\" title=\"Comitiva da Prefeitura de Ponte Nova faz visita t\u00e9cnica \u00e0 Funalfa\">Comitiva da Prefeitura de Ponte Nova faz visita t\u00e9cnica \u00e0 Funalfa<\/a>\n\t\t\t\t\t<\/h3>\n\t\t\t\t\n\t\t\t\t\t\t\t\t\t\t<div class=\"evo-post-meta center\">\n\t\t\t\t\t\t\t\t\t\t<\/div><!-- evo-post-meta -->\n\t\t\t\t\t\t\t\t\t<\/div><!-- evo-post-inner -->\n\t\t\t\t\t\t\t\t<\/div><!-- evo-post-body -->\n\t\t\t\t\t\t\t<\/div><!-- evo-overlay-inner -->\n\t\t\t\t\t\t<\/div><!-- evo-overlay-body -->\n\t\t\t\t\t\t<a href=\"https:\/\/diarioregionaldigital.com.br\/?p=177763\" class=\"evo-overlay-link\"><\/a>\n\t\t\t\t\t<\/article><!-- evo-post -->\n\t\t\t\t\t<article class=\"evo-post evo-post-inside evo-post-overlay\" itemscope=\"itemscope\" itemtype=\"http:\/\/schema.org\/Article\" style=\"background-image: url(https:\/\/diarioregionaldigital.com.br\/wp-content\/uploads\/2021\/02\/0202_funalfa_muvuka_161440-750x440.jpg);\">\n\t\t\t\t\t\t<div class=\"evo-overlay-body\">\n\t\t\t\t\t\t\t<div class=\"evo-overlay-inner\">\n\t\t\t\t\t\t\t\t<div class=\"evo-post-body\">\n\t\t\t\t\t\t\t\t\t<div class=\"evo-post-inner\">\n\t\t\t\t\t\t\t\t\t\t<div class=\"evo-post-meta top\">\n\t\t\t\t\t\t\t\t\t\t<\/div><!-- evo-post-meta -->\n\t\t\t\t\t<h3 class=\"evo-entry-title\">\n\t\t\t\t\t\t<a href=\"https:\/\/diarioregionaldigital.com.br\/?p=177202\" title=\"Bloco afro Muvuka promove concurso para selecionar composi\u00e7\u00f5es de trabalho\">Bloco afro Muvuka promove concurso para selecionar composi\u00e7\u00f5es de trabalho<\/a>\n\t\t\t\t\t<\/h3>\n\t\t\t\t\n\t\t\t\t\t\t\t\t\t\t<div class=\"evo-post-meta center\">\n\t\t\t\t\t\t\t\t\t\t<\/div><!-- evo-post-meta -->\n\t\t\t\t\t\t\t\t\t<\/div><!-- evo-post-inner -->\n\t\t\t\t\t\t\t\t<\/div><!-- evo-post-body -->\n\t\t\t\t\t\t\t<\/div><!-- evo-overlay-inner -->\n\t\t\t\t\t\t<\/div><!-- evo-overlay-body -->\n\t\t\t\t\t\t<a href=\"https:\/\/diarioregionaldigital.com.br\/?p=177202\" class=\"evo-overlay-link\"><\/a>\n\t\t\t\t\t<\/article><!-- evo-post -->\n\t\t\t\t\t<article class=\"evo-post evo-post-inside evo-post-overlay\" itemscope=\"itemscope\" itemtype=\"http:\/\/schema.org\/Article\" style=\"background-image: url(https:\/\/diarioregionaldigital.com.br\/wp-content\/uploads\/2021\/01\/2101_mapro_restaura_pecas_170307-750x440.jpg);\">\n\t\t\t\t\t\t<div class=\"evo-overlay-body\">\n\t\t\t\t\t\t\t<div class=\"evo-overlay-inner\">\n\t\t\t\t\t\t\t\t<div class=\"evo-post-body\">\n\t\t\t\t\t\t\t\t\t<div class=\"evo-post-inner\">\n\t\t\t\t\t\t\t\t\t\t<div class=\"evo-post-meta top\">\n\t\t\t\t\t\t\t\t\t\t<\/div><!-- evo-post-meta -->\n\t\t\t\t\t<h3 class=\"evo-entry-title\">\n\t\t\t\t\t\t<a href=\"https:\/\/diarioregionaldigital.com.br\/?p=176532\" title=\"Museu Mariano Proc\u00f3pio inicia restauro de pe\u00e7as dos s\u00e9culos 18 e 19\">Museu Mariano Proc\u00f3pio inicia restauro de pe\u00e7as dos s\u00e9culos 18 e 19<\/a>\n\t\t\t\t\t<\/h3>\n\t\t\t\t\n\t\t\t\t\t\t\t\t\t\t<div class=\"evo-post-meta center\">\n\t\t\t\t\t\t\t\t\t\t<\/div><!-- evo-post-meta -->\n\t\t\t\t\t\t\t\t\t<\/div><!-- evo-post-inner -->\n\t\t\t\t\t\t\t\t<\/div><!-- evo-post-body -->\n\t\t\t\t\t\t\t<\/div><!-- evo-overlay-inner -->\n\t\t\t\t\t\t<\/div><!-- evo-overlay-body -->\n\t\t\t\t\t\t<a href=\"https:\/\/diarioregionaldigital.com.br\/?p=176532\" class=\"evo-overlay-link\"><\/a>\n\t\t\t\t\t<\/article><!-- evo-post -->\n\t\t\t\t\t<article class=\"evo-post evo-post-inside evo-post-overlay\" itemscope=\"itemscope\" itemtype=\"http:\/\/schema.org\/Article\" style=\"background-image: url(https:\/\/diarioregionaldigital.com.br\/wp-content\/uploads\/2021\/01\/1201artistafinalistafunalfa_142327-750x440.jpg);\">\n\t\t\t\t\t\t<div class=\"evo-overlay-body\">\n\t\t\t\t\t\t\t<div class=\"evo-overlay-inner\">\n\t\t\t\t\t\t\t\t<div class=\"evo-post-body\">\n\t\t\t\t\t\t\t\t\t<div class=\"evo-post-inner\">\n\t\t\t\t\t\t\t\t\t\t<div class=\"evo-post-meta top\">\n\t\t\t\t\t\t\t\t\t\t<\/div><!-- evo-post-meta -->\n\t\t\t\t\t<h3 class=\"evo-entry-title\">\n\t\t\t\t\t\t<a href=\"https:\/\/diarioregionaldigital.com.br\/?p=175914\" title=\"Artista radicado em Juiz de Fora \u00e9 finalista em pr\u00eamio nacional\">Artista radicado em Juiz de Fora \u00e9 finalista em pr\u00eamio nacional<\/a>\n\t\t\t\t\t<\/h3>\n\t\t\t\t\n\t\t\t\t\t\t\t\t\t\t<div class=\"evo-post-meta center\">\n\t\t\t\t\t\t\t\t\t\t<\/div><!-- evo-post-meta -->\n\t\t\t\t\t\t\t\t\t<\/div><!-- evo-post-inner -->\n\t\t\t\t\t\t\t\t<\/div><!-- evo-post-body -->\n\t\t\t\t\t\t\t<\/div><!-- evo-overlay-inner -->\n\t\t\t\t\t\t<\/div><!-- evo-overlay-body -->\n\t\t\t\t\t\t<a href=\"https:\/\/diarioregionaldigital.com.br\/?p=175914\" class=\"evo-overlay-link\"><\/a>\n\t\t\t\t\t<\/article><!-- evo-post -->\n\t\t\t\t\t<article class=\"evo-post evo-post-inside evo-post-overlay\" itemscope=\"itemscope\" itemtype=\"http:\/\/schema.org\/Article\" style=\"background-image: url(https:\/\/diarioregionaldigital.com.br\/wp-content\/uploads\/2020\/12\/ccbm-jf-750x530.jpg);\">\n\t\t\t\t\t\t<div class=\"evo-overlay-body\">\n\t\t\t\t\t\t\t<div class=\"evo-overlay-inner\">\n\t\t\t\t\t\t\t\t<div class=\"evo-post-body\">\n\t\t\t\t\t\t\t\t\t<div class=\"evo-post-inner\">\n\t\t\t\t\t\t\t\t\t\t<div class=\"evo-post-meta top\">\n\t\t\t\t\t\t\t\t\t\t<\/div><!-- evo-post-meta -->\n\t\t\t\t\t<h3 class=\"evo-entry-title\">\n\t\t\t\t\t\t<a href=\"https:\/\/diarioregionaldigital.com.br\/?p=175130\" title=\"PJF assina contrato para requalifica\u00e7\u00e3o do Espa\u00e7o Mascarenhas\">PJF assina contrato para requalifica\u00e7\u00e3o do Espa\u00e7o Mascarenhas<\/a>\n\t\t\t\t\t<\/h3>\n\t\t\t\t\n\t\t\t\t\t\t\t\t\t\t<div class=\"evo-post-meta center\">\n\t\t\t\t\t\t\t\t\t\t<\/div><!-- evo-post-meta -->\n\t\t\t\t\t\t\t\t\t<\/div><!-- evo-post-inner -->\n\t\t\t\t\t\t\t\t<\/div><!-- evo-post-body -->\n\t\t\t\t\t\t\t<\/div><!-- evo-overlay-inner -->\n\t\t\t\t\t\t<\/div><!-- evo-overlay-body -->\n\t\t\t\t\t\t<a href=\"https:\/\/diarioregionaldigital.com.br\/?p=175130\" class=\"evo-overlay-link\"><\/a>\n\t\t\t\t\t<\/article><!-- evo-post -->\n\t\t\t\t<\/div>\n\t\t\t<\/div><!-- evo-module-inner -->\n\n\t\t<\/div><!-- evo-module -->\n\t\t[\/vc_column][vc_column width=&#8221;1\/3&#8243; el_class=&#8221;evo-sticky&#8221;]\n\t\t\t<div class=\"evo-sidebar right evo-right-sidebar\">\n\t\t<aside id=\"evonews_tabs_posts_widget-3\" class=\"widget evo-tab-widget\">\t\n\t\t\t\n\t\t\t\t<div class=\"evo-widget-inner\">\n\t\t\t\t\t<div class=\"evo-tab-widget-body\">\n\t\t\t\t\t\t<div class=\"evo-tab-list\">\n\t\t\t\t\t\t\t\t\t\t\t\t\t\t\t\t\t\t\t\t\t\t\t\t\t\t\t\t\t\t\t\t\t\t\t\t\t\t\t\t\t\t\t\t\t\t\t\t<\/div><!-- evo-tab-list -->\n\t\t\t\t\t\t<div class=\"evo-tab-wrap\">\n\t\t\t\t\t\t\t\t\t\t\t\t\t\t\t\t\t\t\t\t\t\t\t\t\t\t\t\t\t\t\t\t\t\t\t<div class=\"evo-tab-body\">\n\t\t\t\t\t\t\t\t\t\t\t\t\t\t\t\t\t\t\t\t\t\t\t\t\t\t\t<div class=\"evo-first-post evo-overlay-module evo-overlay-center\">\n\t\t\t\t\t\t\t\t\t\t\t<article class=\"evo-post evo-post-inside evo-post-overlay post-232954 post type-post status-publish format-standard has-post-thumbnail hentry category-cidade category-destaque-da-semana category-destaques-do-dia category-ultima-hora\" itemscope=\"itemscope\" itemtype=\"http:\/\/schema.org\/Article\"  style=\"background-image: url(https:\/\/diarioregionaldigital.com.br\/wp-content\/uploads\/2026\/04\/IMG_1154-300x210.png);\">\n\t\t\t\t\t\t\t\t\t\t\t\t<span class=\"evo-post-number\">01<\/span>\n\t\t\t\t\t\t\t\t\t\t\t\t<div class=\"evo-overlay-body\">\n\t\t\t\t\t\t\t\t\t\t\t\t\t<div class=\"evo-overlay-inner\">\n\t\t\t\t\t\t\t\t\t\t\t\t\t\t<div class=\"evo-post-body\">\n\t\t\t\t\t\t\t\t\t\t\t\t\t\t\t<div class=\"evo-post-inner\">\n\t\t\t\t\t\t\t\t\t\t\t\t\t\t\t\t<h3 class=\"evo-entry-title\"><a href=\"https:\/\/diarioregionaldigital.com.br\/?p=232954\" title=\"Fiscaliza\u00e7\u00e3o realiza doa\u00e7\u00e3o de 1.151 pares de \u00f3culos para Associa\u00e7\u00e3o dos Cegos de Juiz de Fora\">Fiscaliza\u00e7\u00e3o realiza doa\u00e7\u00e3o de 1.151 pares de \u00f3culos para Associa\u00e7\u00e3o dos Cegos de Juiz de Fora<\/a><\/h3>\t\t\t\t\t\t\t\t\t\t\t\t\t\t\t\t<div class=\"evo-post-meta center\">\n\t\t\t\t\t\t\t\t\t\t\t\t\t\t\t\t\t\t\t\t\t\t\t\t\t\t\t\t\t\t\t\t\t<\/div><!-- evo-post-meta -->\n\t\t\t\t\t\t\t\t\t\t\t\t\t\t\t<\/div><!-- evo-post-inner -->\n\t\t\t\t\t\t\t\t\t\t\t\t\t\t<\/div><!-- evo-post-body -->\n\t\t\t\t\t\t\t\t\t\t\t\t\t<\/div><!-- evo-overlay-inner -->\n\t\t\t\t\t\t\t\t\t\t\t\t<\/div><!-- evo-overlay-body -->\n\t\t\t\t\t\t\t\t\t\t\t\t<a href=\"https:\/\/diarioregionaldigital.com.br\/?p=232954\" class=\"evo-overlay-link\" tabindex=\"0\"><\/a>\n\t\t\t\t\t\t\t\t\t\t\t<\/article><!-- evo-post -->\n\t\t\t\t\t\t\t\t\t\t<\/div><!-- evo-first-post -->\n\t\t\t\t\t\t\t\t\t\t<div class=\"evo-small-list\">\t\t\t\t\t\t\t\t\t\t\t\t\n\t\t\t\t\t\t\t\t\t\t\t\t\t\t\t\t\t\t\t\t\t\t\t\t\t\t\t\t\t\t\t\t\t\t\t\t<article class=\"evo-post post post-66840 type-post status-publish format-standard has-post-thumbnail hentry category-cidade\" itemscope=\"itemscope\" itemtype=\"http:\/\/schema.org\/Article\">\n\t\t\t\t\t\t\t\t\t\t\t<figure class=\"evo-post-thumb evo-hover-thumb evo-lazy-thumb\">\n\t\t\t\t\t\t\t\t\t\t\t<a href=\"https:\/\/diarioregionaldigital.com.br\/?p=66840\" rel=\"bookmark\" title=\"Madeiras pegam fogo em obra no S\u00e3o Pedro\">\n\t\t\t\t\t\t\t\t\t\t\t\t<span class=\"evo-post-number\">\n\t\t\t\t\t\t\t\t\t\t\t\t02\t\t\t\t\t\t\t\t\t\t\t\t<\/span>\n\t\t\t\t\t\t\t\t\t\t\t\t<img loading=\"lazy\" decoding=\"async\" width=\"100\" height=\"70\" src=\"https:\/\/diarioregionaldigital.com.br\/wp-content\/uploads\/2017\/01\/diario-12039-100x70.jpeg\" class=\"lazy-thumb wp-post-image\" alt=\"\" itemprop=\"image\" srcset=\"https:\/\/diarioregionaldigital.com.br\/wp-content\/uploads\/2017\/01\/diario-12039-100x70.jpeg 100w, https:\/\/diarioregionaldigital.com.br\/wp-content\/uploads\/2017\/01\/diario-12039-300x210.jpeg 300w\" sizes=\"auto, (max-width: 100px) 100vw, 100px\" \/>\t\t\t\t\t\t\t\t\t\t\t<\/a>\n\t\t\t\t\t\t\t\t\t\t\t<\/figure>\n\t\t\t\t\t\t\t\t\t\t\t<div class=\"evo-post-body\">\n\t\t\t\t\t\t\t\t\t\t\t\t<h3 class=\"evo-entry-title\"><a href=\"https:\/\/diarioregionaldigital.com.br\/?p=66840\" title=\"Madeiras pegam fogo em obra no S\u00e3o Pedro\">Madeiras pegam fogo em obra no S\u00e3o Pedro<\/a><\/h3>\t\t\t\t\t\t\t\t\t\t\t\t<div class=\"evo-post-meta\">\n\t\t\t\t\t\t\t\t\t\t\t\t\t\t\t\t\t\t\t\t\t\t\t\t\t<\/div><!-- evo-post-meta -->\n\t\t\t\t\t\t\t\t\t\t\t<\/div><!-- evo-post-body -->\n\t\t\t\t\t\t\t\t\t\t<\/article><!-- post -->\n\t\t\t\t\t\t\t\t\t\t\t\t\t\t\t\t\t\t\t\t\t\t\t\t\t\t\t\t\t\t\t\t\t\t\t\t<article class=\"evo-post post post-66841 type-post status-publish format-standard hentry category-cidade\" itemscope=\"itemscope\" itemtype=\"http:\/\/schema.org\/Article\">\n\t\t\t\t\t\t\t\t\t\t\t<figure class=\"evo-post-thumb evo-hover-thumb evo-lazy-thumb\">\n\t\t\t\t\t\t\t\t\t\t\t<a href=\"https:\/\/diarioregionaldigital.com.br\/?p=66841\" rel=\"bookmark\" title=\"Idoso morre ap\u00f3s ser atingido  por trem em Dias Tavares\">\n\t\t\t\t\t\t\t\t\t\t\t\t<span class=\"evo-post-number\">\n\t\t\t\t\t\t\t\t\t\t\t\t03\t\t\t\t\t\t\t\t\t\t\t\t<\/span>\n\t\t\t\t\t\t\t\t\t\t\t\t\t\t\t\t\t\t\t\t\t\t\t<\/a>\n\t\t\t\t\t\t\t\t\t\t\t<\/figure>\n\t\t\t\t\t\t\t\t\t\t\t<div class=\"evo-post-body\">\n\t\t\t\t\t\t\t\t\t\t\t\t<h3 class=\"evo-entry-title\"><a href=\"https:\/\/diarioregionaldigital.com.br\/?p=66841\" title=\"Idoso morre ap\u00f3s ser atingido  por trem em Dias Tavares\">Idoso morre ap\u00f3s ser atingido  por trem em Dias Tavares<\/a><\/h3>\t\t\t\t\t\t\t\t\t\t\t\t<div class=\"evo-post-meta\">\n\t\t\t\t\t\t\t\t\t\t\t\t\t\t\t\t\t\t\t\t\t\t\t\t\t<\/div><!-- evo-post-meta -->\n\t\t\t\t\t\t\t\t\t\t\t<\/div><!-- evo-post-body -->\n\t\t\t\t\t\t\t\t\t\t<\/article><!-- post -->\n\t\t\t\t\t\t\t\t\t\t\t\t\t\t\t\t\t\t\t\t\t\t\t\t\t\t\t\t\t\t\t\t\t\t\t\t<article class=\"evo-post post post-66842 type-post status-publish format-standard hentry category-cidade\" itemscope=\"itemscope\" itemtype=\"http:\/\/schema.org\/Article\">\n\t\t\t\t\t\t\t\t\t\t\t<figure class=\"evo-post-thumb evo-hover-thumb evo-lazy-thumb\">\n\t\t\t\t\t\t\t\t\t\t\t<a href=\"https:\/\/diarioregionaldigital.com.br\/?p=66842\" rel=\"bookmark\" title=\"Taxista tem R$100 levados em assalto no Santa Rita\">\n\t\t\t\t\t\t\t\t\t\t\t\t<span class=\"evo-post-number\">\n\t\t\t\t\t\t\t\t\t\t\t\t04\t\t\t\t\t\t\t\t\t\t\t\t<\/span>\n\t\t\t\t\t\t\t\t\t\t\t\t\t\t\t\t\t\t\t\t\t\t\t<\/a>\n\t\t\t\t\t\t\t\t\t\t\t<\/figure>\n\t\t\t\t\t\t\t\t\t\t\t<div class=\"evo-post-body\">\n\t\t\t\t\t\t\t\t\t\t\t\t<h3 class=\"evo-entry-title\"><a href=\"https:\/\/diarioregionaldigital.com.br\/?p=66842\" title=\"Taxista tem R$100 levados em assalto no Santa Rita\">Taxista tem R$100 levados em assalto no Santa Rita<\/a><\/h3>\t\t\t\t\t\t\t\t\t\t\t\t<div class=\"evo-post-meta\">\n\t\t\t\t\t\t\t\t\t\t\t\t\t\t\t\t\t\t\t\t\t\t\t\t\t<\/div><!-- evo-post-meta -->\n\t\t\t\t\t\t\t\t\t\t\t<\/div><!-- evo-post-body -->\n\t\t\t\t\t\t\t\t\t\t<\/article><!-- post -->\n\t\t\t\t\t\t\t\t\t\t\t\t\t\t\t\t\t\t\t\t\t\t\t\t\t\t<\/div><!-- evo-small-list -->\n\t\t\t\t\t\t\t\t\t\t\t\t\t\t\t<\/div><!-- evo-tab-body -->\n\t\t\t\t\t\t<\/div><!-- evo-tab-wrap -->\n\t\t\t\t\t<\/div><!-- evo-tab-widget-body -->\n\t\t\t\t<\/div><!-- tab-widget -->\n\t\t\t\n\t\t<\/aside>\n\t\t\n\t\t<aside id=\"evonews_tabs_posts_widget-4\" class=\"widget evo-tab-widget\">\t\n\t\t\t\n\t\t\t\t<div class=\"evo-widget-inner\">\n\t\t\t\t\t<div class=\"evo-tab-widget-body\">\n\t\t\t\t\t\t<div class=\"evo-tab-list\">\n\t\t\t\t\t\t\t\t\t\t\t\t\t\t\t<a class=\"evo-tab-item selected\" href=\"#\">Mais Lidas<\/a>\n\t\t\t\t\t\t\t\t\t\t\t\t\t\t\t\t\t\t\t\t\t\t\t\t\t\t\t\t\t\t\t\t\t\t\t\t\t\t\t\t\t<\/div><!-- evo-tab-list -->\n\t\t\t\t\t\t<div class=\"evo-tab-wrap\">\n\t\t\t\t\t\t\t\t\t\t\t\t\t\t\t<div class=\"evo-tab-body active\">\n\t\t\t\t\t\t\t\t\t\t\t\t\t\t\t\t\t\t\t\t\t\t\t\t\t\t\t\t\t\t<div class=\"evo-first-post evo-overlay-module evo-overlay-center\">\n\t\t\t\t\t\t\t\t\t\t\t\t<article class=\"evo-post evo-post-inside evo-post-overlay post-70392 post type-post status-publish format-standard hentry category-economia\" itemscope=\"itemscope\" itemtype=\"http:\/\/schema.org\/Article\"  style=\"background-image: url();\">\n\t\t\t\t\t\t\t\t\t\t\t\t\t<!-- by dmi <span class=\"evo-post-number\">01<\/span> -->\n\t\t\t\t\t\t\t\t\t\t\t\t\t<div class=\"evo-overlay-body\">\n\t\t\t\t\t\t\t\t\t\t\t\t\t\t<div class=\"evo-overlay-inner\">\n\t\t\t\t\t\t\t\t\t\t\t\t\t\t\t<div class=\"evo-post-body\">\n\t\t\t\t\t\t\t\t\t\t\t\t\t\t\t\t<div class=\"evo-post-inner\">\n\t\t\t\t\t\t\t\t\t\t\t\t\t\t\t\t\t<h3 class=\"evo-entry-title\"><a href=\"https:\/\/diarioregionaldigital.com.br\/?p=70392\" title=\"Segurado tem direito de receber atrasados por esperar concess\u00e3o de benef\u00edcio\">Segurado tem direito de receber atrasados por esperar concess\u00e3o de benef\u00edcio<\/a><\/h3>\t\t\t\t\t\t\t\t\t\t\t\t\t\t\t\t\t<div class=\"evo-post-meta center\">\n\t\t\t\t\t\t\t\t\t\t\t\t\t\t\t\t\t\t\t\t\t\t\t\t\t\t\t\t\t\t\t\t\t\t\t<\/div><!-- evo-post-meta -->\n\t\t\t\t\t\t\t\t\t\t\t\t\t\t\t\t<\/div><!-- evo-post-inner -->\n\t\t\t\t\t\t\t\t\t\t\t\t\t\t\t<\/div><!-- evo-post-body -->\n\t\t\t\t\t\t\t\t\t\t\t\t\t\t<\/div><!-- evo-overlay-inner -->\n\t\t\t\t\t\t\t\t\t\t\t\t\t<\/div><!-- evo-overlay-body -->\n\t\t\t\t\t\t\t\t\t\t\t\t\t<a href=\"https:\/\/diarioregionaldigital.com.br\/?p=70392\" class=\"evo-overlay-link\" tabindex=\"0\"><\/a>\n\t\t\t\t\t\t\t\t\t\t\t\t<\/article><!-- evo-post -->\n\t\t\t\t\t\t\t\t\t\t\t<\/div><!-- evo-first-post -->\n\t\t\t\t\t\t\t\t\t\t\t<div class=\"evo-small-list\">\t\t\t\t\t\t\t\t\t\t\t\t\n\t\t\t\t\t\t\t\t\t\t\t\t\t\t\t\t\t\t\t\t\t\t\t\t\t\t\t\t\t\t\t\t\t\t\t\t\t\t\t\t<article class=\"evo-post post post-74287 type-post status-publish format-standard hentry category-politica\" itemscope=\"itemscope\" itemtype=\"http:\/\/schema.org\/Article\">\n\t\t\t\t\t\t\t\t\t\t\t\t<figure class=\"evo-post-thumb evo-hover-thumb evo-lazy-thumb\">\n\t\t\t\t\t\t\t\t\t\t\t\t<a href=\"https:\/\/diarioregionaldigital.com.br\/?p=74287\" rel=\"bookmark\" title=\"Cidade pode ganhar Procuradoria Geral da Mulher\">\n\t\t\t\t\t\t\t\t\t\t\t\t\t<!-- by number <span class=\"evo-post-number\"> \n\t\t\t\t\t\t\t\t\t\t\t\t\t\t\t\t\t\t\t\t\t\t\t\t\t\t<!--<\/span>-->\n\t\t\t\t\t\t\t\t\t\t\t\t\t\t\t\t\t\t\t\t\t\t\t\t\t<\/a>\n\t\t\t\t\t\t\t\t\t\t\t\t<\/figure>\n\t\t\t\t\t\t\t\t\t\t\t\t<div class=\"evo-post-body\">\n\t\t\t\t\t\t\t\t\t\t\t\t\t<h3 class=\"evo-entry-title\"><a href=\"https:\/\/diarioregionaldigital.com.br\/?p=74287\" title=\"Cidade pode ganhar Procuradoria Geral da Mulher\">Cidade pode ganhar Procuradoria Geral da Mulher<\/a><\/h3>\t\t\t\t\t\t\t\t\t\t\t\t\t<div class=\"evo-post-meta\">\n\t\t\t\t\t\t\t\t\t\t\t\t\t\t\t\t\t\t\t\t\t\t\t\t\t\t\t<\/div><!-- evo-post-meta -->\n\t\t\t\t\t\t\t\t\t\t\t\t<\/div><!-- evo-post-body -->\n\t\t\t\t\t\t\t\t\t\t\t<\/article><!-- post -->\n\t\t\t\t\t\t\t\t\t\t\t\t\t\t\t\t\t\t\t\t\t\t\t\t\t\t\t\t\t\t\t\t\t\t\t\t\t\t\t\t<article class=\"evo-post post post-88348 type-post status-publish format-standard has-post-thumbnail hentry category-economia\" itemscope=\"itemscope\" itemtype=\"http:\/\/schema.org\/Article\">\n\t\t\t\t\t\t\t\t\t\t\t\t<figure class=\"evo-post-thumb evo-hover-thumb evo-lazy-thumb\">\n\t\t\t\t\t\t\t\t\t\t\t\t<a href=\"https:\/\/diarioregionaldigital.com.br\/?p=88348\" rel=\"bookmark\" title=\"Tempo de curso t\u00e9cnico pode ser aproveitado para aposentadoria\">\n\t\t\t\t\t\t\t\t\t\t\t\t\t<!-- by number <span class=\"evo-post-number\"> \n\t\t\t\t\t\t\t\t\t\t\t\t\t\t\t\t\t\t\t\t\t\t\t\t\t\t<!--<\/span>-->\n\t\t\t\t\t\t\t\t\t\t\t\t\t<img loading=\"lazy\" decoding=\"async\" width=\"100\" height=\"70\" src=\"https:\/\/diarioregionaldigital.com.br\/wp-content\/uploads\/2017\/12\/diario-22545-100x70.jpg\" class=\"lazy-thumb wp-post-image\" alt=\"\" itemprop=\"image\" srcset=\"https:\/\/diarioregionaldigital.com.br\/wp-content\/uploads\/2017\/12\/diario-22545-100x70.jpg 100w, https:\/\/diarioregionaldigital.com.br\/wp-content\/uploads\/2017\/12\/diario-22545-300x210.jpg 300w\" sizes=\"auto, (max-width: 100px) 100vw, 100px\" \/>\t\t\t\t\t\t\t\t\t\t\t\t<\/a>\n\t\t\t\t\t\t\t\t\t\t\t\t<\/figure>\n\t\t\t\t\t\t\t\t\t\t\t\t<div class=\"evo-post-body\">\n\t\t\t\t\t\t\t\t\t\t\t\t\t<h3 class=\"evo-entry-title\"><a href=\"https:\/\/diarioregionaldigital.com.br\/?p=88348\" title=\"Tempo de curso t\u00e9cnico pode ser aproveitado para aposentadoria\">Tempo de curso t\u00e9cnico pode ser aproveitado para aposentadoria<\/a><\/h3>\t\t\t\t\t\t\t\t\t\t\t\t\t<div class=\"evo-post-meta\">\n\t\t\t\t\t\t\t\t\t\t\t\t\t\t\t\t\t\t\t\t\t\t\t\t\t\t\t<\/div><!-- evo-post-meta -->\n\t\t\t\t\t\t\t\t\t\t\t\t<\/div><!-- evo-post-body -->\n\t\t\t\t\t\t\t\t\t\t\t<\/article><!-- post -->\n\t\t\t\t\t\t\t\t\t\t\t\t\t\t\t\t\t\t\t\t\t\t\t\t\t\t\t\t\t\t\t\t\t\t\t\t\t\t\t\t<article class=\"evo-post post post-76983 type-post status-publish format-standard has-post-thumbnail hentry category-eduardo-gomes\" itemscope=\"itemscope\" itemtype=\"http:\/\/schema.org\/Article\">\n\t\t\t\t\t\t\t\t\t\t\t\t<figure class=\"evo-post-thumb evo-hover-thumb evo-lazy-thumb\">\n\t\t\t\t\t\t\t\t\t\t\t\t<a href=\"https:\/\/diarioregionaldigital.com.br\/?p=76983\" rel=\"bookmark\" title=\"Cultura\">\n\t\t\t\t\t\t\t\t\t\t\t\t\t<!-- by number <span class=\"evo-post-number\"> \n\t\t\t\t\t\t\t\t\t\t\t\t\t\t\t\t\t\t\t\t\t\t\t\t\t\t<!--<\/span>-->\n\t\t\t\t\t\t\t\t\t\t\t\t\t<img loading=\"lazy\" decoding=\"async\" width=\"100\" height=\"70\" src=\"https:\/\/diarioregionaldigital.com.br\/wp-content\/uploads\/2017\/07\/diario-17588-100x70.jpg\" class=\"lazy-thumb wp-post-image\" alt=\"\" itemprop=\"image\" srcset=\"https:\/\/diarioregionaldigital.com.br\/wp-content\/uploads\/2017\/07\/diario-17588-100x70.jpg 100w, https:\/\/diarioregionaldigital.com.br\/wp-content\/uploads\/2017\/07\/diario-17588-300x210.jpg 300w\" sizes=\"auto, (max-width: 100px) 100vw, 100px\" \/>\t\t\t\t\t\t\t\t\t\t\t\t<\/a>\n\t\t\t\t\t\t\t\t\t\t\t\t<\/figure>\n\t\t\t\t\t\t\t\t\t\t\t\t<div class=\"evo-post-body\">\n\t\t\t\t\t\t\t\t\t\t\t\t\t<h3 class=\"evo-entry-title\"><a href=\"https:\/\/diarioregionaldigital.com.br\/?p=76983\" title=\"Cultura\">Cultura<\/a><\/h3>\t\t\t\t\t\t\t\t\t\t\t\t\t<div class=\"evo-post-meta\">\n\t\t\t\t\t\t\t\t\t\t\t\t\t\t\t\t\t\t\t\t\t\t\t\t\t\t\t<\/div><!-- evo-post-meta -->\n\t\t\t\t\t\t\t\t\t\t\t\t<\/div><!-- evo-post-body -->\n\t\t\t\t\t\t\t\t\t\t\t<\/article><!-- post -->\n\t\t\t\t\t\t\t\t\t\t\t\t\t\t\t\t\t\t\t\t\t\t\t\t\t\t\t\t\t\t\t\t\t\t\t\t\t\t\t\t<article class=\"evo-post post post-122080 type-post status-publish format-standard has-post-thumbnail hentry category-cidade category-destaque-da-semana category-destaques-do-dia category-ultima-hora\" itemscope=\"itemscope\" itemtype=\"http:\/\/schema.org\/Article\">\n\t\t\t\t\t\t\t\t\t\t\t\t<figure class=\"evo-post-thumb evo-hover-thumb evo-lazy-thumb\">\n\t\t\t\t\t\t\t\t\t\t\t\t<a href=\"https:\/\/diarioregionaldigital.com.br\/?p=122080\" rel=\"bookmark\" title=\"Santa Casa de Juiz de Fora recebe super-her\u00f3is para animar Dia das Crian\u00e7as\">\n\t\t\t\t\t\t\t\t\t\t\t\t\t<!-- by number <span class=\"evo-post-number\"> \n\t\t\t\t\t\t\t\t\t\t\t\t\t\t\t\t\t\t\t\t\t\t\t\t\t\t<!--<\/span>-->\n\t\t\t\t\t\t\t\t\t\t\t\t\t<img loading=\"lazy\" decoding=\"async\" width=\"100\" height=\"70\" src=\"https:\/\/diarioregionaldigital.com.br\/wp-content\/uploads\/2018\/10\/RAFAELA-FRUTUOSO-USAR-ESSA-1-6-100x70.jpg\" class=\"lazy-thumb wp-post-image\" alt=\"\" itemprop=\"image\" srcset=\"https:\/\/diarioregionaldigital.com.br\/wp-content\/uploads\/2018\/10\/RAFAELA-FRUTUOSO-USAR-ESSA-1-6-100x70.jpg 100w, https:\/\/diarioregionaldigital.com.br\/wp-content\/uploads\/2018\/10\/RAFAELA-FRUTUOSO-USAR-ESSA-1-6-750x530.jpg 750w, https:\/\/diarioregionaldigital.com.br\/wp-content\/uploads\/2018\/10\/RAFAELA-FRUTUOSO-USAR-ESSA-1-6-300x210.jpg 300w\" sizes=\"auto, (max-width: 100px) 100vw, 100px\" \/>\t\t\t\t\t\t\t\t\t\t\t\t<\/a>\n\t\t\t\t\t\t\t\t\t\t\t\t<\/figure>\n\t\t\t\t\t\t\t\t\t\t\t\t<div class=\"evo-post-body\">\n\t\t\t\t\t\t\t\t\t\t\t\t\t<h3 class=\"evo-entry-title\"><a href=\"https:\/\/diarioregionaldigital.com.br\/?p=122080\" title=\"Santa Casa de Juiz de Fora recebe super-her\u00f3is para animar Dia das Crian\u00e7as\">Santa Casa de Juiz de Fora recebe super-her\u00f3is para animar Dia das Crian\u00e7as<\/a><\/h3>\t\t\t\t\t\t\t\t\t\t\t\t\t<div class=\"evo-post-meta\">\n\t\t\t\t\t\t\t\t\t\t\t\t\t\t\t\t\t\t\t\t\t\t\t\t\t\t\t<\/div><!-- evo-post-meta -->\n\t\t\t\t\t\t\t\t\t\t\t\t<\/div><!-- evo-post-body -->\n\t\t\t\t\t\t\t\t\t\t\t<\/article><!-- post -->\n\t\t\t\t\t\t\t\t\t\t\t\t\t\t\t\t\t\t\t\t\t\t\t\t\t\t\t\t\t\t\t\t\t\t\t\t\t\t\t\t<article class=\"evo-post post post-80157 type-post status-publish format-standard hentry category-cidade\" itemscope=\"itemscope\" itemtype=\"http:\/\/schema.org\/Article\">\n\t\t\t\t\t\t\t\t\t\t\t\t<figure class=\"evo-post-thumb evo-hover-thumb evo-lazy-thumb\">\n\t\t\t\t\t\t\t\t\t\t\t\t<a href=\"https:\/\/diarioregionaldigital.com.br\/?p=80157\" rel=\"bookmark\" title=\"IBGE afirma que Juiz de Fora \u00e9 a quarta cidade mais populosa do estado\">\n\t\t\t\t\t\t\t\t\t\t\t\t\t<!-- by number <span class=\"evo-post-number\"> \n\t\t\t\t\t\t\t\t\t\t\t\t\t\t\t\t\t\t\t\t\t\t\t\t\t\t<!--<\/span>-->\n\t\t\t\t\t\t\t\t\t\t\t\t\t\t\t\t\t\t\t\t\t\t\t\t\t<\/a>\n\t\t\t\t\t\t\t\t\t\t\t\t<\/figure>\n\t\t\t\t\t\t\t\t\t\t\t\t<div class=\"evo-post-body\">\n\t\t\t\t\t\t\t\t\t\t\t\t\t<h3 class=\"evo-entry-title\"><a href=\"https:\/\/diarioregionaldigital.com.br\/?p=80157\" title=\"IBGE afirma que Juiz de Fora \u00e9 a quarta cidade mais populosa do estado\">IBGE afirma que Juiz de Fora \u00e9 a quarta cidade mais populosa do estado<\/a><\/h3>\t\t\t\t\t\t\t\t\t\t\t\t\t<div class=\"evo-post-meta\">\n\t\t\t\t\t\t\t\t\t\t\t\t\t\t\t\t\t\t\t\t\t\t\t\t\t\t\t<\/div><!-- evo-post-meta -->\n\t\t\t\t\t\t\t\t\t\t\t\t<\/div><!-- evo-post-body -->\n\t\t\t\t\t\t\t\t\t\t\t<\/article><!-- post -->\n\t\t\t\t\t\t\t\t\t\t\t\t\t\t\t\t\t\t\t\t\t\t\t\t\t\t\t\t\t\t\t\t\t\t\t\t\t\t\t\t<article class=\"evo-post post post-123291 type-post status-publish format-standard has-post-thumbnail hentry category-cidade category-destaque-da-semana category-destaques-do-dia category-ultima-hora\" itemscope=\"itemscope\" itemtype=\"http:\/\/schema.org\/Article\">\n\t\t\t\t\t\t\t\t\t\t\t\t<figure class=\"evo-post-thumb evo-hover-thumb evo-lazy-thumb\">\n\t\t\t\t\t\t\t\t\t\t\t\t<a href=\"https:\/\/diarioregionaldigital.com.br\/?p=123291\" rel=\"bookmark\" title=\"Troca de tiros deixa uma pessoa morta no Monte Sinai em Juiz de Fora\">\n\t\t\t\t\t\t\t\t\t\t\t\t\t<!-- by number <span class=\"evo-post-number\"> \n\t\t\t\t\t\t\t\t\t\t\t\t\t\t\t\t\t\t\t\t\t\t\t\t\t\t<!--<\/span>-->\n\t\t\t\t\t\t\t\t\t\t\t\t\t<img loading=\"lazy\" decoding=\"async\" width=\"100\" height=\"70\" src=\"https:\/\/diarioregionaldigital.com.br\/wp-content\/uploads\/2018\/10\/WhatsApp-Image-2018-10-19-at-17.55.52-100x70.jpeg\" class=\"lazy-thumb wp-post-image\" alt=\"\" itemprop=\"image\" srcset=\"https:\/\/diarioregionaldigital.com.br\/wp-content\/uploads\/2018\/10\/WhatsApp-Image-2018-10-19-at-17.55.52-100x70.jpeg 100w, https:\/\/diarioregionaldigital.com.br\/wp-content\/uploads\/2018\/10\/WhatsApp-Image-2018-10-19-at-17.55.52-750x530.jpeg 750w, https:\/\/diarioregionaldigital.com.br\/wp-content\/uploads\/2018\/10\/WhatsApp-Image-2018-10-19-at-17.55.52-300x210.jpeg 300w\" sizes=\"auto, (max-width: 100px) 100vw, 100px\" \/>\t\t\t\t\t\t\t\t\t\t\t\t<\/a>\n\t\t\t\t\t\t\t\t\t\t\t\t<\/figure>\n\t\t\t\t\t\t\t\t\t\t\t\t<div class=\"evo-post-body\">\n\t\t\t\t\t\t\t\t\t\t\t\t\t<h3 class=\"evo-entry-title\"><a href=\"https:\/\/diarioregionaldigital.com.br\/?p=123291\" title=\"Troca de tiros deixa uma pessoa morta no Monte Sinai em Juiz de Fora\">Troca de tiros deixa uma pessoa morta no Monte Sinai em Juiz de Fora<\/a><\/h3>\t\t\t\t\t\t\t\t\t\t\t\t\t<div class=\"evo-post-meta\">\n\t\t\t\t\t\t\t\t\t\t\t\t\t\t\t\t\t\t\t\t\t\t\t\t\t\t\t<\/div><!-- evo-post-meta -->\n\t\t\t\t\t\t\t\t\t\t\t\t<\/div><!-- evo-post-body -->\n\t\t\t\t\t\t\t\t\t\t\t<\/article><!-- post -->\n\t\t\t\t\t\t\t\t\t\t\t\t\t\t\t\t\t\t\t\t\t\t\t\t\t\t\t\t\t\t\t\t\t\t\t\t\t\t\t\t<article class=\"evo-post post post-79343 type-post status-publish format-standard has-post-thumbnail hentry category-economia\" itemscope=\"itemscope\" itemtype=\"http:\/\/schema.org\/Article\">\n\t\t\t\t\t\t\t\t\t\t\t\t<figure class=\"evo-post-thumb evo-hover-thumb evo-lazy-thumb\">\n\t\t\t\t\t\t\t\t\t\t\t\t<a href=\"https:\/\/diarioregionaldigital.com.br\/?p=79343\" rel=\"bookmark\" title=\"Economia brasileira avan\u00e7a 0,25% no segundo trimestre\">\n\t\t\t\t\t\t\t\t\t\t\t\t\t<!-- by number <span class=\"evo-post-number\"> \n\t\t\t\t\t\t\t\t\t\t\t\t\t\t\t\t\t\t\t\t\t\t\t\t\t\t<!--<\/span>-->\n\t\t\t\t\t\t\t\t\t\t\t\t\t<img loading=\"lazy\" decoding=\"async\" width=\"100\" height=\"70\" src=\"https:\/\/diarioregionaldigital.com.br\/wp-content\/uploads\/2017\/08\/diario-18666-100x70.png\" class=\"lazy-thumb wp-post-image\" alt=\"\" itemprop=\"image\" srcset=\"https:\/\/diarioregionaldigital.com.br\/wp-content\/uploads\/2017\/08\/diario-18666-100x70.png 100w, https:\/\/diarioregionaldigital.com.br\/wp-content\/uploads\/2017\/08\/diario-18666-300x210.png 300w\" sizes=\"auto, (max-width: 100px) 100vw, 100px\" \/>\t\t\t\t\t\t\t\t\t\t\t\t<\/a>\n\t\t\t\t\t\t\t\t\t\t\t\t<\/figure>\n\t\t\t\t\t\t\t\t\t\t\t\t<div class=\"evo-post-body\">\n\t\t\t\t\t\t\t\t\t\t\t\t\t<h3 class=\"evo-entry-title\"><a href=\"https:\/\/diarioregionaldigital.com.br\/?p=79343\" title=\"Economia brasileira avan\u00e7a 0,25% no segundo trimestre\">Economia brasileira avan\u00e7a 0,25% no segundo trimestre<\/a><\/h3>\t\t\t\t\t\t\t\t\t\t\t\t\t<div class=\"evo-post-meta\">\n\t\t\t\t\t\t\t\t\t\t\t\t\t\t\t\t\t\t\t\t\t\t\t\t\t\t\t<\/div><!-- evo-post-meta -->\n\t\t\t\t\t\t\t\t\t\t\t\t<\/div><!-- evo-post-body -->\n\t\t\t\t\t\t\t\t\t\t\t<\/article><!-- post -->\n\t\t\t\t\t\t\t\t\t\t\t\t\t\t\t\t\t\t\t\t\t\t\t\t\t\t\t\t\t\t\t\t\t\t\t\t\t\t\t\t<article class=\"evo-post post post-126628 type-post status-publish format-standard has-post-thumbnail hentry category-esporte category-ultima-hora\" itemscope=\"itemscope\" itemtype=\"http:\/\/schema.org\/Article\">\n\t\t\t\t\t\t\t\t\t\t\t\t<figure class=\"evo-post-thumb evo-hover-thumb evo-lazy-thumb\">\n\t\t\t\t\t\t\t\t\t\t\t\t<a href=\"https:\/\/diarioregionaldigital.com.br\/?p=126628\" rel=\"bookmark\" title=\"Cidade Alta e Dominados s\u00e3o campe\u00f5es, e cl\u00e1ssico da Vila Ideal decidir\u00e1 na categoria adulta\">\n\t\t\t\t\t\t\t\t\t\t\t\t\t<!-- by number <span class=\"evo-post-number\"> \n\t\t\t\t\t\t\t\t\t\t\t\t\t\t\t\t\t\t\t\t\t\t\t\t\t\t<!--<\/span>-->\n\t\t\t\t\t\t\t\t\t\t\t\t\t<img loading=\"lazy\" decoding=\"async\" width=\"100\" height=\"70\" src=\"https:\/\/diarioregionaldigital.com.br\/wp-content\/uploads\/2018\/11\/2611_12_cidade_alta_sel_div_180652-100x70.jpeg\" class=\"lazy-thumb wp-post-image\" alt=\"\" itemprop=\"image\" srcset=\"https:\/\/diarioregionaldigital.com.br\/wp-content\/uploads\/2018\/11\/2611_12_cidade_alta_sel_div_180652-100x70.jpeg 100w, https:\/\/diarioregionaldigital.com.br\/wp-content\/uploads\/2018\/11\/2611_12_cidade_alta_sel_div_180652-750x520.jpeg 750w, https:\/\/diarioregionaldigital.com.br\/wp-content\/uploads\/2018\/11\/2611_12_cidade_alta_sel_div_180652-300x210.jpeg 300w\" sizes=\"auto, (max-width: 100px) 100vw, 100px\" \/>\t\t\t\t\t\t\t\t\t\t\t\t<\/a>\n\t\t\t\t\t\t\t\t\t\t\t\t<\/figure>\n\t\t\t\t\t\t\t\t\t\t\t\t<div class=\"evo-post-body\">\n\t\t\t\t\t\t\t\t\t\t\t\t\t<h3 class=\"evo-entry-title\"><a href=\"https:\/\/diarioregionaldigital.com.br\/?p=126628\" title=\"Cidade Alta e Dominados s\u00e3o campe\u00f5es, e cl\u00e1ssico da Vila Ideal decidir\u00e1 na categoria adulta\">Cidade Alta e Dominados s\u00e3o campe\u00f5es, e cl\u00e1ssico da Vila Ideal decidir\u00e1 na categoria adulta<\/a><\/h3>\t\t\t\t\t\t\t\t\t\t\t\t\t<div class=\"evo-post-meta\">\n\t\t\t\t\t\t\t\t\t\t\t\t\t\t\t\t\t\t\t\t\t\t\t\t\t\t\t<\/div><!-- evo-post-meta -->\n\t\t\t\t\t\t\t\t\t\t\t\t<\/div><!-- evo-post-body -->\n\t\t\t\t\t\t\t\t\t\t\t<\/article><!-- post -->\n\t\t\t\t\t\t\t\t\t\t\t\t\t\t\t\t\t\t\t\t\t\t\t\t\t\t\t\t\t\t\t\t\t\t\t\t\t\t\t\t<article class=\"evo-post post post-132099 type-post status-publish format-standard has-post-thumbnail hentry category-brasil-mundo category-destaque-da-semana category-ultima-hora\" itemscope=\"itemscope\" itemtype=\"http:\/\/schema.org\/Article\">\n\t\t\t\t\t\t\t\t\t\t\t\t<figure class=\"evo-post-thumb evo-hover-thumb evo-lazy-thumb\">\n\t\t\t\t\t\t\t\t\t\t\t\t<a href=\"https:\/\/diarioregionaldigital.com.br\/?p=132099\" rel=\"bookmark\" title=\"Exerc\u00edto Brasileiro segue atuando na cidade de Brumadinho\">\n\t\t\t\t\t\t\t\t\t\t\t\t\t<!-- by number <span class=\"evo-post-number\"> \n\t\t\t\t\t\t\t\t\t\t\t\t\t\t\t\t\t\t\t\t\t\t\t\t\t\t<!--<\/span>-->\n\t\t\t\t\t\t\t\t\t\t\t\t\t<img loading=\"lazy\" decoding=\"async\" width=\"100\" height=\"70\" src=\"https:\/\/diarioregionaldigital.com.br\/wp-content\/uploads\/2019\/01\/barragemm-100x70.jpg\" class=\"lazy-thumb wp-post-image\" alt=\"\" itemprop=\"image\" srcset=\"https:\/\/diarioregionaldigital.com.br\/wp-content\/uploads\/2019\/01\/barragemm-100x70.jpg 100w, https:\/\/diarioregionaldigital.com.br\/wp-content\/uploads\/2019\/01\/barragemm-300x210.jpg 300w\" sizes=\"auto, (max-width: 100px) 100vw, 100px\" \/>\t\t\t\t\t\t\t\t\t\t\t\t<\/a>\n\t\t\t\t\t\t\t\t\t\t\t\t<\/figure>\n\t\t\t\t\t\t\t\t\t\t\t\t<div class=\"evo-post-body\">\n\t\t\t\t\t\t\t\t\t\t\t\t\t<h3 class=\"evo-entry-title\"><a href=\"https:\/\/diarioregionaldigital.com.br\/?p=132099\" title=\"Exerc\u00edto Brasileiro segue atuando na cidade de Brumadinho\">Exerc\u00edto Brasileiro segue atuando na cidade de Brumadinho<\/a><\/h3>\t\t\t\t\t\t\t\t\t\t\t\t\t<div class=\"evo-post-meta\">\n\t\t\t\t\t\t\t\t\t\t\t\t\t\t\t\t\t\t\t\t\t\t\t\t\t\t\t<\/div><!-- evo-post-meta -->\n\t\t\t\t\t\t\t\t\t\t\t\t<\/div><!-- evo-post-body -->\n\t\t\t\t\t\t\t\t\t\t\t<\/article><!-- post -->\n\t\t\t\t\t\t\t\t\t\t\t\t\t\t\t\t\t\t\t\t\t\t\t\t\t\t\t\t\t<\/div><!-- evo-small-list -->\n\t\t\t\t\t\t\t\t\t\t\t\t\t\t\t\t\t<\/div><!-- evo-tab-body -->\n\t\t\t\t\t\t\t\t\t\t\t\t\t\t\t\t\t\t\t\t\t\t\t\t\t\t\t\t<div class=\"evo-tab-body\">\n\t\t\t\t\t\t\t\t\t\t\t\t\t\t\t\t\t\t\t\t\t\t\t\t\t\t\t<div class=\"evo-first-post evo-overlay-module evo-overlay-center\">\n\t\t\t\t\t\t\t\t\t\t\t<article class=\"evo-post evo-post-inside evo-post-overlay post-232954 post type-post status-publish format-standard has-post-thumbnail hentry category-cidade category-destaque-da-semana category-destaques-do-dia category-ultima-hora\" itemscope=\"itemscope\" itemtype=\"http:\/\/schema.org\/Article\"  style=\"background-image: url(https:\/\/diarioregionaldigital.com.br\/wp-content\/uploads\/2026\/04\/IMG_1154-300x210.png);\">\n\t\t\t\t\t\t\t\t\t\t\t\t<span class=\"evo-post-number\">01<\/span>\n\t\t\t\t\t\t\t\t\t\t\t\t<div class=\"evo-overlay-body\">\n\t\t\t\t\t\t\t\t\t\t\t\t\t<div class=\"evo-overlay-inner\">\n\t\t\t\t\t\t\t\t\t\t\t\t\t\t<div class=\"evo-post-body\">\n\t\t\t\t\t\t\t\t\t\t\t\t\t\t\t<div class=\"evo-post-inner\">\n\t\t\t\t\t\t\t\t\t\t\t\t\t\t\t\t<h3 class=\"evo-entry-title\"><a href=\"https:\/\/diarioregionaldigital.com.br\/?p=232954\" title=\"Fiscaliza\u00e7\u00e3o realiza doa\u00e7\u00e3o de 1.151 pares de \u00f3culos para Associa\u00e7\u00e3o dos Cegos de Juiz de Fora\">Fiscaliza\u00e7\u00e3o realiza doa\u00e7\u00e3o de 1.151 pares de \u00f3culos para Associa\u00e7\u00e3o dos Cegos de Juiz de Fora<\/a><\/h3>\t\t\t\t\t\t\t\t\t\t\t\t\t\t\t\t<div class=\"evo-post-meta center\">\n\t\t\t\t\t\t\t\t\t\t\t\t\t\t\t\t\t\t\t\t\t\t\t\t\t\t\t\t\t\t\t\t\t<\/div><!-- evo-post-meta -->\n\t\t\t\t\t\t\t\t\t\t\t\t\t\t\t<\/div><!-- evo-post-inner -->\n\t\t\t\t\t\t\t\t\t\t\t\t\t\t<\/div><!-- evo-post-body -->\n\t\t\t\t\t\t\t\t\t\t\t\t\t<\/div><!-- evo-overlay-inner -->\n\t\t\t\t\t\t\t\t\t\t\t\t<\/div><!-- evo-overlay-body -->\n\t\t\t\t\t\t\t\t\t\t\t\t<a href=\"https:\/\/diarioregionaldigital.com.br\/?p=232954\" class=\"evo-overlay-link\" tabindex=\"0\"><\/a>\n\t\t\t\t\t\t\t\t\t\t\t<\/article><!-- evo-post -->\n\t\t\t\t\t\t\t\t\t\t<\/div><!-- evo-first-post -->\n\t\t\t\t\t\t\t\t\t\t<div class=\"evo-small-list\">\t\t\t\t\t\t\t\t\t\t\t\t\n\t\t\t\t\t\t\t\t\t\t\t\t\t\t\t\t\t\t\t\t\t\t\t\t\t\t\t\t\t\t\t\t\t\t\t\t<article class=\"evo-post post post-66850 type-post status-publish format-standard hentry category-cidade\" itemscope=\"itemscope\" itemtype=\"http:\/\/schema.org\/Article\">\n\t\t\t\t\t\t\t\t\t\t\t<figure class=\"evo-post-thumb evo-hover-thumb evo-lazy-thumb\">\n\t\t\t\t\t\t\t\t\t\t\t<a href=\"https:\/\/diarioregionaldigital.com.br\/?p=66850\" rel=\"bookmark\" title=\"Jovem \u00e9 assaltado e tem celular recuperado pela PM\">\n\t\t\t\t\t\t\t\t\t\t\t\t<span class=\"evo-post-number\">\n\t\t\t\t\t\t\t\t\t\t\t\t02\t\t\t\t\t\t\t\t\t\t\t\t<\/span>\n\t\t\t\t\t\t\t\t\t\t\t\t\t\t\t\t\t\t\t\t\t\t\t<\/a>\n\t\t\t\t\t\t\t\t\t\t\t<\/figure>\n\t\t\t\t\t\t\t\t\t\t\t<div class=\"evo-post-body\">\n\t\t\t\t\t\t\t\t\t\t\t\t<h3 class=\"evo-entry-title\"><a href=\"https:\/\/diarioregionaldigital.com.br\/?p=66850\" title=\"Jovem \u00e9 assaltado e tem celular recuperado pela PM\">Jovem \u00e9 assaltado e tem celular recuperado pela PM<\/a><\/h3>\t\t\t\t\t\t\t\t\t\t\t\t<div class=\"evo-post-meta\">\n\t\t\t\t\t\t\t\t\t\t\t\t\t\t\t\t\t\t\t\t\t\t\t\t\t<\/div><!-- evo-post-meta -->\n\t\t\t\t\t\t\t\t\t\t\t<\/div><!-- evo-post-body -->\n\t\t\t\t\t\t\t\t\t\t<\/article><!-- post -->\n\t\t\t\t\t\t\t\t\t\t\t\t\t\t\t\t\t\t\t\t\t\t\t\t\t\t\t\t\t\t\t\t\t\t\t\t<article class=\"evo-post post post-66849 type-post status-publish format-standard hentry category-cidade\" itemscope=\"itemscope\" itemtype=\"http:\/\/schema.org\/Article\">\n\t\t\t\t\t\t\t\t\t\t\t<figure class=\"evo-post-thumb evo-hover-thumb evo-lazy-thumb\">\n\t\t\t\t\t\t\t\t\t\t\t<a href=\"https:\/\/diarioregionaldigital.com.br\/?p=66849\" rel=\"bookmark\" title=\"Espingarda de fabrica\u00e7\u00e3o caseira \u00e9 apreendida no Grama\">\n\t\t\t\t\t\t\t\t\t\t\t\t<span class=\"evo-post-number\">\n\t\t\t\t\t\t\t\t\t\t\t\t03\t\t\t\t\t\t\t\t\t\t\t\t<\/span>\n\t\t\t\t\t\t\t\t\t\t\t\t\t\t\t\t\t\t\t\t\t\t\t<\/a>\n\t\t\t\t\t\t\t\t\t\t\t<\/figure>\n\t\t\t\t\t\t\t\t\t\t\t<div class=\"evo-post-body\">\n\t\t\t\t\t\t\t\t\t\t\t\t<h3 class=\"evo-entry-title\"><a href=\"https:\/\/diarioregionaldigital.com.br\/?p=66849\" title=\"Espingarda de fabrica\u00e7\u00e3o caseira \u00e9 apreendida no Grama\">Espingarda de fabrica\u00e7\u00e3o caseira \u00e9 apreendida no Grama<\/a><\/h3>\t\t\t\t\t\t\t\t\t\t\t\t<div class=\"evo-post-meta\">\n\t\t\t\t\t\t\t\t\t\t\t\t\t\t\t\t\t\t\t\t\t\t\t\t\t<\/div><!-- evo-post-meta -->\n\t\t\t\t\t\t\t\t\t\t\t<\/div><!-- evo-post-body -->\n\t\t\t\t\t\t\t\t\t\t<\/article><!-- post -->\n\t\t\t\t\t\t\t\t\t\t\t\t\t\t\t\t\t\t\t\t\t\t\t\t\t\t\t\t\t\t\t\t\t\t\t\t<article class=\"evo-post post post-66848 type-post status-publish format-standard has-post-thumbnail hentry category-cidade\" itemscope=\"itemscope\" itemtype=\"http:\/\/schema.org\/Article\">\n\t\t\t\t\t\t\t\t\t\t\t<figure class=\"evo-post-thumb evo-hover-thumb evo-lazy-thumb\">\n\t\t\t\t\t\t\t\t\t\t\t<a href=\"https:\/\/diarioregionaldigital.com.br\/?p=66848\" rel=\"bookmark\" title=\"PJF reajusta valores de tarifas de utiliza\u00e7\u00e3o da Rodovi\u00e1ria\">\n\t\t\t\t\t\t\t\t\t\t\t\t<span class=\"evo-post-number\">\n\t\t\t\t\t\t\t\t\t\t\t\t04\t\t\t\t\t\t\t\t\t\t\t\t<\/span>\n\t\t\t\t\t\t\t\t\t\t\t\t<img loading=\"lazy\" decoding=\"async\" width=\"100\" height=\"70\" src=\"https:\/\/diarioregionaldigital.com.br\/wp-content\/uploads\/2017\/01\/diario-12045-100x70.jpg\" class=\"lazy-thumb wp-post-image\" alt=\"\" itemprop=\"image\" srcset=\"https:\/\/diarioregionaldigital.com.br\/wp-content\/uploads\/2017\/01\/diario-12045-100x70.jpg 100w, https:\/\/diarioregionaldigital.com.br\/wp-content\/uploads\/2017\/01\/diario-12045-300x210.jpg 300w\" sizes=\"auto, (max-width: 100px) 100vw, 100px\" \/>\t\t\t\t\t\t\t\t\t\t\t<\/a>\n\t\t\t\t\t\t\t\t\t\t\t<\/figure>\n\t\t\t\t\t\t\t\t\t\t\t<div class=\"evo-post-body\">\n\t\t\t\t\t\t\t\t\t\t\t\t<h3 class=\"evo-entry-title\"><a href=\"https:\/\/diarioregionaldigital.com.br\/?p=66848\" title=\"PJF reajusta valores de tarifas de utiliza\u00e7\u00e3o da Rodovi\u00e1ria\">PJF reajusta valores de tarifas de utiliza\u00e7\u00e3o da Rodovi\u00e1ria<\/a><\/h3>\t\t\t\t\t\t\t\t\t\t\t\t<div class=\"evo-post-meta\">\n\t\t\t\t\t\t\t\t\t\t\t\t\t\t\t\t\t\t\t\t\t\t\t\t\t<\/div><!-- evo-post-meta -->\n\t\t\t\t\t\t\t\t\t\t\t<\/div><!-- evo-post-body -->\n\t\t\t\t\t\t\t\t\t\t<\/article><!-- post -->\n\t\t\t\t\t\t\t\t\t\t\t\t\t\t\t\t\t\t\t\t\t\t\t\t\t\t\t\t\t\t\t\t\t\t\t\t<article class=\"evo-post post post-66846 type-post status-publish format-standard hentry category-regiao\" itemscope=\"itemscope\" itemtype=\"http:\/\/schema.org\/Article\">\n\t\t\t\t\t\t\t\t\t\t\t<figure class=\"evo-post-thumb evo-hover-thumb evo-lazy-thumb\">\n\t\t\t\t\t\t\t\t\t\t\t<a href=\"https:\/\/diarioregionaldigital.com.br\/?p=66846\" rel=\"bookmark\" title=\"Consumidor inicia 2017 com bandeira verde na conta de luz\">\n\t\t\t\t\t\t\t\t\t\t\t\t<span class=\"evo-post-number\">\n\t\t\t\t\t\t\t\t\t\t\t\t05\t\t\t\t\t\t\t\t\t\t\t\t<\/span>\n\t\t\t\t\t\t\t\t\t\t\t\t\t\t\t\t\t\t\t\t\t\t\t<\/a>\n\t\t\t\t\t\t\t\t\t\t\t<\/figure>\n\t\t\t\t\t\t\t\t\t\t\t<div class=\"evo-post-body\">\n\t\t\t\t\t\t\t\t\t\t\t\t<h3 class=\"evo-entry-title\"><a href=\"https:\/\/diarioregionaldigital.com.br\/?p=66846\" title=\"Consumidor inicia 2017 com bandeira verde na conta de luz\">Consumidor inicia 2017 com bandeira verde na conta de luz<\/a><\/h3>\t\t\t\t\t\t\t\t\t\t\t\t<div class=\"evo-post-meta\">\n\t\t\t\t\t\t\t\t\t\t\t\t\t\t\t\t\t\t\t\t\t\t\t\t\t<\/div><!-- evo-post-meta -->\n\t\t\t\t\t\t\t\t\t\t\t<\/div><!-- evo-post-body -->\n\t\t\t\t\t\t\t\t\t\t<\/article><!-- post -->\n\t\t\t\t\t\t\t\t\t\t\t\t\t\t\t\t\t\t\t\t\t\t\t\t\t\t\t\t\t\t\t\t\t\t\t\t<article class=\"evo-post post post-66845 type-post status-publish format-standard has-post-thumbnail hentry category-regiao\" itemscope=\"itemscope\" itemtype=\"http:\/\/schema.org\/Article\">\n\t\t\t\t\t\t\t\t\t\t\t<figure class=\"evo-post-thumb evo-hover-thumb evo-lazy-thumb\">\n\t\t\t\t\t\t\t\t\t\t\t<a href=\"https:\/\/diarioregionaldigital.com.br\/?p=66845\" rel=\"bookmark\" title=\"Novas tarifas do transporte intermunicipal entram em vigor dia 2 de janeiro\">\n\t\t\t\t\t\t\t\t\t\t\t\t<span class=\"evo-post-number\">\n\t\t\t\t\t\t\t\t\t\t\t\t06\t\t\t\t\t\t\t\t\t\t\t\t<\/span>\n\t\t\t\t\t\t\t\t\t\t\t\t<img loading=\"lazy\" decoding=\"async\" width=\"100\" height=\"70\" src=\"https:\/\/diarioregionaldigital.com.br\/wp-content\/uploads\/2017\/01\/diario-12043-100x70.jpg\" class=\"lazy-thumb wp-post-image\" alt=\"\" itemprop=\"image\" srcset=\"https:\/\/diarioregionaldigital.com.br\/wp-content\/uploads\/2017\/01\/diario-12043-100x70.jpg 100w, https:\/\/diarioregionaldigital.com.br\/wp-content\/uploads\/2017\/01\/diario-12043-300x210.jpg 300w\" sizes=\"auto, (max-width: 100px) 100vw, 100px\" \/>\t\t\t\t\t\t\t\t\t\t\t<\/a>\n\t\t\t\t\t\t\t\t\t\t\t<\/figure>\n\t\t\t\t\t\t\t\t\t\t\t<div class=\"evo-post-body\">\n\t\t\t\t\t\t\t\t\t\t\t\t<h3 class=\"evo-entry-title\"><a href=\"https:\/\/diarioregionaldigital.com.br\/?p=66845\" title=\"Novas tarifas do transporte intermunicipal entram em vigor dia 2 de janeiro\">Novas tarifas do transporte intermunicipal entram em vigor dia 2 de janeiro<\/a><\/h3>\t\t\t\t\t\t\t\t\t\t\t\t<div class=\"evo-post-meta\">\n\t\t\t\t\t\t\t\t\t\t\t\t\t\t\t\t\t\t\t\t\t\t\t\t\t<\/div><!-- evo-post-meta -->\n\t\t\t\t\t\t\t\t\t\t\t<\/div><!-- evo-post-body -->\n\t\t\t\t\t\t\t\t\t\t<\/article><!-- post -->\n\t\t\t\t\t\t\t\t\t\t\t\t\t\t\t\t\t\t\t\t\t\t\t\t\t\t\t\t\t\t\t\t\t\t\t\t<article class=\"evo-post post post-66843 type-post status-publish format-standard hentry category-regiao\" itemscope=\"itemscope\" itemtype=\"http:\/\/schema.org\/Article\">\n\t\t\t\t\t\t\t\t\t\t\t<figure class=\"evo-post-thumb evo-hover-thumb evo-lazy-thumb\">\n\t\t\t\t\t\t\t\t\t\t\t<a href=\"https:\/\/diarioregionaldigital.com.br\/?p=66843\" rel=\"bookmark\" title=\"Seis apostadores acertam os n\u00fameros da Mega-Sena da Virada\">\n\t\t\t\t\t\t\t\t\t\t\t\t<span class=\"evo-post-number\">\n\t\t\t\t\t\t\t\t\t\t\t\t07\t\t\t\t\t\t\t\t\t\t\t\t<\/span>\n\t\t\t\t\t\t\t\t\t\t\t\t\t\t\t\t\t\t\t\t\t\t\t<\/a>\n\t\t\t\t\t\t\t\t\t\t\t<\/figure>\n\t\t\t\t\t\t\t\t\t\t\t<div class=\"evo-post-body\">\n\t\t\t\t\t\t\t\t\t\t\t\t<h3 class=\"evo-entry-title\"><a href=\"https:\/\/diarioregionaldigital.com.br\/?p=66843\" title=\"Seis apostadores acertam os n\u00fameros da Mega-Sena da Virada\">Seis apostadores acertam os n\u00fameros da Mega-Sena da Virada<\/a><\/h3>\t\t\t\t\t\t\t\t\t\t\t\t<div class=\"evo-post-meta\">\n\t\t\t\t\t\t\t\t\t\t\t\t\t\t\t\t\t\t\t\t\t\t\t\t\t<\/div><!-- evo-post-meta -->\n\t\t\t\t\t\t\t\t\t\t\t<\/div><!-- evo-post-body -->\n\t\t\t\t\t\t\t\t\t\t<\/article><!-- post -->\n\t\t\t\t\t\t\t\t\t\t\t\t\t\t\t\t\t\t\t\t\t\t\t\t\t\t\t\t\t\t\t\t\t\t\t\t<article class=\"evo-post post post-66842 type-post status-publish format-standard hentry category-cidade\" itemscope=\"itemscope\" itemtype=\"http:\/\/schema.org\/Article\">\n\t\t\t\t\t\t\t\t\t\t\t<figure class=\"evo-post-thumb evo-hover-thumb evo-lazy-thumb\">\n\t\t\t\t\t\t\t\t\t\t\t<a href=\"https:\/\/diarioregionaldigital.com.br\/?p=66842\" rel=\"bookmark\" title=\"Taxista tem R$100 levados em assalto no Santa Rita\">\n\t\t\t\t\t\t\t\t\t\t\t\t<span class=\"evo-post-number\">\n\t\t\t\t\t\t\t\t\t\t\t\t08\t\t\t\t\t\t\t\t\t\t\t\t<\/span>\n\t\t\t\t\t\t\t\t\t\t\t\t\t\t\t\t\t\t\t\t\t\t\t<\/a>\n\t\t\t\t\t\t\t\t\t\t\t<\/figure>\n\t\t\t\t\t\t\t\t\t\t\t<div class=\"evo-post-body\">\n\t\t\t\t\t\t\t\t\t\t\t\t<h3 class=\"evo-entry-title\"><a href=\"https:\/\/diarioregionaldigital.com.br\/?p=66842\" title=\"Taxista tem R$100 levados em assalto no Santa Rita\">Taxista tem R$100 levados em assalto no Santa Rita<\/a><\/h3>\t\t\t\t\t\t\t\t\t\t\t\t<div class=\"evo-post-meta\">\n\t\t\t\t\t\t\t\t\t\t\t\t\t\t\t\t\t\t\t\t\t\t\t\t\t<\/div><!-- evo-post-meta -->\n\t\t\t\t\t\t\t\t\t\t\t<\/div><!-- evo-post-body -->\n\t\t\t\t\t\t\t\t\t\t<\/article><!-- post -->\n\t\t\t\t\t\t\t\t\t\t\t\t\t\t\t\t\t\t\t\t\t\t\t\t\t\t\t\t\t\t\t\t\t\t\t\t<article class=\"evo-post post post-66841 type-post status-publish format-standard hentry category-cidade\" itemscope=\"itemscope\" itemtype=\"http:\/\/schema.org\/Article\">\n\t\t\t\t\t\t\t\t\t\t\t<figure class=\"evo-post-thumb evo-hover-thumb evo-lazy-thumb\">\n\t\t\t\t\t\t\t\t\t\t\t<a href=\"https:\/\/diarioregionaldigital.com.br\/?p=66841\" rel=\"bookmark\" title=\"Idoso morre ap\u00f3s ser atingido  por trem em Dias Tavares\">\n\t\t\t\t\t\t\t\t\t\t\t\t<span class=\"evo-post-number\">\n\t\t\t\t\t\t\t\t\t\t\t\t09\t\t\t\t\t\t\t\t\t\t\t\t<\/span>\n\t\t\t\t\t\t\t\t\t\t\t\t\t\t\t\t\t\t\t\t\t\t\t<\/a>\n\t\t\t\t\t\t\t\t\t\t\t<\/figure>\n\t\t\t\t\t\t\t\t\t\t\t<div class=\"evo-post-body\">\n\t\t\t\t\t\t\t\t\t\t\t\t<h3 class=\"evo-entry-title\"><a href=\"https:\/\/diarioregionaldigital.com.br\/?p=66841\" title=\"Idoso morre ap\u00f3s ser atingido  por trem em Dias Tavares\">Idoso morre ap\u00f3s ser atingido  por trem em Dias Tavares<\/a><\/h3>\t\t\t\t\t\t\t\t\t\t\t\t<div class=\"evo-post-meta\">\n\t\t\t\t\t\t\t\t\t\t\t\t\t\t\t\t\t\t\t\t\t\t\t\t\t<\/div><!-- evo-post-meta -->\n\t\t\t\t\t\t\t\t\t\t\t<\/div><!-- evo-post-body -->\n\t\t\t\t\t\t\t\t\t\t<\/article><!-- post -->\n\t\t\t\t\t\t\t\t\t\t\t\t\t\t\t\t\t\t\t\t\t\t\t\t\t\t\t\t\t\t\t\t\t\t\t\t<article class=\"evo-post post post-66840 type-post status-publish format-standard has-post-thumbnail hentry category-cidade\" itemscope=\"itemscope\" itemtype=\"http:\/\/schema.org\/Article\">\n\t\t\t\t\t\t\t\t\t\t\t<figure class=\"evo-post-thumb evo-hover-thumb evo-lazy-thumb\">\n\t\t\t\t\t\t\t\t\t\t\t<a href=\"https:\/\/diarioregionaldigital.com.br\/?p=66840\" rel=\"bookmark\" title=\"Madeiras pegam fogo em obra no S\u00e3o Pedro\">\n\t\t\t\t\t\t\t\t\t\t\t\t<span class=\"evo-post-number\">\n\t\t\t\t\t\t\t\t\t\t\t\t10\t\t\t\t\t\t\t\t\t\t\t\t<\/span>\n\t\t\t\t\t\t\t\t\t\t\t\t<img loading=\"lazy\" decoding=\"async\" width=\"100\" height=\"70\" src=\"https:\/\/diarioregionaldigital.com.br\/wp-content\/uploads\/2017\/01\/diario-12039-100x70.jpeg\" class=\"lazy-thumb wp-post-image\" alt=\"\" itemprop=\"image\" srcset=\"https:\/\/diarioregionaldigital.com.br\/wp-content\/uploads\/2017\/01\/diario-12039-100x70.jpeg 100w, https:\/\/diarioregionaldigital.com.br\/wp-content\/uploads\/2017\/01\/diario-12039-300x210.jpeg 300w\" sizes=\"auto, (max-width: 100px) 100vw, 100px\" \/>\t\t\t\t\t\t\t\t\t\t\t<\/a>\n\t\t\t\t\t\t\t\t\t\t\t<\/figure>\n\t\t\t\t\t\t\t\t\t\t\t<div class=\"evo-post-body\">\n\t\t\t\t\t\t\t\t\t\t\t\t<h3 class=\"evo-entry-title\"><a href=\"https:\/\/diarioregionaldigital.com.br\/?p=66840\" title=\"Madeiras pegam fogo em obra no S\u00e3o Pedro\">Madeiras pegam fogo em obra no S\u00e3o Pedro<\/a><\/h3>\t\t\t\t\t\t\t\t\t\t\t\t<div class=\"evo-post-meta\">\n\t\t\t\t\t\t\t\t\t\t\t\t\t\t\t\t\t\t\t\t\t\t\t\t\t<\/div><!-- evo-post-meta -->\n\t\t\t\t\t\t\t\t\t\t\t<\/div><!-- evo-post-body -->\n\t\t\t\t\t\t\t\t\t\t<\/article><!-- post -->\n\t\t\t\t\t\t\t\t\t\t\t\t\t\t\t\t\t\t\t\t\t\t\t\t\t\t<\/div><!-- evo-small-list -->\n\t\t\t\t\t\t\t\t\t\t\t\t\t\t\t<\/div><!-- evo-tab-body -->\n\t\t\t\t\t\t<\/div><!-- evo-tab-wrap -->\n\t\t\t\t\t<\/div><!-- evo-tab-widget-body -->\n\t\t\t\t<\/div><!-- tab-widget -->\n\t\t\t\n\t\t<\/aside>\n\t\t<\/div><!-- sidebar -->\n\t[\/vc_column][\/vc_row][vc_row css=&#8221;.vc_custom_1514544573090{margin-top: 30px !important;}&#8221;][vc_column][vc_raw_html]JTNDZGl2JTIwY2xhc3MlM0QlMjJ2Y19jb2x1bW5fY29udGFpbmVyJTIyJTNFJTBBJTNDZGl2JTIwY2xhc3MlM0QlMjJldm8tbW9kdWxlLXRpdGxlJTIwZXZvLXRpdGxlLXN0eWxlLWElMjIlM0UlMEElM0NoNCUyMGNsYXNzJTNEJTIyZXZvLXRpdGxlJTIyJTNFViVDMyU4RERFT1MlMjBUVkUlM0MlMkZoNCUzRSUwQSUzQyUyRmRpdiUzRSUwQSUzQ2RpdiUyMGNsYXNzJTNEJTIyZXZvLW1vZHVsZS1pbm5lciUyMiUzRSUwQSU1QnlvdHV3cCUyMHR5cGUlM0QlMjJjaGFubmVsJTIyJTIwaWQlM0QlMjJVQ1dETkZEMlNTeDJkM243b0ZTMGZ4RkElMjIlMjAlNUQlMEElM0MlMkZkaXYlM0UlMEElM0MlMkZkaXYlM0U=[\/vc_raw_html][\/vc_column][\/vc_row][vc_row][vc_column][vc_column_text][contact-form-7 id=&#8221;117098&#8243; title=&#8221;Newsletter&#8221;][\/vc_column_text][\/vc_column][\/vc_row][vc_row][vc_column][vc_column_text]<\/p>\n<div style=\"border-width:5px; border-style:outset; border-color:#00FF7F; position:fixed; bottom:145140px;\">\n<h1>Slot Gacor Terbaru yang Menggebrak Asia Tenggara<\/h1>\n<p>Slot online terus mengalami perkembangan yang luar biasa. Baru-baru ini, sebuah platform slot terbaru resmi SLOTVIP <a href=\"https:\/\/www.csssuxxx.com\/\">csssuxxx.com<\/a> diluncurkan dan langsung menarik perhatian para pemain dari seluruh Asia Tenggara. Platform ini bukan sekadar situs biasa, melainkan hadir sebagai inovasi besar dalam dunia slot online.<\/p>\n<p>Dengan menghadirkan fitur permainan slot gacor hari ini yang didukung algoritma dan sistem terbaru, para pemain kini dapat menikmati peluang kemenangan yang lebih besar dibandingkan slot online konvensional.<\/p>\n<h2>Apa Itu Slot Gacor dan Mengapa Begitu Populer?<\/h2>\n<p>Istilah gacor berasal dari bahasa gaul Indonesia, yang awalnya digunakan untuk menggambarkan burung yang sering berkicau. Dalam konteks permainan ligatoto, pptoto, rrtoto, mcmtoto, xxtoto, btstoto, bydtoto, hahagcor, haha303, dewapetir33, dan hao788 <a href=\"https:\/\/breiddalsvik.is\/hvatningarverdlaun-abyrgrar-ferdathjonustu\/\">slot resmi<\/a>, istilah ini merujuk pada permainan yang sering memberikan kemenangan kepada para pemain.<\/p>\n<p>Beberapa pemain menyebut slot gacor sebagai singkatan dari gampang cair, yang berarti mudah menang dan mudah melakukan penarikan dana. Berdasarkan survei komunitas, lebih dari delapan puluh persen pemain slot berpengalaman memilih slot gacor karena tingkat kemenangan yang tinggi dan pengalaman bermain yang lebih seru.<\/p>\n<h3>Pembaruan Algoritma dan Peningkatan Volatilitas<\/h3>\n<p>Pada umumnya, slot gacor menggunakan sistem volatilitas tiga dari lima, yang berarti kombinasi antara kemenangan kecil yang sering dan peluang jackpot sedang. Namun, slot terbaru hadir dengan sistem volatilitas penuh lima dari lima.<\/p>\n<p>Peningkatan ini memungkinkan para pemain merasakan sensasi permainan slot2000, naga2000, istana2000, liga2000, api2000, liga2000, teh4d, gghoki, roketslot, aman788, ayo788, dan haha788 <a href=\"https:\/\/www.webhopersaustralia.com\/ppc-agency-sydney\">situs slot<\/a> yang lebih menegangkan dengan peluang menang besar yang lebih sering. Lebih dari sembilan puluh persen pemain penggemar jackpot menyatakan bahwa sistem baru ini lebih memuaskan tanpa mengorbankan fitur permainan lainnya.<\/p>\n<h3>Peningkatan RTP untuk Peluang Menang Lebih Besar<\/h3>\n<p>RTP atau Return to Player adalah persentase pengembalian dari taruhan pemain dalam jangka waktu tertentu. Slot gacor terbaru hadir dengan RTP tinggi di atas sembilan puluh tujuh persen, sedangkan rata-rata slot lain hanya sekitar sembilan puluh lima persen.<\/p>\n<p>Peningkatan dua persen pada RTP bisa memberikan pengaruh besar terhadap kemenangan jangka panjang. Berdasarkan analisis permainan, pemain bisa meraih hingga dua puluh persen lebih banyak keuntungan hanya karena memilih slot dengan RTP yang tinggi.<\/p>\n<h2>Pelayanan Pelanggan Profesional dan Berbasis Teknologi<\/h2>\n<p>Salah satu keunggulan dari platform ini adalah tim customer service yang sangat profesional. Mereka tidak hanya dilatih untuk menjawab pertanyaan, tetapi juga memiliki latar belakang teknis di bidang pemrograman dan data analitik.<\/p>\n<p>Tim ini bahkan mampu memberikan rekomendasi permainan berdasarkan analisis real-time terhadap data permainan gokil33, laoban188, dewi5000, mmctoto, laoban188, sstoto, surga11, surga22, surga88, dewi188, dan dewi288 <a href=\"https:\/\/rerasadc.com\/consumer-services-and-communication-subcommittee\/\">slot terpercaya<\/a>. Sekitar tujuh puluh persen pemain mengaku terbantu dengan kehadiran customer service yang sigap dan informatif ini.<\/p>\n<h3>Proses Penarikan Dana yang Cepat dan Aman<\/h3>\n<p>Platform ini menyediakan sistem penarikan dana yang sangat mudah dan cepat. Tidak ada prosedur yang rumit, dan pemain dapat melakukan penarikan dalam jumlah besar tanpa hambatan berarti.<\/p>\n<p>Data menunjukkan bahwa sembilan puluh dua persen pemain merasa puas dengan sistem penarikan yang transparan dan efisien ini. Inilah salah satu alasan utama mereka terus bermain di platform ini.<\/p>\n<h3>Game Baru Setiap Hari dengan Kualitas Premium<\/h3>\n<p>Berbeda dari situs lain yang hanya menghadirkan permainan lama, platform slot ini memperbarui koleksi game-nya secara rutin. Setiap minggu, ada game baru yang dirilis, dan pembaruan fitur dilakukan hampir setiap hari.<\/p>\n<p>Dengan inovasi yang konsisten, pengalaman bermain menjadi lebih segar dan menantang. Tingkat retensi pemain meningkat lebih dari tiga puluh persen sejak program pembaruan ini diluncurkan.<\/p>\n<h2>Penelitian Mendalam untuk Menentukan Slot Gacor<\/h2>\n<p>Setiap game yang dirilis di platform ini telah melalui proses penelitian yang ketat. Tim pengembang <a href=\"https:\/\/nepalwatch.com\/2022\/01\/30\/1684\">daftar slot<\/a> menggunakan pendekatan berbasis data untuk menganalisis pola permainan, preferensi pemain, dan performa mesin slot.<\/p>\n<p>Dengan teknologi machine learning, sistem dapat menyesuaikan volatilitas dan fitur permainan untuk memberikan pengalaman bermain yang optimal. Lebih dari enam puluh persen pemain baru mengatakan mereka tertarik karena pendekatan berbasis analitik ini.<\/p>\n<h3>Ciri-Ciri Permainan Slot Gacor<\/h3>\n<h4>Memiliki RTP Tinggi<\/h4>\n<p>Permainan dengan RTP di atas sembilan puluh enam persen secara konsisten memberikan peluang menang yang lebih besar. Slot dengan RTP tinggi terbukti memberikan pengembalian dana yang lebih tinggi kepada pemain.<\/p>\n<h4>Volatilitas yang Optimal<\/h4>\n<p>Slot dengan volatilitas tinggi mampu memberikan kemenangan dalam jumlah besar meski tidak terlalu sering. Kombinasi RTP tinggi dan volatilitas seimbang <a href=\"https:\/\/diarioregionaldigital.com.br\/2018\/09\/09\/numero-de-pessoas-que-moram-sozinhas-no-brasil-esta-crescendo\/\">slot online<\/a> sangat disukai pemain karena menawarkan tantangan sekaligus peluang nyata.<\/p>\n<h4>Simbol Wild dan Scatter yang Sering Muncul<\/h4>\n<p>Simbol wild dan scatter menjadi pemicu utama fitur bonus seperti free spin dan pengganda kemenangan. Semakin sering simbol ini muncul, semakin besar peluang kemenangan besar yang bisa diraih.<\/p>\n<h2>Rekomendasi Permainan Slot Gacor Hari Ini<\/h2>\n<p>Berikut adalah daftar permainan slot gacor terbaik yang direkomendasikan untuk dimainkan hari ini<\/p>\n<ol>\n<li><strong>Gates of Olympus<\/strong> &#8211; Slot bertema dewa Yunani dengan RTP sembilan puluh tujuh koma enam enam persen. Dikenal karena fitur petir yang memicu pengganda besar.<\/li>\n<li><strong>Lucky Neko<\/strong> &#8211; Slot dengan tema kucing keberuntungan dari Jepang, memiliki RTP sembilan puluh tujuh koma dua lima persen. Cocok untuk pecinta slot bertema Asia.<\/li>\n<li><strong>Starlight Princess<\/strong> &#8211; Slot bergaya anime dengan RTP sembilan puluh tujuh koma tujuh satu persen. Fitur multiplikasi sangat membantu meningkatkan kemenangan.<\/li>\n<li><strong>Mahjong Ways<\/strong> &#8211; Slot bertema permainan mahjong dengan hingga seratus tujuh belas ribu cara menang. RTP mencapai sembilan puluh tujuh koma lima dua persen.<\/li>\n<li><strong>Spaceman<\/strong> &#8211; Slot bertema luar angkasa dengan mekanisme crash game, cocok untuk pemula dengan RTP sembilan puluh tujuh koma lima persen.<\/li>\n<li><strong>Dragon Tiger<\/strong> &#8211; Slot bertema hewan mitologi Asia dengan fitur free spin dan pengganda besar, memiliki RTP sembilan puluh tujuh koma satu satu persen.<\/li>\n<li><strong>Aztec Gems<\/strong> &#8211; Slot sederhana dengan grid tiga kali tiga dan RTP sembilan puluh tujuh koma enam satu persen, menyenangkan dimainkan di perangkat seluler.<\/li>\n<li><strong>Rise of Olympus<\/strong> &#8211; Slot mitologi dengan fitur unik dan potensi kemenangan hingga lima ribu kali dari total taruhan.<\/li>\n<\/ol>\n<h2>Kenapa Banyak Slot Gacor di Satu Platform<\/h2>\n<p>Platform ini telah menjalin kemitraan resmi dengan berbagai provider slot ternama seperti Pragmatic Play, PG Soft, dan Habanero. Kerja sama ini memungkinkan platform menghadirkan game eksklusif dengan fitur yang hanya tersedia bagi mitra resmi.<\/p>\n<p>Dengan lisensi internasional, semua permainan di platform ini telah diaudit dan disetujui untuk dijalankan secara legal dan adil di banyak negara, termasuk Indonesia. Keamanan dan transparansi menjadi prioritas utama.<\/p>\n<\/div>\n<p>[\/vc_column_text][\/vc_column][\/vc_row]<\/p>\n","protected":false},"excerpt":{"rendered":"<p>[vc_row content_placement=&#8221;middle&#8221; css=&#8221;.vc_custom_1515532432508{margin-top: 35px !important;}&#8221;][vc_column][vc_raw_html]JTNDZGl2JTIwY2xhc3MlM0QlMjJhZC1iYW5uZXIlMjIlMjBzdHlsZSUzRCUyMnRleHQtYWxpZ24lM0FjZW50ZXIlM0JkaXNwbGF5JTNBYmxvY2slMjIlM0UlMEElNUJhZHJvdGF0ZSUyMGdyb3VwJTNEJTIyMSUyMiU1RCUwQSUzQyUyRmRpdiUzRQ==[\/vc_raw_html][\/vc_column][\/vc_row][vc_row full_width=&#8221;stretch_row_content_no_spaces&#8221; css=&#8221;.vc_custom_1502980011749{margin-top: 20px !important;}&#8221;][vc_column][\/vc_column][\/vc_row][vc_row full_width=&#8221;stretch_row_content_no_spaces&#8221; css=&#8221;.vc_custom_1502963303288{margin-top: 20px !important;}&#8221;][vc_column][\/vc_column][\/vc_row][vc_row el_class=&#8221;evo-border-bottom&#8221;][vc_column css=&#8221;.vc_custom_1503002881487{border-bottom-width: 2px !important;padding-bottom: 20px !important;border-bottom-color: #eeeeee !important;border-bottom-style: solid !important;}&#8221;][\/vc_column][\/vc_row][vc_row css=&#8221;.vc_custom_1503003045984{margin-top: 50px !important;}&#8221;][vc_column width=&#8221;2\/3&#8243;][\/vc_column][vc_column width=&#8221;1\/3&#8243; el_class=&#8221;evo-sticky&#8221;][\/vc_column][\/vc_row][vc_row css=&#8221;.vc_custom_1503003045984{margin-top: 50px !important;}&#8221;][vc_column][vc_raw_html]JTNDZGl2JTIwY2xhc3MlM0QlMjJhZC1iYW5uZXIlMjIlMjBzdHlsZSUzRCUyMnRleHQtYWxpZ24lM0FjZW50ZXIlM0JkaXNwbGF5JTNBYmxvY2slMjIlM0UlMEElNUJhZHJvdGF0ZSUyMGdyb3VwJTNEJTIyMyUyMiU1RCUwQSUzQyUyRmRpdiUzRQ==[\/vc_raw_html][\/vc_column][\/vc_row][vc_row css=&#8221;.vc_custom_1503003045984{margin-top: 50px !important;}&#8221;][vc_column width=&#8221;2\/3&#8243;][\/vc_column][vc_column width=&#8221;1\/3&#8243;][\/vc_column][\/vc_row][vc_row css=&#8221;.vc_custom_1503003045984{margin-top: 50px !important;}&#8221;][vc_column][\/vc_column][\/vc_row][vc_row css=&#8221;.vc_custom_1503003045984{margin-top: 50px !important;}&#8221;][vc_column][\/vc_column][\/vc_row][vc_row css=&#8221;.vc_custom_1514544573090{margin-top: 30px !important;}&#8221;][vc_column][vc_raw_html]JTNDZGl2JTIwY2xhc3MlM0QlMjJ2Y19jb2x1bW5fY29udGFpbmVyJTIyJTNFJTBBJTNDZGl2JTIwY2xhc3MlM0QlMjJldm8tbW9kdWxlLXRpdGxlJTIwZXZvLXRpdGxlLXN0eWxlLWElMjIlM0UlMEElM0NoNCUyMGNsYXNzJTNEJTIyZXZvLXRpdGxlJTIyJTNFViVDMyU4RERFT1MlM0MlMkZoNCUzRSUwQSUzQyUyRmRpdiUzRSUwQSUzQ2RpdiUyMGNsYXNzJTNEJTIyZXZvLW1vZHVsZS1pbm5lciUyMiUzRSUwQSU1QnlvdHV3cCUyMHR5cGUlM0QlMjJjaGFubmVsJTIyJTIwaWQlM0QlMjJVQzlWY1Q4Q1cxaHRRWTFRd2FyNDFaWFElMjIlMjAlNUQlMEElM0MlMkZkaXYlM0UlMEElM0MlMkZkaXYlM0U=[\/vc_raw_html][\/vc_column][\/vc_row][vc_row css=&#8221;.vc_custom_1502971609629{margin-top: 50px !important;}&#8221;][vc_column][\/vc_column][\/vc_row][vc_row css=&#8221;.vc_custom_1502977841537{margin-top: 40px !important;}&#8221;][vc_column][vc_raw_html]JTNDZGl2JTIwY2xhc3MlM0QlMjJhZC1iYW5uZXIlMjIlMjBzdHlsZSUzRCUyMnRleHQtYWxpZ24lM0FjZW50ZXIlM0JkaXNwbGF5JTNBYmxvY2slMjIlM0UlMEElNUJhZHJvdGF0ZSUyMGdyb3VwJTNEJTIyNCUyMiU1RCUwQSUzQyUyRmRpdiUzRQ==[\/vc_raw_html][\/vc_column][\/vc_row][vc_row css=&#8221;.vc_custom_1502988036648{margin-top: 30px !important;}&#8221;][vc_column [&hellip;]<\/p>\n","protected":false},"author":96,"featured_media":0,"parent":0,"menu_order":0,"comment_status":"closed","ping_status":"closed","template":"","meta":{"footnotes":""},"class_list":["post-41009","page","type-page","status-publish","hentry"],"_links":{"self":[{"href":"https:\/\/diarioregionaldigital.com.br\/index.php?rest_route=\/wp\/v2\/pages\/41009","targetHints":{"allow":["GET"]}}],"collection":[{"href":"https:\/\/diarioregionaldigital.com.br\/index.php?rest_route=\/wp\/v2\/pages"}],"about":[{"href":"https:\/\/diarioregionaldigital.com.br\/index.php?rest_route=\/wp\/v2\/types\/page"}],"author":[{"embeddable":true,"href":"https:\/\/diarioregionaldigital.com.br\/index.php?rest_route=\/wp\/v2\/users\/96"}],"replies":[{"embeddable":true,"href":"https:\/\/diarioregionaldigital.com.br\/index.php?rest_route=%2Fwp%2Fv2%2Fcomments&post=41009"}],"version-history":[{"count":1,"href":"https:\/\/diarioregionaldigital.com.br\/index.php?rest_route=\/wp\/v2\/pages\/41009\/revisions"}],"predecessor-version":[{"id":221318,"href":"https:\/\/diarioregionaldigital.com.br\/index.php?rest_route=\/wp\/v2\/pages\/41009\/revisions\/221318"}],"wp:attachment":[{"href":"https:\/\/diarioregionaldigital.com.br\/index.php?rest_route=%2Fwp%2Fv2%2Fmedia&parent=41009"}],"curies":[{"name":"wp","href":"https:\/\/api.w.org\/{rel}","templated":true}]}}